{"id":3245,"date":"2021-08-18T15:03:05","date_gmt":"2021-08-18T19:03:05","guid":{"rendered":"http:\/\/www.uqac.ca\/calendrier\/?post_type=tribe_events&#038;p=3245"},"modified":"2021-08-18T15:03:05","modified_gmt":"2021-08-18T19:03:05","slug":"webinaire-ma-sante-et-ma-couverture-dassurance-maladie-et-hospitalisation-au-quebec","status":"publish","type":"tribe_events","link":"https:\/\/www.uqac.ca\/calendrier\/evenement\/webinaire-ma-sante-et-ma-couverture-dassurance-maladie-et-hospitalisation-au-quebec\/","title":{"rendered":"Webinaire | Ma sant\u00e9 et ma couverture d\u2019assurance maladie et hospitalisation au Qu\u00e9bec"},"content":{"rendered":"<p>Cette rencontre d\u2019information s\u2019adresse aux nouveaux \u00e9tudiants internationaux. On y dressera un portrait des couvertures d\u2019assurance maladie et hospitalisation dont les \u00e9tudiants internationaux doivent se pr\u00e9munir ainsi que des d\u00e9marches \u00e0 r\u00e9aliser \u00e0 l\u2019arriv\u00e9e au Qu\u00e9bec. Nous vous pr\u00e9senterons \u00e9galement les r\u00e9f\u00e9rences vers les services de sant\u00e9 et services sociaux.<\/p>\n<p>Lien Zoom :\u00a0<a href=\"https:\/\/uqac.zoom.us\/my\/saei1\">https:\/\/uqac.zoom.us\/my\/saei1<\/a><\/p>\n","protected":false},"excerpt":{"rendered":"<p>Cette rencontre d\u2019information s\u2019adresse aux nouveaux \u00e9tudiants internationaux. On y dressera un portrait des couvertures d\u2019assurance maladie et hospitalisation dont les \u00e9tudiants internationaux doivent se pr\u00e9munir ainsi que des d\u00e9marches [&hellip;]<\/p>\n","protected":false},"author":13,"featured_media":0,"template":"","meta":{"_acf_changed":false,"_tribe_events_status":"","_tribe_events_status_reason":"","_tribe_events_is_hybrid":"","_tribe_events_is_virtual":"","_tribe_events_virtual_video_source":"","_tribe_events_virtual_embed_video":"","_tribe_events_virtual_linked_button_text":"","_tribe_events_virtual_linked_button":"","_tribe_events_virtual_show_embed_at":"","_tribe_events_virtual_show_embed_to":[],"_tribe_events_virtual_show_on_event":"","_tribe_events_virtual_show_on_views":"","_tribe_events_virtual_url":"","footnotes":""},"tags":[],"tribe_events_cat":[],"class_list":["post-3245","tribe_events","type-tribe_events","status-publish","hentry"],"acf":[],"_links":{"self":[{"href":"https:\/\/www.uqac.ca\/calendrier\/wp-json\/wp\/v2\/tribe_events\/3245","targetHints":{"allow":["GET"]}}],"collection":[{"href":"https:\/\/www.uqac.ca\/calendrier\/wp-json\/wp\/v2\/tribe_events"}],"about":[{"href":"https:\/\/www.uqac.ca\/calendrier\/wp-json\/wp\/v2\/types\/tribe_events"}],"author":[{"embeddable":true,"href":"https:\/\/www.uqac.ca\/calendrier\/wp-json\/wp\/v2\/users\/13"}],"version-history":[{"count":1,"href":"https:\/\/www.uqac.ca\/calendrier\/wp-json\/wp\/v2\/tribe_events\/3245\/revisions"}],"predecessor-version":[{"id":3246,"href":"https:\/\/www.uqac.ca\/calendrier\/wp-json\/wp\/v2\/tribe_events\/3245\/revisions\/3246"}],"wp:attachment":[{"href":"https:\/\/www.uqac.ca\/calendrier\/wp-json\/wp\/v2\/media?parent=3245"}],"wp:term":[{"taxonomy":"post_tag","embeddable":true,"href":"https:\/\/www.uqac.ca\/calendrier\/wp-json\/wp\/v2\/tags?post=3245"},{"taxonomy":"tribe_events_cat","embeddable":true,"href":"https:\/\/www.uqac.ca\/calendrier\/wp-json\/wp\/v2\/tribe_events_cat?post=3245"}],"curies":[{"name":"wp","href":"https:\/\/api.w.org\/{rel}","templated":true}]}}