{"id":3251,"date":"2021-08-18T15:09:33","date_gmt":"2021-08-18T19:09:33","guid":{"rendered":"http:\/\/www.uqac.ca\/calendrier\/?post_type=tribe_events&#038;p=3251"},"modified":"2021-08-18T15:09:33","modified_gmt":"2021-08-18T19:09:33","slug":"webinaire-mon-numero-dassurance-sociale","status":"publish","type":"tribe_events","link":"https:\/\/www.uqac.ca\/calendrier\/evenement\/webinaire-mon-numero-dassurance-sociale\/","title":{"rendered":"Webinaire &#8211; Mon num\u00e9ro d&rsquo;assurance sociale"},"content":{"rendered":"<p>Pour travailler au Canada, les \u00e9tudiants internationaux doivent obtenir un num\u00e9ro d\u2019assurance sociale (NAS). Service Canada offre aux \u00e9tudiants internationaux la possibilit\u00e9 d\u2019obtenir leur Num\u00e9ro d\u2019assurance sociale (NAS) en quelques clics. Ce webinaire, anim\u00e9 par une agente de Service Canada, vous guidera d\u2019une demande de num\u00e9ro d\u2019assurance sociale (NAS).<\/p>\n<p>Lien Zoom :\u00a0https:\/\/uqac.zoom.us\/my\/saei1<\/p>\n","protected":false},"excerpt":{"rendered":"<p>Pour travailler au Canada, les \u00e9tudiants internationaux doivent obtenir un num\u00e9ro d\u2019assurance sociale (NAS). Service Canada offre aux \u00e9tudiants internationaux la possibilit\u00e9 d\u2019obtenir leur Num\u00e9ro d\u2019assurance sociale (NAS) en quelques [&hellip;]<\/p>\n","protected":false},"author":13,"featured_media":0,"template":"","meta":{"_acf_changed":false,"_tribe_events_status":"","_tribe_events_status_reason":"","_tribe_events_is_hybrid":"","_tribe_events_is_virtual":"","_tribe_events_virtual_video_source":"","_tribe_events_virtual_embed_video":"","_tribe_events_virtual_linked_button_text":"","_tribe_events_virtual_linked_button":"","_tribe_events_virtual_show_embed_at":"","_tribe_events_virtual_show_embed_to":[],"_tribe_events_virtual_show_on_event":"","_tribe_events_virtual_show_on_views":"","_tribe_events_virtual_url":"","footnotes":""},"tags":[],"tribe_events_cat":[],"class_list":["post-3251","tribe_events","type-tribe_events","status-publish","hentry"],"acf":[],"_links":{"self":[{"href":"https:\/\/www.uqac.ca\/calendrier\/wp-json\/wp\/v2\/tribe_events\/3251","targetHints":{"allow":["GET"]}}],"collection":[{"href":"https:\/\/www.uqac.ca\/calendrier\/wp-json\/wp\/v2\/tribe_events"}],"about":[{"href":"https:\/\/www.uqac.ca\/calendrier\/wp-json\/wp\/v2\/types\/tribe_events"}],"author":[{"embeddable":true,"href":"https:\/\/www.uqac.ca\/calendrier\/wp-json\/wp\/v2\/users\/13"}],"version-history":[{"count":1,"href":"https:\/\/www.uqac.ca\/calendrier\/wp-json\/wp\/v2\/tribe_events\/3251\/revisions"}],"predecessor-version":[{"id":3252,"href":"https:\/\/www.uqac.ca\/calendrier\/wp-json\/wp\/v2\/tribe_events\/3251\/revisions\/3252"}],"wp:attachment":[{"href":"https:\/\/www.uqac.ca\/calendrier\/wp-json\/wp\/v2\/media?parent=3251"}],"wp:term":[{"taxonomy":"post_tag","embeddable":true,"href":"https:\/\/www.uqac.ca\/calendrier\/wp-json\/wp\/v2\/tags?post=3251"},{"taxonomy":"tribe_events_cat","embeddable":true,"href":"https:\/\/www.uqac.ca\/calendrier\/wp-json\/wp\/v2\/tribe_events_cat?post=3251"}],"curies":[{"name":"wp","href":"https:\/\/api.w.org\/{rel}","templated":true}]}}