{"id":482,"date":"2018-11-26T09:43:01","date_gmt":"2018-11-26T14:43:01","guid":{"rendered":"http:\/\/www.uqac.ca\/calendrier\/?post_type=tribe_events&#038;p=482"},"modified":"2018-11-26T09:43:52","modified_gmt":"2018-11-26T14:43:52","slug":"projection-du-film-apres-lucia-despues-de-lucia","status":"publish","type":"tribe_events","link":"https:\/\/www.uqac.ca\/calendrier\/evenement\/projection-du-film-apres-lucia-despues-de-lucia\/","title":{"rendered":"Projection du film Apr\u00e8s Lucia (Despu\u00e9s de Luc\u00eda)"},"content":{"rendered":"<p>Le film explore le th\u00e8me du <em>bullying<\/em> et de la violence sexuelle, dans une optique latine-am\u00e9ricaine.<\/p>\n<p style=\"padding-left: 30px;\">Apr\u00e8s la mort de Luc\u00eda survenue six mois auparavant dans un accident de voiture, Roberto et sa fille Alejandra quittent leur ancien domicile de Puerto Vallarta pour emm\u00e9nager \u00e0 Mexico. Au cours de son int\u00e9gration dans son nouveau lyc\u00e9e, Alejandra se rend \u00e0 une soir\u00e9e avec ses nouveaux camarades, au cours de laquelle elle a une relation sexuelle avec Jos\u00e9, qui la filme avec son portable. Le lendemain, la vid\u00e9o circule dans l&rsquo;\u00e9cole, et Alejandra commence \u00e0 \u00eatre victime de harc\u00e8lement scolaire de la part de ses camarades.<\/p>\n","protected":false},"excerpt":{"rendered":"<p>Le film explore le th\u00e8me du bullying et de la violence sexuelle, dans une optique latine-am\u00e9ricaine. Apr\u00e8s la mort de Luc\u00eda survenue six mois auparavant dans un accident de voiture, [&hellip;]<\/p>\n","protected":false},"author":7,"featured_media":0,"template":"","meta":{"_acf_changed":false,"_tribe_events_status":"","_tribe_events_status_reason":"","_tribe_events_is_hybrid":"","_tribe_events_is_virtual":"","_tribe_events_virtual_video_source":"","_tribe_events_virtual_embed_video":"","_tribe_events_virtual_linked_button_text":"","_tribe_events_virtual_linked_button":"","_tribe_events_virtual_show_embed_at":"","_tribe_events_virtual_show_embed_to":[],"_tribe_events_virtual_show_on_event":"","_tribe_events_virtual_show_on_views":"","_tribe_events_virtual_url":"","footnotes":""},"tags":[],"tribe_events_cat":[23],"class_list":["post-482","tribe_events","type-tribe_events","status-publish","hentry","tribe_events_cat-conferences-et-presentations","cat_conferences-et-presentations"],"acf":[],"_links":{"self":[{"href":"https:\/\/www.uqac.ca\/calendrier\/wp-json\/wp\/v2\/tribe_events\/482","targetHints":{"allow":["GET"]}}],"collection":[{"href":"https:\/\/www.uqac.ca\/calendrier\/wp-json\/wp\/v2\/tribe_events"}],"about":[{"href":"https:\/\/www.uqac.ca\/calendrier\/wp-json\/wp\/v2\/types\/tribe_events"}],"author":[{"embeddable":true,"href":"https:\/\/www.uqac.ca\/calendrier\/wp-json\/wp\/v2\/users\/7"}],"version-history":[{"count":1,"href":"https:\/\/www.uqac.ca\/calendrier\/wp-json\/wp\/v2\/tribe_events\/482\/revisions"}],"predecessor-version":[{"id":483,"href":"https:\/\/www.uqac.ca\/calendrier\/wp-json\/wp\/v2\/tribe_events\/482\/revisions\/483"}],"wp:attachment":[{"href":"https:\/\/www.uqac.ca\/calendrier\/wp-json\/wp\/v2\/media?parent=482"}],"wp:term":[{"taxonomy":"post_tag","embeddable":true,"href":"https:\/\/www.uqac.ca\/calendrier\/wp-json\/wp\/v2\/tags?post=482"},{"taxonomy":"tribe_events_cat","embeddable":true,"href":"https:\/\/www.uqac.ca\/calendrier\/wp-json\/wp\/v2\/tribe_events_cat?post=482"}],"curies":[{"name":"wp","href":"https:\/\/api.w.org\/{rel}","templated":true}]}}