{"id":5594,"date":"2023-10-11T11:04:24","date_gmt":"2023-10-11T15:04:24","guid":{"rendered":"http:\/\/www.uqac.ca\/calendrier\/?post_type=tribe_events&#038;p=5594"},"modified":"2023-10-11T11:59:23","modified_gmt":"2023-10-11T15:59:23","slug":"sommet-sur-les-feux-de-foret-de-luqac","status":"publish","type":"tribe_events","link":"https:\/\/www.uqac.ca\/calendrier\/evenement\/sommet-sur-les-feux-de-foret-de-luqac\/","title":{"rendered":"Sommet sur les feux de for\u00eat de l\u2019UQAC"},"content":{"rendered":"<p>Les feux de for\u00eat qui ont s\u00e9vi au Qu\u00e9bec en 2023 sont d\u2019une ampleur in\u00e9gal\u00e9e depuis au moins 100 ans. Ces \u00e9v\u00e9nements ont soulev\u00e9 des questions importantes de la part du public, des praticiens et de la classe politique sur l\u2019avenir des for\u00eats. Cette p\u00e9riode difficile interpelle les scientifiques et les gestionnaires sur les cons\u00e9quences, la r\u00e9silience et l\u2019am\u00e9nagement durable de la for\u00eat bor\u00e9ale dans le contexte des changements climatiques.<\/p>\n<p>C\u2019est pourquoi\u00a0<a href=\"https:\/\/creb-uqac.ca\/recherches\/observatoire-regional-de-recherche-sur-la-foret-boreale-2\/\">l\u2019Observatoire r\u00e9gional de recherche sur la for\u00eat bor\u00e9ale de l\u2019UQAC<\/a>, qui a pour mission de favoriser un am\u00e9nagement durable des for\u00eats, organise une rencontre \u00e0 caract\u00e8re scientifique\u00a0<strong>mardi le 7 novembre 2023<\/strong>. Des chercheurs sur la dynamique des feux, l\u2019am\u00e9nagement durable des for\u00eats et les changements climatiques seront regroup\u00e9s, afin de tracer un bilan des feux de 2023, de discuter de leurs cons\u00e9quences et de d\u00e9gager des orientations de recherche et de gestion entourant cette probl\u00e9matique.<\/p>\n<h3><a href=\"https:\/\/www.uqac.ca\/orrfb\/sommet-sur-les-feux-de-foret\/\" target=\"_blank\" rel=\"noopener\">Lien d\u2019inscription<\/a><\/h3>\n<h3><a href=\"https:\/\/creb-uqac.ca\/wp-content\/uploads\/2023\/10\/SommetSurLesFeuxA23_vF.pdf\"><strong>T\u00e9l\u00e9charger le programme<\/strong><\/a><\/h3>\n","protected":false},"excerpt":{"rendered":"<p>Les feux de for\u00eat qui ont s\u00e9vi au Qu\u00e9bec en 2023 sont d\u2019une ampleur in\u00e9gal\u00e9e depuis au moins 100 ans. Ces \u00e9v\u00e9nements ont soulev\u00e9 des questions importantes de la part [&hellip;]<\/p>\n","protected":false},"author":13,"featured_media":5595,"template":"","meta":{"_acf_changed":false,"_tribe_events_status":"","_tribe_events_status_reason":"","_tribe_events_is_hybrid":"","_tribe_events_is_virtual":"","_tribe_events_virtual_video_source":"","_tribe_events_virtual_embed_video":"","_tribe_events_virtual_linked_button_text":"","_tribe_events_virtual_linked_button":"","_tribe_events_virtual_show_embed_at":"","_tribe_events_virtual_show_embed_to":[],"_tribe_events_virtual_show_on_event":"","_tribe_events_virtual_show_on_views":"","_tribe_events_virtual_url":"","footnotes":""},"tags":[141,142],"tribe_events_cat":[11],"class_list":["post-5594","tribe_events","type-tribe_events","status-publish","has-post-thumbnail","hentry","tag-creb","tag-obrfb","tribe_events_cat-colloques-et-congres","cat_colloques-et-congres"],"acf":[],"_links":{"self":[{"href":"https:\/\/www.uqac.ca\/calendrier\/wp-json\/wp\/v2\/tribe_events\/5594","targetHints":{"allow":["GET"]}}],"collection":[{"href":"https:\/\/www.uqac.ca\/calendrier\/wp-json\/wp\/v2\/tribe_events"}],"about":[{"href":"https:\/\/www.uqac.ca\/calendrier\/wp-json\/wp\/v2\/types\/tribe_events"}],"author":[{"embeddable":true,"href":"https:\/\/www.uqac.ca\/calendrier\/wp-json\/wp\/v2\/users\/13"}],"version-history":[{"count":1,"href":"https:\/\/www.uqac.ca\/calendrier\/wp-json\/wp\/v2\/tribe_events\/5594\/revisions"}],"predecessor-version":[{"id":5596,"href":"https:\/\/www.uqac.ca\/calendrier\/wp-json\/wp\/v2\/tribe_events\/5594\/revisions\/5596"}],"wp:featuredmedia":[{"embeddable":true,"href":"https:\/\/www.uqac.ca\/calendrier\/wp-json\/wp\/v2\/media\/5595"}],"wp:attachment":[{"href":"https:\/\/www.uqac.ca\/calendrier\/wp-json\/wp\/v2\/media?parent=5594"}],"wp:term":[{"taxonomy":"post_tag","embeddable":true,"href":"https:\/\/www.uqac.ca\/calendrier\/wp-json\/wp\/v2\/tags?post=5594"},{"taxonomy":"tribe_events_cat","embeddable":true,"href":"https:\/\/www.uqac.ca\/calendrier\/wp-json\/wp\/v2\/tribe_events_cat?post=5594"}],"curies":[{"name":"wp","href":"https:\/\/api.w.org\/{rel}","templated":true}]}}