{"id":6838,"date":"2025-01-24T09:58:25","date_gmt":"2025-01-24T14:58:25","guid":{"rendered":"https:\/\/www.uqac.ca\/calendrier\/?post_type=tribe_events&#038;p=6838"},"modified":"2025-02-11T09:06:22","modified_gmt":"2025-02-11T14:06:22","slug":"webinaire-la-matrice-de-memoire-un-processus-de-transformation-pour-integrer-les-perspectives-culturelles-des-premieres-nations-et-inuit","status":"publish","type":"tribe_events","link":"https:\/\/www.uqac.ca\/calendrier\/evenement\/webinaire-la-matrice-de-memoire-un-processus-de-transformation-pour-integrer-les-perspectives-culturelles-des-premieres-nations-et-inuit\/","title":{"rendered":"Webinaire &#8211; La matrice de m\u00e9moire : un processus de transformation pour int\u00e9grer les perspectives culturelles des Premi\u00e8res Nations et Inuit"},"content":{"rendered":"<p><img loading=\"lazy\" decoding=\"async\" class=\"alignnone  wp-image-6839\" src=\"https:\/\/www.uqac.ca\/calendrier\/wp-content\/uploads\/2025\/01\/Webinaire_GRIIP.jpg\" alt=\"\" width=\"705\" height=\"398\" srcset=\"https:\/\/www.uqac.ca\/calendrier\/wp-content\/uploads\/2025\/01\/Webinaire_GRIIP.jpg 958w, https:\/\/www.uqac.ca\/calendrier\/wp-content\/uploads\/2025\/01\/Webinaire_GRIIP-300x169.jpg 300w, https:\/\/www.uqac.ca\/calendrier\/wp-content\/uploads\/2025\/01\/Webinaire_GRIIP-768x434.jpg 768w\" sizes=\"auto, (max-width: 705px) 100vw, 705px\" \/><\/p>\n<p><strong>Description\u00a0:<\/strong><\/p>\n<p>Ce webinaire vise \u00e0 pr\u00e9senter un cadre innovant pour l\u2019int\u00e9gration des savoirs autochtones dans l&rsquo;enseignement sup\u00e9rieur. L&rsquo;approche repose sur la valorisation des perspectives des Premi\u00e8res Nations et des Inuit (PNI), en particulier dans le contexte des formations initiales. Avec pr\u00e8s de 60 % des PNI vivant en milieu urbain, il est crucial d\u2019aborder les biais et pr\u00e9jug\u00e9s qui fa\u00e7onnent les perceptions et pratiques dans les milieux acad\u00e9miques.<\/p>\n<p>L\u2019utilisation de la matrice de m\u00e9moire, un outil p\u00e9dagogique structur\u00e9, permet d&rsquo;organiser les apprentissages et de favoriser une transformation profonde des pratiques enseignantes et des perceptions \u00e9tudiantes. Ce processus, ancr\u00e9 dans un cycle de d\u00e9construction des pr\u00e9jug\u00e9s et de reconstruction des savoirs, vise \u00e0 soutenir la r\u00e9conciliation avec les membres des PNI \u00e0 travers une approche transformatrice et culturellement s\u00e9curisante.<\/p>\n<p>Les conf\u00e9renci\u00e8res exploreront ainsi comment l\u2019int\u00e9gration des cultures et des perspectives des PNI peut enrichir les pratiques \u00e9ducatives, tout en favorisant un voyage culturel commun pour briser les r\u00e9sistances et promouvoir un apprentissage en profondeur. Ce processus est un chemin de transformation individuelle et collective, essentiel pour b\u00e2tir un avenir de respect mutuel et de reconnaissance des cultures autochtones.<\/p>\n<p><strong>\u00a0<\/strong><\/p>\n<p><strong>Conf\u00e9renci\u00e8res\u00a0:<\/strong><strong>\u00a0<\/strong><\/p>\n<p><strong>Marie-Pierre Baron,\u00a0Ph. D., <\/strong>est professeure en enseignement en adaptation scolaire et sociale et directrice de la Clinique universitaire en orthop\u00e9dagogie de l\u2019Universit\u00e9 du Qu\u00e9bec \u00e0 Chicoutimi (UQAC). Elle d\u00e9tient une expertise en intervention psychop\u00e9dagogique, en recherche aupr\u00e8s des jeunes et a de l\u2019exp\u00e9rience en recherche collaborative. Ses travaux, ancr\u00e9s dans la r\u00e9alit\u00e9 des milieux de pratique, s\u2019int\u00e9ressent \u00e0 l\u2019influence des diff\u00e9rents d\u00e9terminants sur le parcours scolaire et sur le soutien psychop\u00e9dagogique \u00e0 la r\u00e9ussite \u00e9ducative des \u00e9tudiants vivant avec des difficult\u00e9s d\u2019adaptation et d\u2019apprentissage, dont ceux de la communaut\u00e9 Innu de Mashteuiatsh.<strong>\u00a0<\/strong><\/p>\n<p><strong>\u00c9lisabeth Boily,\u00a0Ph. D., <\/strong>est professeure \u00e0 l\u2019unit\u00e9 d\u2019enseignement en adaptation scolaire et sociale \u00e0 l\u2019Universit\u00e9 du Qu\u00e9bec \u00e0 Chicoutimi (UQAC). D\u00e9tentrice d\u2019un doctorat en \u00e9ducation de l\u2019Universit\u00e9 du Qu\u00e9bec \u00e0 Montr\u00e9al, ses travaux de recherche portent sur le r\u00f4le des personnes enseignantes et des orthop\u00e9dagogues, ainsi que sur leur collaboration, en contexte d\u2019implantation du mod\u00e8le de r\u00e9ponse \u00e0 l\u2019intervention en lecture. \u00c9lisabeth a r\u00e9alis\u00e9 une ma\u00eetrise portant sur l\u2019enseignement de la lecture en Afrique subsaharienne. De plus, elle d\u00e9tient une forte exp\u00e9rience pratique, notamment en tant qu\u2019orthop\u00e9dagogue-conseil au Centre de services scolaire des Rives-du-Saguenay.<\/p>\n<p><strong>\u00a0<\/strong><\/p>\n<p><strong>Inscription<\/strong><\/p>\n<p>L&rsquo;activit\u00e9 est offerte gratuitement, mais l&rsquo;inscription est obligatoire\u00a0<strong>via ce\u00a0<\/strong><a href=\"https:\/\/can01.safelinks.protection.outlook.com\/?url=https%3A%2F%2Fuquebec.zoom.us%2Fwebinar%2Fregister%2FWN_Ua3awv9ZRQGMfotBgKYMDA%3F_x_zm_rtaid%3DeZj3FFMnSp6hTwdrCRJzng.1737056529985.3e76696abd309119d4f195ddf1aa3c92%26_x_zm_rhtaid%3D519%23%2Fregistration&amp;data=05%7C02%7Cvgobeil%40uqac.ca%7C9dbecccfadcb46fb138308dd3a309142%7Cc97978b1bd4c44b59bbb20215efdf611%7C0%7C0%7C638730702451571624%7CUnknown%7CTWFpbGZsb3d8eyJFbXB0eU1hcGkiOnRydWUsIlYiOiIwLjAuMDAwMCIsIlAiOiJXaW4zMiIsIkFOIjoiTWFpbCIsIldUIjoyfQ%3D%3D%7C0%7C%7C%7C&amp;sdata=yte935Atu4gxfslXhcSGLx4z1TA6sZ9U%2FlUrUzOu8T8%3D&amp;reserved=0\">formulaire<\/a><strong>.\u00a0<\/strong><\/p>\n","protected":false},"excerpt":{"rendered":"<p>Description\u00a0: Ce webinaire vise \u00e0 pr\u00e9senter un cadre innovant pour l\u2019int\u00e9gration des savoirs autochtones dans l&rsquo;enseignement sup\u00e9rieur. L&rsquo;approche repose sur la valorisation des perspectives des Premi\u00e8res Nations et des Inuit [&hellip;]<\/p>\n","protected":false},"author":22,"featured_media":0,"template":"","meta":{"_acf_changed":false,"_tribe_events_status":"","_tribe_events_status_reason":"","_tribe_events_is_hybrid":"","_tribe_events_is_virtual":"","_tribe_events_virtual_video_source":"","_tribe_events_virtual_embed_video":"","_tribe_events_virtual_linked_button_text":"","_tribe_events_virtual_linked_button":"","_tribe_events_virtual_show_embed_at":"","_tribe_events_virtual_show_embed_to":[],"_tribe_events_virtual_show_on_event":"","_tribe_events_virtual_show_on_views":"","_tribe_events_virtual_url":"","footnotes":""},"tags":[159],"tribe_events_cat":[],"class_list":["post-6838","tribe_events","type-tribe_events","status-publish","hentry","tag-tv"],"acf":[],"_links":{"self":[{"href":"https:\/\/www.uqac.ca\/calendrier\/wp-json\/wp\/v2\/tribe_events\/6838","targetHints":{"allow":["GET"]}}],"collection":[{"href":"https:\/\/www.uqac.ca\/calendrier\/wp-json\/wp\/v2\/tribe_events"}],"about":[{"href":"https:\/\/www.uqac.ca\/calendrier\/wp-json\/wp\/v2\/types\/tribe_events"}],"author":[{"embeddable":true,"href":"https:\/\/www.uqac.ca\/calendrier\/wp-json\/wp\/v2\/users\/22"}],"version-history":[{"count":1,"href":"https:\/\/www.uqac.ca\/calendrier\/wp-json\/wp\/v2\/tribe_events\/6838\/revisions"}],"predecessor-version":[{"id":6840,"href":"https:\/\/www.uqac.ca\/calendrier\/wp-json\/wp\/v2\/tribe_events\/6838\/revisions\/6840"}],"wp:attachment":[{"href":"https:\/\/www.uqac.ca\/calendrier\/wp-json\/wp\/v2\/media?parent=6838"}],"wp:term":[{"taxonomy":"post_tag","embeddable":true,"href":"https:\/\/www.uqac.ca\/calendrier\/wp-json\/wp\/v2\/tags?post=6838"},{"taxonomy":"tribe_events_cat","embeddable":true,"href":"https:\/\/www.uqac.ca\/calendrier\/wp-json\/wp\/v2\/tribe_events_cat?post=6838"}],"curies":[{"name":"wp","href":"https:\/\/api.w.org\/{rel}","templated":true}]}}