{"id":6857,"date":"2025-01-29T15:12:27","date_gmt":"2025-01-29T20:12:27","guid":{"rendered":"https:\/\/www.uqac.ca\/calendrier\/?post_type=tribe_events&#038;p=6857"},"modified":"2025-01-29T15:12:27","modified_gmt":"2025-01-29T20:12:27","slug":"exposition-daffiches-scientifiques","status":"publish","type":"tribe_events","link":"https:\/\/www.uqac.ca\/calendrier\/evenement\/exposition-daffiches-scientifiques\/","title":{"rendered":"Exposition d\u2019affiches scientifiques"},"content":{"rendered":"<h5>Exposition d\u2019affiches scientifiques<\/h5>\n<p><img loading=\"lazy\" decoding=\"async\" class=\"size-medium wp-image-1378 alignleft\" src=\"https:\/\/www.uqac.ca\/jrc\/wp-content\/uploads\/2024\/12\/ConcoursAffiche-300x300.jpg\" alt=\"\" width=\"300\" height=\"300\" \/>Pendant toute la dur\u00e9e des Rendez-vous de la recherche et de la cr\u00e9ation, les affiches scientifiques retenues lors de l\u2019appel de participation au concours seront expos\u00e9es. Passez les voir et contribuez \u00e0 d\u00e9terminer le gagnant ou la gagnante du\u00a0<em>Prix du public<\/em>\u00a0en votant pour votre coup de c\u0153ur!<\/p>\n<h6>En tout temps, du 3 au 7 f\u00e9vrier 2025<br \/>\nLieu : Passerelle reliant les pavillons principal et Alphonse-Desjardins<\/h6>\n<p>Le\u00a0<em>Prix du public<\/em>\u00a0sera remis dans le cadre de la finale du concours, propos\u00e9e en cl\u00f4ture des Rendez-vous de la recherche et de la cr\u00e9ation, le vendredi 7 f\u00e9vrier \u00e0 15h. Soyez-y pour encourager les finalistes!<\/p>\n<p><a class=\"btn btn-black btn-default btn-icon mdi mdi-web\" href=\"https:\/\/www.uqac.ca\/jrc\/finale-concours-affiches-scientifiques\/\" target=\"_blank\" rel=\"noopener\">Assister \u00e0 l\u2019\u00e9v\u00e9nement<\/a><\/p>\n<p>&nbsp;<\/p>\n","protected":false},"excerpt":{"rendered":"<p>Exposition d\u2019affiches scientifiques Pendant toute la dur\u00e9e des Rendez-vous de la recherche et de la cr\u00e9ation, les affiches scientifiques retenues lors de l\u2019appel de participation au concours seront expos\u00e9es. Passez [&hellip;]<\/p>\n","protected":false},"author":22,"featured_media":0,"template":"","meta":{"_acf_changed":false,"_tribe_events_status":"","_tribe_events_status_reason":"","_tribe_events_is_hybrid":"","_tribe_events_is_virtual":"","_tribe_events_virtual_video_source":"","_tribe_events_virtual_embed_video":"","_tribe_events_virtual_linked_button_text":"","_tribe_events_virtual_linked_button":"","_tribe_events_virtual_show_embed_at":"","_tribe_events_virtual_show_embed_to":[],"_tribe_events_virtual_show_on_event":"","_tribe_events_virtual_show_on_views":"","_tribe_events_virtual_url":"","footnotes":""},"tags":[],"tribe_events_cat":[],"class_list":["post-6857","tribe_events","type-tribe_events","status-publish","hentry"],"acf":[],"_links":{"self":[{"href":"https:\/\/www.uqac.ca\/calendrier\/wp-json\/wp\/v2\/tribe_events\/6857","targetHints":{"allow":["GET"]}}],"collection":[{"href":"https:\/\/www.uqac.ca\/calendrier\/wp-json\/wp\/v2\/tribe_events"}],"about":[{"href":"https:\/\/www.uqac.ca\/calendrier\/wp-json\/wp\/v2\/types\/tribe_events"}],"author":[{"embeddable":true,"href":"https:\/\/www.uqac.ca\/calendrier\/wp-json\/wp\/v2\/users\/22"}],"version-history":[{"count":1,"href":"https:\/\/www.uqac.ca\/calendrier\/wp-json\/wp\/v2\/tribe_events\/6857\/revisions"}],"predecessor-version":[{"id":6859,"href":"https:\/\/www.uqac.ca\/calendrier\/wp-json\/wp\/v2\/tribe_events\/6857\/revisions\/6859"}],"wp:attachment":[{"href":"https:\/\/www.uqac.ca\/calendrier\/wp-json\/wp\/v2\/media?parent=6857"}],"wp:term":[{"taxonomy":"post_tag","embeddable":true,"href":"https:\/\/www.uqac.ca\/calendrier\/wp-json\/wp\/v2\/tags?post=6857"},{"taxonomy":"tribe_events_cat","embeddable":true,"href":"https:\/\/www.uqac.ca\/calendrier\/wp-json\/wp\/v2\/tribe_events_cat?post=6857"}],"curies":[{"name":"wp","href":"https:\/\/api.w.org\/{rel}","templated":true}]}}