{"id":6860,"date":"2025-01-29T15:13:36","date_gmt":"2025-01-29T20:13:36","guid":{"rendered":"https:\/\/www.uqac.ca\/calendrier\/?post_type=tribe_events&#038;p=6860"},"modified":"2025-01-29T15:13:36","modified_gmt":"2025-01-29T20:13:36","slug":"dans-les-coulisses-du-premier-rendez-vous-regional-en-enseignement-superieur","status":"publish","type":"tribe_events","link":"https:\/\/www.uqac.ca\/calendrier\/evenement\/dans-les-coulisses-du-premier-rendez-vous-regional-en-enseignement-superieur\/","title":{"rendered":"Dans les coulisses du premier Rendez-vous r\u00e9gional en enseignement sup\u00e9rieur"},"content":{"rendered":"<h5>Dans les coulisses du premier\u00a0<em>Rendez-vous r\u00e9gional en enseignement sup\u00e9rieur<\/em>\u00a0: dialogue entre les personnes professionnelles de l\u2019\u00e9ducation des coll\u00e8ges du Saguenay\u2013Lac-Saint-Jean et de l\u2019UQAC<\/h5>\n<p><img loading=\"lazy\" decoding=\"async\" class=\"size-medium wp-image-1618 alignleft\" src=\"https:\/\/www.uqac.ca\/jrc\/wp-content\/uploads\/2025\/01\/RDV-ES-29mai24_Carre-300x300.jpg\" alt=\"\" width=\"300\" height=\"300\" \/>Le passage du c\u00e9gep \u00e0 l\u2019universit\u00e9 constitue une \u00e9tape cl\u00e9 dans le parcours d\u2019\u00e9tudes d\u2019une \u00e9tudiante ou d\u2019un \u00e9tudiant. Cette transition est souvent accompagn\u00e9e de d\u00e9fis acad\u00e9miques et d\u2019ajustements personnels significatifs. Afin de faciliter cette transition, une collaboration efficace entre les diff\u00e9rents ordres d\u2019enseignement joue un r\u00f4le crucial.<\/p>\n<p>Le 29 mai dernier, l\u2019UQAC a accueilli le premier\u00a0<em>Rendez-vous r\u00e9gional en enseignement sup\u00e9rieur<\/em>, rassemblant plus de 220 participants et participantes. Cet \u00e9v\u00e9nement a offert l\u2019opportunit\u00e9 notamment au personnel enseignant des programmes pr\u00e9universitaires des c\u00e9geps ainsi que le corps professoral et les personnes charg\u00e9es de cours de l\u2019UQAC de partager leurs perspectives et d\u2019\u00e9changer sur leurs pratiques respectives. Anim\u00e9s par le collectif de recherche LAGORA, les ateliers ont permis d\u2019identifier les besoins, de cerner les enjeux rencontr\u00e9s et d\u2019explorer des solutions interordres pour faciliter la transition entre le c\u00e9gep et l\u2019universit\u00e9.<\/p>\n<p>Cette pr\u00e9sentation restituera les principales observations des actrices et acteurs mobilis\u00e9s sur les facteurs facilitant la transition interordres, de m\u00eame sur diff\u00e9rentes pistes d\u2019actions essentielles de collaboration interordres.<\/p>\n<h6>Lundi 3 f\u00e9vrier<br \/>\n15 h \u00e0 16 h<br \/>\nLieu : P0-7500<\/h6>\n<h6>Pr\u00e9sentatrice\u00a0:<\/h6>\n<p>Marie-Claude Gauthier<br \/>\nCoordonnatrice responsable du chantier sur les transitions interordres et intercycles<br \/>\nP\u00f4le sur les transitions en enseignement sup\u00e9rieur<\/p>\n","protected":false},"excerpt":{"rendered":"<p>Dans les coulisses du premier\u00a0Rendez-vous r\u00e9gional en enseignement sup\u00e9rieur\u00a0: dialogue entre les personnes professionnelles de l\u2019\u00e9ducation des coll\u00e8ges du Saguenay\u2013Lac-Saint-Jean et de l\u2019UQAC Le passage du c\u00e9gep \u00e0 l\u2019universit\u00e9 constitue [&hellip;]<\/p>\n","protected":false},"author":22,"featured_media":0,"template":"","meta":{"_acf_changed":false,"_tribe_events_status":"","_tribe_events_status_reason":"","_tribe_events_is_hybrid":"","_tribe_events_is_virtual":"","_tribe_events_virtual_video_source":"","_tribe_events_virtual_embed_video":"","_tribe_events_virtual_linked_button_text":"","_tribe_events_virtual_linked_button":"","_tribe_events_virtual_show_embed_at":"","_tribe_events_virtual_show_embed_to":[],"_tribe_events_virtual_show_on_event":"","_tribe_events_virtual_show_on_views":"","_tribe_events_virtual_url":"","footnotes":""},"tags":[],"tribe_events_cat":[],"class_list":["post-6860","tribe_events","type-tribe_events","status-publish","hentry"],"acf":[],"_links":{"self":[{"href":"https:\/\/www.uqac.ca\/calendrier\/wp-json\/wp\/v2\/tribe_events\/6860","targetHints":{"allow":["GET"]}}],"collection":[{"href":"https:\/\/www.uqac.ca\/calendrier\/wp-json\/wp\/v2\/tribe_events"}],"about":[{"href":"https:\/\/www.uqac.ca\/calendrier\/wp-json\/wp\/v2\/types\/tribe_events"}],"author":[{"embeddable":true,"href":"https:\/\/www.uqac.ca\/calendrier\/wp-json\/wp\/v2\/users\/22"}],"version-history":[{"count":1,"href":"https:\/\/www.uqac.ca\/calendrier\/wp-json\/wp\/v2\/tribe_events\/6860\/revisions"}],"predecessor-version":[{"id":6861,"href":"https:\/\/www.uqac.ca\/calendrier\/wp-json\/wp\/v2\/tribe_events\/6860\/revisions\/6861"}],"wp:attachment":[{"href":"https:\/\/www.uqac.ca\/calendrier\/wp-json\/wp\/v2\/media?parent=6860"}],"wp:term":[{"taxonomy":"post_tag","embeddable":true,"href":"https:\/\/www.uqac.ca\/calendrier\/wp-json\/wp\/v2\/tags?post=6860"},{"taxonomy":"tribe_events_cat","embeddable":true,"href":"https:\/\/www.uqac.ca\/calendrier\/wp-json\/wp\/v2\/tribe_events_cat?post=6860"}],"curies":[{"name":"wp","href":"https:\/\/api.w.org\/{rel}","templated":true}]}}