{"id":6862,"date":"2025-01-29T15:15:19","date_gmt":"2025-01-29T20:15:19","guid":{"rendered":"https:\/\/www.uqac.ca\/calendrier\/?post_type=tribe_events&#038;p=6862"},"modified":"2025-01-29T15:15:19","modified_gmt":"2025-01-29T20:15:19","slug":"securite-en-recherche-mise-a-jour-sur-les-indicateurs-de-risques-et-les-meilleures-pratiques","status":"publish","type":"tribe_events","link":"https:\/\/www.uqac.ca\/calendrier\/evenement\/securite-en-recherche-mise-a-jour-sur-les-indicateurs-de-risques-et-les-meilleures-pratiques\/","title":{"rendered":"S\u00e9curit\u00e9 en recherche : mise \u00e0 jour sur les indicateurs de risques et les meilleures pratiques"},"content":{"rendered":"<h5>S\u00e9curit\u00e9 en recherche : mise \u00e0 jour sur les indicateurs de risques et les meilleures pratiques<\/h5>\n<p><img loading=\"lazy\" decoding=\"async\" class=\"size-medium wp-image-1397 alignleft\" src=\"https:\/\/www.uqac.ca\/jrc\/wp-content\/uploads\/2024\/12\/Securite-en-recherche-300x300.jpg\" alt=\"\" width=\"300\" height=\"300\" \/>Cette pr\u00e9sentation abordera les enjeux cruciaux de la s\u00e9curit\u00e9 de la recherche dans un monde en constante \u00e9volution. Elle explorera les risques sp\u00e9cifiques li\u00e9s \u00e0 l\u2019\u00e9cosyst\u00e8me de la recherche au Qu\u00e9bec et au Canada en mettant l\u2019accent sur l\u2019interf\u00e9rence \u00e9trang\u00e8re, les cybermenaces et la s\u00e9curit\u00e9 lors des voyages \u00e0 l\u2019\u00e9tranger. Les participants et participantes d\u00e9couvriront \u00e9galement des conseils et des meilleurs pratiques pour les aider \u00e0 mieux prot\u00e9ger leur recherche. Ce sera une occasion d\u2019\u00e9changer sur les d\u00e9fis actuels et d\u2019apprendre des strat\u00e9gies efficaces pour renforcer la s\u00e9curit\u00e9 de la recherche, gr\u00e2ce \u00e0 un sc\u00e9nario qui incitera les participants \u00e0 r\u00e9fl\u00e9chir sur divers enjeux.<\/p>\n<h6>Mardi 4 f\u00e9vrier<br \/>\n13 h 30 \u00e0 15 h 30<br \/>\nLieu : P0-7500<\/h6>\n<p><strong>\u00c0 propos de la conf\u00e9renci\u00e8re<br \/>\n<\/strong>Laurie-Eve Rioux est titulaire d\u2019un doctorat portant sur la chimie des polym\u00e8res et d\u2019un stage postdoctoral en endocrinologie et physiologie. \u00c0 la suite de ses \u00e9tudes, elle a travaill\u00e9 comme professionnelle de recherche pendant pr\u00e8s de 10 ans. En 2019, elle a fait un virage vers l\u2019administration de la recherche \u00e0 l\u2019Universit\u00e9 Laval o\u00f9 elle devient \u00e9galement responsable de la s\u00e9curit\u00e9 de la recherche.\u00a0 En juin 2023, elle s\u2019est jointe au Centre de la s\u00e9curit\u00e9 de la recherche de S\u00e9curit\u00e9 publique Canada \u00e0 titre de conseill\u00e8re r\u00e9gionale pour la r\u00e9gion du Qu\u00e9bec. Son r\u00f4le est de soutenir la communaut\u00e9 de recherche pour prot\u00e9ger la science au Canada.<\/p>\n","protected":false},"excerpt":{"rendered":"<p>S\u00e9curit\u00e9 en recherche : mise \u00e0 jour sur les indicateurs de risques et les meilleures pratiques Cette pr\u00e9sentation abordera les enjeux cruciaux de la s\u00e9curit\u00e9 de la recherche dans un [&hellip;]<\/p>\n","protected":false},"author":22,"featured_media":0,"template":"","meta":{"_acf_changed":false,"_tribe_events_status":"","_tribe_events_status_reason":"","_tribe_events_is_hybrid":"","_tribe_events_is_virtual":"","_tribe_events_virtual_video_source":"","_tribe_events_virtual_embed_video":"","_tribe_events_virtual_linked_button_text":"","_tribe_events_virtual_linked_button":"","_tribe_events_virtual_show_embed_at":"","_tribe_events_virtual_show_embed_to":[],"_tribe_events_virtual_show_on_event":"","_tribe_events_virtual_show_on_views":"","_tribe_events_virtual_url":"","footnotes":""},"tags":[],"tribe_events_cat":[],"class_list":["post-6862","tribe_events","type-tribe_events","status-publish","hentry"],"acf":[],"_links":{"self":[{"href":"https:\/\/www.uqac.ca\/calendrier\/wp-json\/wp\/v2\/tribe_events\/6862","targetHints":{"allow":["GET"]}}],"collection":[{"href":"https:\/\/www.uqac.ca\/calendrier\/wp-json\/wp\/v2\/tribe_events"}],"about":[{"href":"https:\/\/www.uqac.ca\/calendrier\/wp-json\/wp\/v2\/types\/tribe_events"}],"author":[{"embeddable":true,"href":"https:\/\/www.uqac.ca\/calendrier\/wp-json\/wp\/v2\/users\/22"}],"version-history":[{"count":1,"href":"https:\/\/www.uqac.ca\/calendrier\/wp-json\/wp\/v2\/tribe_events\/6862\/revisions"}],"predecessor-version":[{"id":6863,"href":"https:\/\/www.uqac.ca\/calendrier\/wp-json\/wp\/v2\/tribe_events\/6862\/revisions\/6863"}],"wp:attachment":[{"href":"https:\/\/www.uqac.ca\/calendrier\/wp-json\/wp\/v2\/media?parent=6862"}],"wp:term":[{"taxonomy":"post_tag","embeddable":true,"href":"https:\/\/www.uqac.ca\/calendrier\/wp-json\/wp\/v2\/tags?post=6862"},{"taxonomy":"tribe_events_cat","embeddable":true,"href":"https:\/\/www.uqac.ca\/calendrier\/wp-json\/wp\/v2\/tribe_events_cat?post=6862"}],"curies":[{"name":"wp","href":"https:\/\/api.w.org\/{rel}","templated":true}]}}