{"id":6875,"date":"2025-01-29T15:34:39","date_gmt":"2025-01-29T20:34:39","guid":{"rendered":"https:\/\/www.uqac.ca\/calendrier\/?post_type=tribe_events&#038;p=6875"},"modified":"2025-01-29T15:51:40","modified_gmt":"2025-01-29T20:51:40","slug":"perseverer-dans-le-monde-de-la-recherche","status":"publish","type":"tribe_events","link":"https:\/\/www.uqac.ca\/calendrier\/evenement\/perseverer-dans-le-monde-de-la-recherche\/","title":{"rendered":"Panel &#8211; Pers\u00e9v\u00e9rer dans le monde de la recherche"},"content":{"rendered":"<h5>Pers\u00e9v\u00e9rer dans le monde de la recherche<\/h5>\n<p>La pers\u00e9v\u00e9rance est essentielle en recherche universitaire, car, derri\u00e8re la r\u00e9ussite acad\u00e9mique, se cachent parfois de nombreux d\u00e9fis \u00e0 surmonter et plusieurs remises en question. Ce panel pr\u00e9sente quatre membres de la communaut\u00e9 universitaire de l\u2019UQAC aux horizons divers, qui, apr\u00e8s avoir eux-m\u00eames fait des \u00e9tudes en recherche, apportent aujourd\u2019hui leur soutien \u00e0 des \u00e9tudiantes et \u00e0 des \u00e9tudiants de cycles sup\u00e9rieurs. Ensemble, ils mettront en commun leurs exp\u00e9riences et partageront ce qui les a amen\u00e9s \u00e0 pers\u00e9v\u00e9rer dans le monde de la recherche.<\/p>\n<h6>Jeudi 6 f\u00e9vrier<br \/>\n11 h 30 \u00e0 12 h 30<br \/>\nLieu : Centre social<\/h6>\n<p>Animation : Martin-Thomas C\u00f4t\u00e9, animateur radio, 95,7 KYK<\/p>\n<p><a href=\"https:\/\/www.uqac.ca\/jrc\/panel-perseverance\/\" target=\"_blank\" rel=\"noopener\">Programmation<\/a><\/p>\n","protected":false},"excerpt":{"rendered":"<p>Pers\u00e9v\u00e9rer dans le monde de la recherche La pers\u00e9v\u00e9rance est essentielle en recherche universitaire, car, derri\u00e8re la r\u00e9ussite acad\u00e9mique, se cachent parfois de nombreux d\u00e9fis \u00e0 surmonter et plusieurs remises [&hellip;]<\/p>\n","protected":false},"author":22,"featured_media":0,"template":"","meta":{"_acf_changed":false,"_tribe_events_status":"","_tribe_events_status_reason":"","_tribe_events_is_hybrid":"","_tribe_events_is_virtual":"","_tribe_events_virtual_video_source":"","_tribe_events_virtual_embed_video":"","_tribe_events_virtual_linked_button_text":"","_tribe_events_virtual_linked_button":"","_tribe_events_virtual_show_embed_at":"","_tribe_events_virtual_show_embed_to":[],"_tribe_events_virtual_show_on_event":"","_tribe_events_virtual_show_on_views":"","_tribe_events_virtual_url":"","footnotes":""},"tags":[],"tribe_events_cat":[],"class_list":["post-6875","tribe_events","type-tribe_events","status-publish","hentry"],"acf":[],"_links":{"self":[{"href":"https:\/\/www.uqac.ca\/calendrier\/wp-json\/wp\/v2\/tribe_events\/6875","targetHints":{"allow":["GET"]}}],"collection":[{"href":"https:\/\/www.uqac.ca\/calendrier\/wp-json\/wp\/v2\/tribe_events"}],"about":[{"href":"https:\/\/www.uqac.ca\/calendrier\/wp-json\/wp\/v2\/types\/tribe_events"}],"author":[{"embeddable":true,"href":"https:\/\/www.uqac.ca\/calendrier\/wp-json\/wp\/v2\/users\/22"}],"version-history":[{"count":2,"href":"https:\/\/www.uqac.ca\/calendrier\/wp-json\/wp\/v2\/tribe_events\/6875\/revisions"}],"predecessor-version":[{"id":6894,"href":"https:\/\/www.uqac.ca\/calendrier\/wp-json\/wp\/v2\/tribe_events\/6875\/revisions\/6894"}],"wp:attachment":[{"href":"https:\/\/www.uqac.ca\/calendrier\/wp-json\/wp\/v2\/media?parent=6875"}],"wp:term":[{"taxonomy":"post_tag","embeddable":true,"href":"https:\/\/www.uqac.ca\/calendrier\/wp-json\/wp\/v2\/tags?post=6875"},{"taxonomy":"tribe_events_cat","embeddable":true,"href":"https:\/\/www.uqac.ca\/calendrier\/wp-json\/wp\/v2\/tribe_events_cat?post=6875"}],"curies":[{"name":"wp","href":"https:\/\/api.w.org\/{rel}","templated":true}]}}