{"id":7171,"date":"2025-06-18T11:54:52","date_gmt":"2025-06-18T15:54:52","guid":{"rendered":"https:\/\/www.uqac.ca\/calendrier\/?post_type=tribe_events&#038;p=7171"},"modified":"2025-06-18T11:54:52","modified_gmt":"2025-06-18T15:54:52","slug":"vernissage-de-lexposition-sensationnel-du-professeur-et-artiste-mathieu-valade","status":"publish","type":"tribe_events","link":"https:\/\/www.uqac.ca\/calendrier\/evenement\/vernissage-de-lexposition-sensationnel-du-professeur-et-artiste-mathieu-valade\/","title":{"rendered":"Vernissage de l&rsquo;exposition Sensationnel! du professeur et artiste Mathieu Valade"},"content":{"rendered":"<p>La communaut\u00e9 universitaire est invit\u00e9e au vernissage progressif de l\u2019exposition Sensationnel! du professeur et artiste Mathieu Valade.<\/p>\n<p><strong>Quand :<\/strong> Jeudi 19 juin \u00e0 17h<br \/>\n<strong>O\u00f9:<\/strong> l\u2019Espace S\u00e9quence du centre Bang (132 rue Racine Est, Chicoutimi) ainsi qu\u2019au Centre des arts et de la culture (165 rue Racine Est, Chicoutimi)<\/p>\n<p>Sensationnel ! est une r\u00e9trospective qui c\u00e9l\u00e8bre la trajectoire artistique de Mathieu Valade et se d\u00e9ploie dans trois lieux du centre-ville de Chicoutimi cet \u00e9t\u00e9. Commissari\u00e9e par Ariane Plante, cette exposition r\u00e9unit une quinzaine d\u2019\u0153uvres dont plusieurs sont issues de la production r\u00e9cente de l\u2019artiste. Au centre d\u2019art actuel Bang, \u00e0 l\u2019Espace S\u00e9quence et \u00e0 l\u2019Espace Michael Snow, les \u0153uvres pr\u00e9sent\u00e9es invitent \u00e0 sonder la profondeur de la psych\u00e9 humaine en deux volets : L\u2019infini et L\u2019inconscient. Au Centre des arts et de la culture, Derri\u00e8re les arbres offre une perspective inusit\u00e9e sur les paysages que l\u2019on contemple. Enfin, gr\u00e2ce \u00e0 la collaboration d\u2019EXMURO, la place du Citoyen accueille Mythe et \u00e9vidence, une \u0153uvre mettant en sc\u00e8ne une cr\u00e9ature mythique qui ne se r\u00e9v\u00e8le qu\u2019\u00e0 travers l\u2019imagination de celui ou celle qui la regarde.<\/p>\n<p><strong>Biographie de l\u2019artiste<\/strong><br \/>\nOriginaire de Salaberry-de-Valleyfield, Mathieu Valade a pr\u00e9sent\u00e9 son travail au MAC VAL (Paris), au Mus\u00e9e national des beaux-arts du Qu\u00e9bec et dans plusieurs centres, galeries et \u00e9v\u00e9nements d\u2019envergures au Canada, au Br\u00e9sil, aux \u00c9tats-Unis, en France, en Espagne, en Gr\u00e8ce et en Su\u00e8de. Il a r\u00e9alis\u00e9 des \u0153uvres d\u2019art public dans diff\u00e9rentes villes du Qu\u00e9bec. Ses cr\u00e9ations figurent dans plusieurs collections importantes dont celles du MNBAQ et du Mus\u00e9e d\u2019art contemporain de Baie-Saint-Paul. Il r\u00e9side \u00e0 Chicoutimi o\u00f9 il enseigne la sculpture et le dessin \u00e0 titre de professeur \u00e0 l\u2019Universit\u00e9 du Qu\u00e9bec \u00e0 Chicoutimi (UQAC).<\/p>\n<p>Exposition produite gr\u00e2ce au soutien du centre d\u2019art actuel Bang, du Conseil des arts du Canada, du Conseil des arts et des lettres du Qu\u00e9bec, du minist\u00e8re de la Culture et des Communications du Qu\u00e9bec, du Grand Th\u00e9\u00e2tre de Qu\u00e9bec, d\u2019Ubisoft Saguenay, EXMURO, les Enseignes EMS, l\u2019Universit\u00e9 du Qu\u00e9bec \u00e0 Chicoutimi et la ville de Saguenay.<\/p>\n<p><img loading=\"lazy\" decoding=\"async\" class=\"alignnone wp-image-7172 size-large\" src=\"https:\/\/www.uqac.ca\/calendrier\/wp-content\/uploads\/2025\/06\/SENSATIONNEL-Mathieu-Valade-vernissage-663x1024.jpg\" alt=\"\" width=\"663\" height=\"1024\" srcset=\"https:\/\/www.uqac.ca\/calendrier\/wp-content\/uploads\/2025\/06\/SENSATIONNEL-Mathieu-Valade-vernissage-663x1024.jpg 663w, https:\/\/www.uqac.ca\/calendrier\/wp-content\/uploads\/2025\/06\/SENSATIONNEL-Mathieu-Valade-vernissage-194x300.jpg 194w, https:\/\/www.uqac.ca\/calendrier\/wp-content\/uploads\/2025\/06\/SENSATIONNEL-Mathieu-Valade-vernissage-768x1187.jpg 768w, https:\/\/www.uqac.ca\/calendrier\/wp-content\/uploads\/2025\/06\/SENSATIONNEL-Mathieu-Valade-vernissage-994x1536.jpg 994w, https:\/\/www.uqac.ca\/calendrier\/wp-content\/uploads\/2025\/06\/SENSATIONNEL-Mathieu-Valade-vernissage.jpg 1200w\" sizes=\"auto, (max-width: 663px) 100vw, 663px\" \/><\/p>\n<p>&nbsp;<\/p>\n","protected":false},"excerpt":{"rendered":"<p>La communaut\u00e9 universitaire est invit\u00e9e au vernissage progressif de l\u2019exposition Sensationnel! du professeur et artiste Mathieu Valade. Quand : Jeudi 19 juin \u00e0 17h O\u00f9: l\u2019Espace S\u00e9quence du centre Bang [&hellip;]<\/p>\n","protected":false},"author":18,"featured_media":0,"template":"","meta":{"_acf_changed":false,"_tribe_events_status":"","_tribe_events_status_reason":"","_tribe_events_is_hybrid":"","_tribe_events_is_virtual":"","_tribe_events_virtual_video_source":"","_tribe_events_virtual_embed_video":"","_tribe_events_virtual_linked_button_text":"","_tribe_events_virtual_linked_button":"","_tribe_events_virtual_show_embed_at":"","_tribe_events_virtual_show_embed_to":[],"_tribe_events_virtual_show_on_event":"","_tribe_events_virtual_show_on_views":"","_tribe_events_virtual_url":"","footnotes":""},"tags":[101],"tribe_events_cat":[17,39],"class_list":["post-7171","tribe_events","type-tribe_events","status-publish","hentry","tag-dall","tribe_events_cat-arts-et-performances","tribe_events_cat-divers","cat_arts-et-performances","cat_divers"],"acf":[],"_links":{"self":[{"href":"https:\/\/www.uqac.ca\/calendrier\/wp-json\/wp\/v2\/tribe_events\/7171","targetHints":{"allow":["GET"]}}],"collection":[{"href":"https:\/\/www.uqac.ca\/calendrier\/wp-json\/wp\/v2\/tribe_events"}],"about":[{"href":"https:\/\/www.uqac.ca\/calendrier\/wp-json\/wp\/v2\/types\/tribe_events"}],"author":[{"embeddable":true,"href":"https:\/\/www.uqac.ca\/calendrier\/wp-json\/wp\/v2\/users\/18"}],"version-history":[{"count":2,"href":"https:\/\/www.uqac.ca\/calendrier\/wp-json\/wp\/v2\/tribe_events\/7171\/revisions"}],"predecessor-version":[{"id":7175,"href":"https:\/\/www.uqac.ca\/calendrier\/wp-json\/wp\/v2\/tribe_events\/7171\/revisions\/7175"}],"wp:attachment":[{"href":"https:\/\/www.uqac.ca\/calendrier\/wp-json\/wp\/v2\/media?parent=7171"}],"wp:term":[{"taxonomy":"post_tag","embeddable":true,"href":"https:\/\/www.uqac.ca\/calendrier\/wp-json\/wp\/v2\/tags?post=7171"},{"taxonomy":"tribe_events_cat","embeddable":true,"href":"https:\/\/www.uqac.ca\/calendrier\/wp-json\/wp\/v2\/tribe_events_cat?post=7171"}],"curies":[{"name":"wp","href":"https:\/\/api.w.org\/{rel}","templated":true}]}}