{"id":7181,"date":"2025-07-22T13:33:28","date_gmt":"2025-07-22T17:33:28","guid":{"rendered":"https:\/\/www.uqac.ca\/calendrier\/?post_type=tribe_events&#038;p=7181"},"modified":"2025-08-04T10:30:23","modified_gmt":"2025-08-04T14:30:23","slug":"congres-annuel-du-reseau-airs","status":"publish","type":"tribe_events","link":"https:\/\/www.uqac.ca\/calendrier\/evenement\/congres-annuel-du-reseau-airs\/","title":{"rendered":"Congr\u00e8s annuel du R\u00e9seau AIRS"},"content":{"rendered":"<p><img loading=\"lazy\" decoding=\"async\" class=\"alignnone size-full wp-image-7182\" src=\"https:\/\/www.uqac.ca\/calendrier\/wp-content\/uploads\/2025\/07\/Congres-AIRS_visuel.png\" alt=\"\" width=\"609\" height=\"287\" srcset=\"https:\/\/www.uqac.ca\/calendrier\/wp-content\/uploads\/2025\/07\/Congres-AIRS_visuel.png 609w, https:\/\/www.uqac.ca\/calendrier\/wp-content\/uploads\/2025\/07\/Congres-AIRS_visuel-300x141.png 300w\" sizes=\"auto, (max-width: 609px) 100vw, 609px\" \/><\/p>\n<p>En collaboration avec le R\u00e9seau CARES, le R\u00e9seau Pr\u00e9CRiSA ainsi que le Centre intersectoriel de sant\u00e9 durable (CISD) de l\u2019UQAC, le Congr\u00e8s annuel du R\u00e9seau AIRS se tiendra \u00e0 l&rsquo;UQAC les 23 et 24 septembre prochains.<\/p>\n<h4>Th\u00e9matique: \u00ab Transport et sant\u00e9 durable : une travers\u00e9e intersectorielle! \u00bb<\/h4>\n<p><em>La qualit\u00e9 de l\u2019environnement naturel, industriel, urbain et rural joue un r\u00f4le essentiel dans le concept de sant\u00e9 durable. Le transport, au sens large, constitue quant \u00e0 lui un facteur d\u00e9terminant de cette qualit\u00e9 environnementale. Dans cette perspective, le th\u00e8me retenu pour le congr\u00e8s est celui du transport, envisag\u00e9 dans tout son continuum: depuis la recherche fondamentale (transport intracellulaire, transport ionique, bioa\u00e9rosols, migration cellulaire, etc.) jusqu\u2019au transport de passagers et de marchandises, en passant par les plans d\u2019urbanisme et la l\u00e9gislation sur le bruit et la pollution de l\u2019air li\u00e9s aux activit\u00e9s de transport. Les participantes et participants exploreront \u00e9galement comment faire une valorisation de leurs recherches dans une perspective environnementale de sant\u00e9 durable dans la communaut\u00e9.<\/em><\/p>\n<p>&nbsp;<\/p>\n<p>Vous d\u00e9sirez visualiser la programmation et vous inscrire? Rendez-vous sur <a href=\"https:\/\/airs.quebec\/activites\/congres-annuel-conjoint-2025-airs-cares-precrisa\/\" target=\"_blank\" rel=\"noopener\">le site web de l&rsquo;\u00e9v\u00e9nement<\/a>.<\/p>\n<p>Vous avez des questions? Contactez : <a href=\"mailto:airs.hsj@ssss.gouv.qc.ca\">airs.hsj@ssss.gouv.qc.ca<\/a><\/p>\n<div><\/div>\n","protected":false},"excerpt":{"rendered":"<p>En collaboration avec le R\u00e9seau CARES, le R\u00e9seau Pr\u00e9CRiSA ainsi que le Centre intersectoriel de sant\u00e9 durable (CISD) de l\u2019UQAC, le Congr\u00e8s annuel du R\u00e9seau AIRS se tiendra \u00e0 l&rsquo;UQAC [&hellip;]<\/p>\n","protected":false},"author":36,"featured_media":0,"template":"","meta":{"_acf_changed":false,"_tribe_events_status":"","_tribe_events_status_reason":"","_tribe_events_is_hybrid":"","_tribe_events_is_virtual":"","_tribe_events_virtual_video_source":"","_tribe_events_virtual_embed_video":"","_tribe_events_virtual_linked_button_text":"","_tribe_events_virtual_linked_button":"","_tribe_events_virtual_show_embed_at":"","_tribe_events_virtual_show_embed_to":[],"_tribe_events_virtual_show_on_event":"","_tribe_events_virtual_show_on_views":"","_tribe_events_virtual_url":"","footnotes":""},"tags":[],"tribe_events_cat":[11],"class_list":["post-7181","tribe_events","type-tribe_events","status-publish","hentry","tribe_events_cat-colloques-et-congres","cat_colloques-et-congres"],"acf":[],"_links":{"self":[{"href":"https:\/\/www.uqac.ca\/calendrier\/wp-json\/wp\/v2\/tribe_events\/7181","targetHints":{"allow":["GET"]}}],"collection":[{"href":"https:\/\/www.uqac.ca\/calendrier\/wp-json\/wp\/v2\/tribe_events"}],"about":[{"href":"https:\/\/www.uqac.ca\/calendrier\/wp-json\/wp\/v2\/types\/tribe_events"}],"author":[{"embeddable":true,"href":"https:\/\/www.uqac.ca\/calendrier\/wp-json\/wp\/v2\/users\/36"}],"version-history":[{"count":5,"href":"https:\/\/www.uqac.ca\/calendrier\/wp-json\/wp\/v2\/tribe_events\/7181\/revisions"}],"predecessor-version":[{"id":7262,"href":"https:\/\/www.uqac.ca\/calendrier\/wp-json\/wp\/v2\/tribe_events\/7181\/revisions\/7262"}],"wp:attachment":[{"href":"https:\/\/www.uqac.ca\/calendrier\/wp-json\/wp\/v2\/media?parent=7181"}],"wp:term":[{"taxonomy":"post_tag","embeddable":true,"href":"https:\/\/www.uqac.ca\/calendrier\/wp-json\/wp\/v2\/tags?post=7181"},{"taxonomy":"tribe_events_cat","embeddable":true,"href":"https:\/\/www.uqac.ca\/calendrier\/wp-json\/wp\/v2\/tribe_events_cat?post=7181"}],"curies":[{"name":"wp","href":"https:\/\/api.w.org\/{rel}","templated":true}]}}