{"id":7299,"date":"2025-08-25T09:14:42","date_gmt":"2025-08-25T13:14:42","guid":{"rendered":"https:\/\/www.uqac.ca\/calendrier\/?post_type=tribe_events&#038;p=7299"},"modified":"2025-08-25T09:25:46","modified_gmt":"2025-08-25T13:25:46","slug":"diner-causerie-vieillir-le-role-essentiel-de-la-physiotherapie","status":"publish","type":"tribe_events","link":"https:\/\/www.uqac.ca\/calendrier\/evenement\/diner-causerie-vieillir-le-role-essentiel-de-la-physiotherapie\/","title":{"rendered":"D\u00eener causerie | Vieillir : le r\u00f4le essentiel de la physioth\u00e9rapie"},"content":{"rendered":"<p><img loading=\"lazy\" decoding=\"async\" class=\"alignnone wp-image-7302\" src=\"https:\/\/www.uqac.ca\/calendrier\/wp-content\/uploads\/2025\/08\/Madame_marche_FB-300x160.png\" alt=\"\" width=\"400\" height=\"213\" srcset=\"https:\/\/www.uqac.ca\/calendrier\/wp-content\/uploads\/2025\/08\/Madame_marche_FB-300x160.png 300w, https:\/\/www.uqac.ca\/calendrier\/wp-content\/uploads\/2025\/08\/Madame_marche_FB-1024x546.png 1024w, https:\/\/www.uqac.ca\/calendrier\/wp-content\/uploads\/2025\/08\/Madame_marche_FB-768x410.png 768w, https:\/\/www.uqac.ca\/calendrier\/wp-content\/uploads\/2025\/08\/Madame_marche_FB.png 1177w\" sizes=\"auto, (max-width: 400px) 100vw, 400px\" \/><\/p>\n<p>Dans le cadre de la Journ\u00e9e mondiale de la physioth\u00e9rapie, les professeurs et professeures en physioth\u00e9rapie du D\u00e9partement de la sant\u00e9 de l\u2019UQAC et le CISD vous invitent \u00e0 un d\u00eener-causerie sous le th\u00e8me \u00ab<em>Vieillir en sant\u00e9 : le r\u00f4le essentiel de la physioth\u00e9rapie \u00bb.<\/em><\/p>\n<p>Pizza offerte sur place<\/p>\n<p>Venez en apprendre plus sur:<\/p>\n<p>-La conciliation vie personnelle et clinicienne avec la vie des \u00e9tudiantes et \u00e9tudiants en recherche.<br \/>\n-Les mythes et r\u00e9alit\u00e9s d\u2019entrer \u00e0 la pratique en physioth\u00e9rapie et \u00e0 la recherche;<br \/>\n-Le t\u00e9moignage d\u2019une cliente ayant exp\u00e9riment\u00e9 une approche centr\u00e9e sur la personne et ax\u00e9e sur la sant\u00e9 durable;<br \/>\n-Ainsi que la contribution de la physioth\u00e9rapie et de la recherche en vieillissement \u2013 l\u2019\u00e9volution de la pr\u00e9vention des chutes.<\/p>\n<p><a href=\"https:\/\/cisd.uqac.ca\/wp-content\/uploads\/2025\/08\/programmation_2025-09-08.pdf\" target=\"_blank\" rel=\"noopener\"><strong>Programmation compl\u00e8te<\/strong><\/a><\/p>\n<p><em>Cette activit\u00e9 est organis\u00e9e en collaboration avec les membres du corps professoral de l&rsquo;Unit\u00e9 d&rsquo;enseignement en physioth\u00e9rapie de l\u2019UQAC et de membres du Centre intersectoriel en sant\u00e9 durable (CISD).<\/em><\/p>\n","protected":false},"excerpt":{"rendered":"<p>Dans le cadre de la Journ\u00e9e mondiale de la physioth\u00e9rapie, les professeurs et professeures en physioth\u00e9rapie du D\u00e9partement de la sant\u00e9 de l\u2019UQAC et le CISD vous invitent \u00e0 un [&hellip;]<\/p>\n","protected":false},"author":36,"featured_media":0,"template":"","meta":{"_acf_changed":false,"_tribe_events_status":"","_tribe_events_status_reason":"","_tribe_events_is_hybrid":"","_tribe_events_is_virtual":"yes","_tribe_events_virtual_video_source":"zoom","_tribe_events_virtual_embed_video":"yes","_tribe_events_virtual_linked_button_text":"Watch","_tribe_events_virtual_linked_button":"yes","_tribe_events_virtual_show_embed_at":"immediately","_tribe_events_virtual_show_embed_to":["all"],"_tribe_events_virtual_show_on_event":"yes","_tribe_events_virtual_show_on_views":"yes","_tribe_events_virtual_url":"https:\/\/uqac.zoom.us\/j\/84472622264","footnotes":""},"tags":[],"tribe_events_cat":[35],"class_list":["post-7299","tribe_events","type-tribe_events","status-publish","hentry","tribe_events_cat-rencontres-et-evenements-festifs","cat_rencontres-et-evenements-festifs","tribe-events-virtual-event","tribe-events-hybrid-event"],"acf":[],"_links":{"self":[{"href":"https:\/\/www.uqac.ca\/calendrier\/wp-json\/wp\/v2\/tribe_events\/7299","targetHints":{"allow":["GET"]}}],"collection":[{"href":"https:\/\/www.uqac.ca\/calendrier\/wp-json\/wp\/v2\/tribe_events"}],"about":[{"href":"https:\/\/www.uqac.ca\/calendrier\/wp-json\/wp\/v2\/types\/tribe_events"}],"author":[{"embeddable":true,"href":"https:\/\/www.uqac.ca\/calendrier\/wp-json\/wp\/v2\/users\/36"}],"version-history":[{"count":4,"href":"https:\/\/www.uqac.ca\/calendrier\/wp-json\/wp\/v2\/tribe_events\/7299\/revisions"}],"predecessor-version":[{"id":7304,"href":"https:\/\/www.uqac.ca\/calendrier\/wp-json\/wp\/v2\/tribe_events\/7299\/revisions\/7304"}],"wp:attachment":[{"href":"https:\/\/www.uqac.ca\/calendrier\/wp-json\/wp\/v2\/media?parent=7299"}],"wp:term":[{"taxonomy":"post_tag","embeddable":true,"href":"https:\/\/www.uqac.ca\/calendrier\/wp-json\/wp\/v2\/tags?post=7299"},{"taxonomy":"tribe_events_cat","embeddable":true,"href":"https:\/\/www.uqac.ca\/calendrier\/wp-json\/wp\/v2\/tribe_events_cat?post=7299"}],"curies":[{"name":"wp","href":"https:\/\/api.w.org\/{rel}","templated":true}]}}