{"id":7452,"date":"2025-09-22T08:18:11","date_gmt":"2025-09-22T12:18:11","guid":{"rendered":"https:\/\/www.uqac.ca\/calendrier\/?post_type=tribe_events&#038;p=7452"},"modified":"2025-09-22T08:18:11","modified_gmt":"2025-09-22T12:18:11","slug":"rencontre-dinformation-delie-ta-langue","status":"publish","type":"tribe_events","link":"https:\/\/www.uqac.ca\/calendrier\/evenement\/rencontre-dinformation-delie-ta-langue\/","title":{"rendered":"Rencontre d&rsquo;information &#8211; D\u00e9lie ta langue"},"content":{"rendered":"<p><img loading=\"lazy\" decoding=\"async\" class=\"alignnone wp-image-7449\" src=\"https:\/\/www.uqac.ca\/calendrier\/wp-content\/uploads\/2025\/09\/NUM_DelieTaLangueA25_PubTv1920x1080-1-300x169.jpg\" alt=\"\" width=\"400\" height=\"225\" srcset=\"https:\/\/www.uqac.ca\/calendrier\/wp-content\/uploads\/2025\/09\/NUM_DelieTaLangueA25_PubTv1920x1080-1-300x169.jpg 300w, https:\/\/www.uqac.ca\/calendrier\/wp-content\/uploads\/2025\/09\/NUM_DelieTaLangueA25_PubTv1920x1080-1-1024x576.jpg 1024w, https:\/\/www.uqac.ca\/calendrier\/wp-content\/uploads\/2025\/09\/NUM_DelieTaLangueA25_PubTv1920x1080-1-768x432.jpg 768w, https:\/\/www.uqac.ca\/calendrier\/wp-content\/uploads\/2025\/09\/NUM_DelieTaLangueA25_PubTv1920x1080-1-1536x864.jpg 1536w, https:\/\/www.uqac.ca\/calendrier\/wp-content\/uploads\/2025\/09\/NUM_DelieTaLangueA25_PubTv1920x1080-1.jpg 1920w\" sizes=\"auto, (max-width: 400px) 100vw, 400px\" \/><\/p>\n<p>Le concours d\u2019\u00e9loquence \u00ab D\u00e9lie ta langue! \u00bb est une comp\u00e9tition interuniversitaire pour les \u00e9tudiantes et \u00e9tudiants du premier cycle.\u00a0 Il offre la possibilit\u00e9 de suivre des formations en art oratoire, de repr\u00e9senter fi\u00e8rement notre universit\u00e9 comme finaliste et de gagner des prix en argent d\u2019une valeur totale de 12 000 $.\u00a0 Ce concours d\u2019art oratoire valorise la langue fran\u00e7aise et permet de d\u00e9velopper des comp\u00e9tences qui seront utiles sur le march\u00e9 du travail.<\/p>\n<p>Information\u00a0: <a href=\"https:\/\/can01.safelinks.protection.outlook.com\/?url=https%3A%2F%2Fdelie-ta-langue.ca%2F&amp;data=05%7C02%7Cr9boucha%40uqac.ca%7Ca98149c3f7ee44801ffc08ddf7b8275e%7Cc97978b1bd4c44b59bbb20215efdf611%7C0%7C0%7C638939092505242649%7CUnknown%7CTWFpbGZsb3d8eyJFbXB0eU1hcGkiOnRydWUsIlYiOiIwLjAuMDAwMCIsIlAiOiJXaW4zMiIsIkFOIjoiTWFpbCIsIldUIjoyfQ%3D%3D%7C0%7C%7C%7C&amp;sdata=1JOdWeoDCcuR7WWSkcPIHccbm%2FJsFaKWInOAz2j0%2FtI%3D&amp;reserved=0\">https:\/\/delie-ta-langue.ca\/<\/a><\/p>\n<p>Venez nous rencontrer pour en savoir davantage.<\/p>\n","protected":false},"excerpt":{"rendered":"<p>Le concours d\u2019\u00e9loquence \u00ab D\u00e9lie ta langue! \u00bb est une comp\u00e9tition interuniversitaire pour les \u00e9tudiantes et \u00e9tudiants du premier cycle.\u00a0 Il offre la possibilit\u00e9 de suivre des formations en art [&hellip;]<\/p>\n","protected":false},"author":36,"featured_media":0,"template":"","meta":{"_acf_changed":false,"_tribe_events_status":"","_tribe_events_status_reason":"","_tribe_events_is_hybrid":"","_tribe_events_is_virtual":"","_tribe_events_virtual_video_source":"","_tribe_events_virtual_embed_video":"","_tribe_events_virtual_linked_button_text":"","_tribe_events_virtual_linked_button":"","_tribe_events_virtual_show_embed_at":"","_tribe_events_virtual_show_embed_to":[],"_tribe_events_virtual_show_on_event":"","_tribe_events_virtual_show_on_views":"","_tribe_events_virtual_url":"","footnotes":""},"tags":[],"tribe_events_cat":[47],"class_list":["post-7452","tribe_events","type-tribe_events","status-publish","hentry","tribe_events_cat-concours-et-competitions","cat_concours-et-competitions"],"acf":[],"_links":{"self":[{"href":"https:\/\/www.uqac.ca\/calendrier\/wp-json\/wp\/v2\/tribe_events\/7452","targetHints":{"allow":["GET"]}}],"collection":[{"href":"https:\/\/www.uqac.ca\/calendrier\/wp-json\/wp\/v2\/tribe_events"}],"about":[{"href":"https:\/\/www.uqac.ca\/calendrier\/wp-json\/wp\/v2\/types\/tribe_events"}],"author":[{"embeddable":true,"href":"https:\/\/www.uqac.ca\/calendrier\/wp-json\/wp\/v2\/users\/36"}],"version-history":[{"count":1,"href":"https:\/\/www.uqac.ca\/calendrier\/wp-json\/wp\/v2\/tribe_events\/7452\/revisions"}],"predecessor-version":[{"id":7453,"href":"https:\/\/www.uqac.ca\/calendrier\/wp-json\/wp\/v2\/tribe_events\/7452\/revisions\/7453"}],"wp:attachment":[{"href":"https:\/\/www.uqac.ca\/calendrier\/wp-json\/wp\/v2\/media?parent=7452"}],"wp:term":[{"taxonomy":"post_tag","embeddable":true,"href":"https:\/\/www.uqac.ca\/calendrier\/wp-json\/wp\/v2\/tags?post=7452"},{"taxonomy":"tribe_events_cat","embeddable":true,"href":"https:\/\/www.uqac.ca\/calendrier\/wp-json\/wp\/v2\/tribe_events_cat?post=7452"}],"curies":[{"name":"wp","href":"https:\/\/api.w.org\/{rel}","templated":true}]}}