{"id":7464,"date":"2025-09-24T15:14:58","date_gmt":"2025-09-24T19:14:58","guid":{"rendered":"https:\/\/www.uqac.ca\/calendrier\/?post_type=tribe_events&#038;p=7464"},"modified":"2025-09-24T15:14:58","modified_gmt":"2025-09-24T19:14:58","slug":"conference-informative-et-de-sensibilisation-sur-le-deuil-perinatal","status":"publish","type":"tribe_events","link":"https:\/\/www.uqac.ca\/calendrier\/evenement\/conference-informative-et-de-sensibilisation-sur-le-deuil-perinatal\/","title":{"rendered":"Conf\u00e9rence informative et de sensibilisation sur le deuil p\u00e9rinatal"},"content":{"rendered":"<p>Dans le cadre de la journ\u00e9e mondiale du deuil p\u00e9rinatal, le Centre intersectoriel en sant\u00e9 durable (CISD) de l\u2019UQAC, en collaboration avec le comit\u00e9 du projet intersectoriel sur le deuil p\u00e9rinatal dont les membres proviennent du CISD, du CIUSSS, de la maison de naissance du Fjord-Au-Lac, du r\u00e9seau des \u00e9claireurs et de deuil 02, vous invite \u00e0 une conf\u00e9rence ouverte \u00e0 toutes et \u00e0 tous :<\/p>\n<p>\u00ab Conf\u00e9rence informative et de sensibilisation sur le deuil p\u00e9rinatal \u00bb<\/p>\n<p>Ce th\u00e8me sensible, qui touche profond\u00e9ment, m\u00e9rite r\u00e9flexion et dialogue.<br \/>\nNous vous donnons rendez-vous le mercredi 15 octobre, de 16 h 30 \u00e0 18 h, au centre social de l\u2019UQAC.<\/p>\n","protected":false},"excerpt":{"rendered":"<p>Dans le cadre de la journ\u00e9e mondiale du deuil p\u00e9rinatal, le Centre intersectoriel en sant\u00e9 durable (CISD) de l\u2019UQAC, en collaboration avec le comit\u00e9 du projet intersectoriel sur le deuil [&hellip;]<\/p>\n","protected":false},"author":36,"featured_media":0,"template":"","meta":{"_acf_changed":false,"_tribe_events_status":"","_tribe_events_status_reason":"","_tribe_events_is_hybrid":"","_tribe_events_is_virtual":"","_tribe_events_virtual_video_source":"","_tribe_events_virtual_embed_video":"","_tribe_events_virtual_linked_button_text":"","_tribe_events_virtual_linked_button":"","_tribe_events_virtual_show_embed_at":"","_tribe_events_virtual_show_embed_to":[],"_tribe_events_virtual_show_on_event":"","_tribe_events_virtual_show_on_views":"","_tribe_events_virtual_url":"","footnotes":""},"tags":[],"tribe_events_cat":[23],"class_list":["post-7464","tribe_events","type-tribe_events","status-publish","hentry","tribe_events_cat-conferences-et-presentations","cat_conferences-et-presentations"],"acf":[],"_links":{"self":[{"href":"https:\/\/www.uqac.ca\/calendrier\/wp-json\/wp\/v2\/tribe_events\/7464","targetHints":{"allow":["GET"]}}],"collection":[{"href":"https:\/\/www.uqac.ca\/calendrier\/wp-json\/wp\/v2\/tribe_events"}],"about":[{"href":"https:\/\/www.uqac.ca\/calendrier\/wp-json\/wp\/v2\/types\/tribe_events"}],"author":[{"embeddable":true,"href":"https:\/\/www.uqac.ca\/calendrier\/wp-json\/wp\/v2\/users\/36"}],"version-history":[{"count":1,"href":"https:\/\/www.uqac.ca\/calendrier\/wp-json\/wp\/v2\/tribe_events\/7464\/revisions"}],"predecessor-version":[{"id":7465,"href":"https:\/\/www.uqac.ca\/calendrier\/wp-json\/wp\/v2\/tribe_events\/7464\/revisions\/7465"}],"wp:attachment":[{"href":"https:\/\/www.uqac.ca\/calendrier\/wp-json\/wp\/v2\/media?parent=7464"}],"wp:term":[{"taxonomy":"post_tag","embeddable":true,"href":"https:\/\/www.uqac.ca\/calendrier\/wp-json\/wp\/v2\/tags?post=7464"},{"taxonomy":"tribe_events_cat","embeddable":true,"href":"https:\/\/www.uqac.ca\/calendrier\/wp-json\/wp\/v2\/tribe_events_cat?post=7464"}],"curies":[{"name":"wp","href":"https:\/\/api.w.org\/{rel}","templated":true}]}}