{"id":7669,"date":"2025-10-14T14:22:58","date_gmt":"2025-10-14T18:22:58","guid":{"rendered":"https:\/\/www.uqac.ca\/calendrier\/?post_type=tribe_events&#038;p=7669"},"modified":"2025-10-14T14:22:58","modified_gmt":"2025-10-14T18:22:58","slug":"rencontre-dinformation-cycles-superieurs-en-sciences-infirmieres-2","status":"publish","type":"tribe_events","link":"https:\/\/www.uqac.ca\/calendrier\/evenement\/rencontre-dinformation-cycles-superieurs-en-sciences-infirmieres-2\/","title":{"rendered":"Rencontre d\u2019information \u2013 Cycles sup\u00e9rieurs en sciences infirmi\u00e8res"},"content":{"rendered":"<p>Vous souhaitez pousser plus loin votre pratique infirmi\u00e8re? D\u00e9couvrez les diff\u00e9rents programmes offerts aux cycles sup\u00e9rieurs en sciences infirmi\u00e8res \u00e0 l\u2019UQAC:<\/p>\n<p><img decoding=\"async\" src=\"https:\/\/static.xx.fbcdn.net\/images\/emoji.php\/v9\/t33\/1\/16\/2705.png\" alt=\"\u2705\" \/>Microprogramme de 2e cycle en soins de plaies complexes<br \/>\n<img decoding=\"async\" src=\"https:\/\/static.xx.fbcdn.net\/images\/emoji.php\/v9\/t33\/1\/16\/2705.png\" alt=\"\u2705\" \/>\u00a0Ma\u00eetrise en sc. infirmi\u00e8res \u2013 IPS soins de premi\u00e8re ligne<br \/>\n<img decoding=\"async\" src=\"https:\/\/static.xx.fbcdn.net\/images\/emoji.php\/v9\/t33\/1\/16\/2705.png\" alt=\"\u2705\" \/>Ma\u00eetrise en sc. infirmi\u00e8res \u2013 Profil clinique<br \/>\n<img decoding=\"async\" src=\"https:\/\/static.xx.fbcdn.net\/images\/emoji.php\/v9\/t33\/1\/16\/2705.png\" alt=\"\u2705\" \/>\u00a0Ma\u00eetrise en sc. infirmi\u00e8res \u2013 Volet recherche<br \/>\n<img decoding=\"async\" src=\"https:\/\/static.xx.fbcdn.net\/images\/emoji.php\/v9\/t33\/1\/16\/2705.png\" alt=\"\u2705\" \/>\u00a0Doctorat en sciences infirmi\u00e8res<\/p>\n<p>Inscrivez-vous \u00e0 la rencontre d\u2019information o\u00f9 des responsables du programme seront pr\u00e9sents pour aborder les points suivants :<br \/>\n\u2022 Pr\u00e9sentation des diff\u00e9rents programmes de ma\u00eetrise<br \/>\n\u2022 Modalit\u00e9s de fonctionnement<br \/>\n\u2022 Stages<br \/>\n\u2022 Conditions d\u2019admission<\/p>\n<p><strong>Inscription : <a href=\"https:\/\/bit.ly\/sc-inf-25\">https:\/\/bit.ly\/sc-inf-25<\/a><\/strong><br \/>\nLien Zoom pour participer : <strong><a href=\"https:\/\/uqac.zoom.us\/j\/83794611659\">https:\/\/uqac.zoom.us\/j\/83794611659<\/a><\/strong><br \/>\nEn savoir plus sur nos programmes :\u00a0<strong><a href=\"https:\/\/www.uqac.ca\/programmes\/\">https:\/\/www.uqac.ca\/programmes\/<\/a><\/strong><\/p>\n","protected":false},"excerpt":{"rendered":"<p>Vous souhaitez pousser plus loin votre pratique infirmi\u00e8re? D\u00e9couvrez les diff\u00e9rents programmes offerts aux cycles sup\u00e9rieurs en sciences infirmi\u00e8res \u00e0 l\u2019UQAC: Microprogramme de 2e cycle en soins de plaies complexes [&hellip;]<\/p>\n","protected":false},"author":36,"featured_media":0,"template":"","meta":{"_acf_changed":false,"_tribe_events_status":"","_tribe_events_status_reason":"","_tribe_events_is_hybrid":"","_tribe_events_is_virtual":"","_tribe_events_virtual_video_source":"","_tribe_events_virtual_embed_video":"","_tribe_events_virtual_linked_button_text":"","_tribe_events_virtual_linked_button":"","_tribe_events_virtual_show_embed_at":"","_tribe_events_virtual_show_embed_to":[],"_tribe_events_virtual_show_on_event":"","_tribe_events_virtual_show_on_views":"","_tribe_events_virtual_url":"","footnotes":""},"tags":[31],"tribe_events_cat":[96],"class_list":["post-7669","tribe_events","type-tribe_events","status-publish","hentry","tag-dss","tribe_events_cat-activites-de-recrutement-2","cat_activites-de-recrutement-2"],"acf":[],"_links":{"self":[{"href":"https:\/\/www.uqac.ca\/calendrier\/wp-json\/wp\/v2\/tribe_events\/7669","targetHints":{"allow":["GET"]}}],"collection":[{"href":"https:\/\/www.uqac.ca\/calendrier\/wp-json\/wp\/v2\/tribe_events"}],"about":[{"href":"https:\/\/www.uqac.ca\/calendrier\/wp-json\/wp\/v2\/types\/tribe_events"}],"author":[{"embeddable":true,"href":"https:\/\/www.uqac.ca\/calendrier\/wp-json\/wp\/v2\/users\/36"}],"version-history":[{"count":1,"href":"https:\/\/www.uqac.ca\/calendrier\/wp-json\/wp\/v2\/tribe_events\/7669\/revisions"}],"predecessor-version":[{"id":7672,"href":"https:\/\/www.uqac.ca\/calendrier\/wp-json\/wp\/v2\/tribe_events\/7669\/revisions\/7672"}],"wp:attachment":[{"href":"https:\/\/www.uqac.ca\/calendrier\/wp-json\/wp\/v2\/media?parent=7669"}],"wp:term":[{"taxonomy":"post_tag","embeddable":true,"href":"https:\/\/www.uqac.ca\/calendrier\/wp-json\/wp\/v2\/tags?post=7669"},{"taxonomy":"tribe_events_cat","embeddable":true,"href":"https:\/\/www.uqac.ca\/calendrier\/wp-json\/wp\/v2\/tribe_events_cat?post=7669"}],"curies":[{"name":"wp","href":"https:\/\/api.w.org\/{rel}","templated":true}]}}