{"id":7704,"date":"2025-10-20T10:27:42","date_gmt":"2025-10-20T14:27:42","guid":{"rendered":"https:\/\/www.uqac.ca\/calendrier\/?post_type=tribe_events&#038;p=7704"},"modified":"2025-10-20T10:27:42","modified_gmt":"2025-10-20T14:27:42","slug":"hackathon-entrepreneurial","status":"publish","type":"tribe_events","link":"https:\/\/www.uqac.ca\/calendrier\/evenement\/hackathon-entrepreneurial\/","title":{"rendered":"Hackathon entrepreneurial"},"content":{"rendered":"<h4><img loading=\"lazy\" decoding=\"async\" class=\"alignnone wp-image-7706\" src=\"https:\/\/www.uqac.ca\/calendrier\/wp-content\/uploads\/2025\/10\/Hackathon-Ecrans-CCHIC-UQAC-CSTFE-CALMA-2025-2026-300x169.png\" alt=\"\" width=\"440\" height=\"248\" srcset=\"https:\/\/www.uqac.ca\/calendrier\/wp-content\/uploads\/2025\/10\/Hackathon-Ecrans-CCHIC-UQAC-CSTFE-CALMA-2025-2026-300x169.png 300w, https:\/\/www.uqac.ca\/calendrier\/wp-content\/uploads\/2025\/10\/Hackathon-Ecrans-CCHIC-UQAC-CSTFE-CALMA-2025-2026-1024x576.png 1024w, https:\/\/www.uqac.ca\/calendrier\/wp-content\/uploads\/2025\/10\/Hackathon-Ecrans-CCHIC-UQAC-CSTFE-CALMA-2025-2026-768x432.png 768w, https:\/\/www.uqac.ca\/calendrier\/wp-content\/uploads\/2025\/10\/Hackathon-Ecrans-CCHIC-UQAC-CSTFE-CALMA-2025-2026.png 1200w\" sizes=\"auto, (max-width: 440px) 100vw, 440px\" \/><\/h4>\n<h4>\ud835\udddb\ud835\uddee\ud835\uddf0\ud835\uddf8\ud835\uddee\ud835\ude01\ud835\uddf5\ud835\uddfc\ud835\uddfb \ud835\uddf2\ud835\uddfb\ud835\ude01\ud835\uddff\ud835\uddf2\ud835\uddfd\ud835\uddff\ud835\uddf2\ud835\uddfb\ud835\uddf2\ud835\ude02\ud835\uddff\ud835\uddf6\ud835\uddee\ud835\uddf9 \ud835\udfed\ud835\udfec\ud835\udfec % \ud835\uddf2\ud835\uddfb \ud835\uddf9\ud835\uddf6\ud835\uddf4\ud835\uddfb\ud835\uddf2<\/h4>\n<p>Le CEE-UQAC invite les \u00e9tudiant(e)s de l\u2019UQAC et des quatre coll\u00e8ges de la r\u00e9gion \u00e0 r\u00e9soudre une \u00e9tude de cas pratique entrepreneuriale! Voici une occasion unique pour toi de mobiliser ta cr\u00e9ativit\u00e9, tes comp\u00e9tences analytiques et ton esprit d\u2019innovation pour d\u00e9velopper une solution \u00e0 un probl\u00e8me concret.<br \/>\n\ud835\udde4\ud835\ude02\ud835\uddee\ud835\uddfb\ud835\uddf1? Du 3 au 7 novembre 2025<br \/>\n\ud835\uddd5\ud835\uddfc\ud835\ude02\ud835\uddff\ud835\ude00\ud835\uddf2\ud835\ude00 : totalisant 1 000 $<\/p>\n<p>Un immense merci \u00e0 nos partenaires INKUB Desjardins et D\u00e9veloppement \u00c9conomique Alma Lac-Saint-Jean pour leur g\u00e9n\u00e9reuse contribution en bourses.<br \/>\n*La comp\u00e9tition se d\u00e9roule en \u00e9quipes de 1 \u00e0 4 personnes. Des mentors seront disponibles pour te guider et t&rsquo;accompagner tout au long du processus.<\/p>\n<p>\ud835\udde3\ud835\uddfc\ud835\ude02\ud835\uddff \ud835\ude01\ud835\uddfc\ud835\ude02\ud835\ude00 \ud835\uddf9\ud835\uddf2\ud835\ude00 \ud835\uddf1\ud835\uddf2\u0301\ud835\ude01\ud835\uddee\ud835\uddf6\ud835\uddf9\ud835\ude00:<strong> <a href=\"https:\/\/ceeuqac.ca\/hackathon-entrepreneurial\/\">https:\/\/ceeuqac.ca\/hackathon-entrepreneurial\/<\/a><\/strong><\/p>\n","protected":false},"excerpt":{"rendered":"<p>\ud835\udddb\ud835\uddee\ud835\uddf0\ud835\uddf8\ud835\uddee\ud835\ude01\ud835\uddf5\ud835\uddfc\ud835\uddfb \ud835\uddf2\ud835\uddfb\ud835\ude01\ud835\uddff\ud835\uddf2\ud835\uddfd\ud835\uddff\ud835\uddf2\ud835\uddfb\ud835\uddf2\ud835\ude02\ud835\uddff\ud835\uddf6\ud835\uddee\ud835\uddf9 \ud835\udfed\ud835\udfec\ud835\udfec % \ud835\uddf2\ud835\uddfb \ud835\uddf9\ud835\uddf6\ud835\uddf4\ud835\uddfb\ud835\uddf2 Le CEE-UQAC invite les \u00e9tudiant(e)s de l\u2019UQAC et des quatre coll\u00e8ges de la r\u00e9gion \u00e0 r\u00e9soudre une \u00e9tude de cas pratique entrepreneuriale! Voici une [&hellip;]<\/p>\n","protected":false},"author":36,"featured_media":0,"template":"","meta":{"_acf_changed":false,"_tribe_events_status":"","_tribe_events_status_reason":"","_tribe_events_is_hybrid":"","_tribe_events_is_virtual":"","_tribe_events_virtual_video_source":"","_tribe_events_virtual_embed_video":"","_tribe_events_virtual_linked_button_text":"","_tribe_events_virtual_linked_button":"","_tribe_events_virtual_show_embed_at":"","_tribe_events_virtual_show_embed_to":[],"_tribe_events_virtual_show_on_event":"","_tribe_events_virtual_show_on_views":"","_tribe_events_virtual_url":"","footnotes":""},"tags":[164],"tribe_events_cat":[47],"class_list":["post-7704","tribe_events","type-tribe_events","status-publish","hentry","tag-cee-uqac","tribe_events_cat-concours-et-competitions","cat_concours-et-competitions"],"acf":[],"_links":{"self":[{"href":"https:\/\/www.uqac.ca\/calendrier\/wp-json\/wp\/v2\/tribe_events\/7704","targetHints":{"allow":["GET"]}}],"collection":[{"href":"https:\/\/www.uqac.ca\/calendrier\/wp-json\/wp\/v2\/tribe_events"}],"about":[{"href":"https:\/\/www.uqac.ca\/calendrier\/wp-json\/wp\/v2\/types\/tribe_events"}],"author":[{"embeddable":true,"href":"https:\/\/www.uqac.ca\/calendrier\/wp-json\/wp\/v2\/users\/36"}],"version-history":[{"count":2,"href":"https:\/\/www.uqac.ca\/calendrier\/wp-json\/wp\/v2\/tribe_events\/7704\/revisions"}],"predecessor-version":[{"id":7707,"href":"https:\/\/www.uqac.ca\/calendrier\/wp-json\/wp\/v2\/tribe_events\/7704\/revisions\/7707"}],"wp:attachment":[{"href":"https:\/\/www.uqac.ca\/calendrier\/wp-json\/wp\/v2\/media?parent=7704"}],"wp:term":[{"taxonomy":"post_tag","embeddable":true,"href":"https:\/\/www.uqac.ca\/calendrier\/wp-json\/wp\/v2\/tags?post=7704"},{"taxonomy":"tribe_events_cat","embeddable":true,"href":"https:\/\/www.uqac.ca\/calendrier\/wp-json\/wp\/v2\/tribe_events_cat?post=7704"}],"curies":[{"name":"wp","href":"https:\/\/api.w.org\/{rel}","templated":true}]}}