{"id":7826,"date":"2025-11-14T11:59:21","date_gmt":"2025-11-14T16:59:21","guid":{"rendered":"https:\/\/www.uqac.ca\/calendrier\/?post_type=tribe_events&#038;p=7826"},"modified":"2025-11-14T11:59:21","modified_gmt":"2025-11-14T16:59:21","slug":"panel-de-discussion-lexamen-oral-en-contexte-universitaire","status":"publish","type":"tribe_events","link":"https:\/\/www.uqac.ca\/calendrier\/evenement\/panel-de-discussion-lexamen-oral-en-contexte-universitaire\/","title":{"rendered":"Panel de discussion: L&rsquo;examen oral en contexte universitaire"},"content":{"rendered":"<p><img loading=\"lazy\" decoding=\"async\" class=\"alignnone wp-image-7827\" src=\"https:\/\/www.uqac.ca\/calendrier\/wp-content\/uploads\/2025\/11\/visuel-paneldediscussion-300x169.png\" alt=\"\" width=\"475\" height=\"267\" srcset=\"https:\/\/www.uqac.ca\/calendrier\/wp-content\/uploads\/2025\/11\/visuel-paneldediscussion-300x169.png 300w, https:\/\/www.uqac.ca\/calendrier\/wp-content\/uploads\/2025\/11\/visuel-paneldediscussion-1024x576.png 1024w, https:\/\/www.uqac.ca\/calendrier\/wp-content\/uploads\/2025\/11\/visuel-paneldediscussion-768x432.png 768w, https:\/\/www.uqac.ca\/calendrier\/wp-content\/uploads\/2025\/11\/visuel-paneldediscussion.png 1200w\" sizes=\"auto, (max-width: 475px) 100vw, 475px\" \/><\/p>\n<p>Le Comit\u00e9 d\u2019animation p\u00e9dagogique du Carrefour de l\u2019enseignement et de l\u2019apprentissage de l\u2019UQAC organise un panel de discussion sur l\u2019\u00e9valuation orale en contexte universitaire. Anim\u00e9 par \u00c9ric No\u00ebl, ce rendez-vous r\u00e9unira trois personnes enseignantes : Paul B\u00e9dard (sciences appliqu\u00e9es), Kim Godcher (sciences de l\u2019\u00e9ducation) et Jessica B\u00e9rub\u00e9 (informatique et math\u00e9matique). L\u2019objectif est d\u2019explorer les enjeux, les m\u00e9thodes et les d\u00e9fis li\u00e9s \u00e0 cette forme d\u2019\u00e9valuation, tout en partageant des retours d\u2019exp\u00e9rience concrets et des pistes d\u2019innovation.<\/p>\n","protected":false},"excerpt":{"rendered":"<p>Le Comit\u00e9 d\u2019animation p\u00e9dagogique du Carrefour de l\u2019enseignement et de l\u2019apprentissage de l\u2019UQAC organise un panel de discussion sur l\u2019\u00e9valuation orale en contexte universitaire. Anim\u00e9 par \u00c9ric No\u00ebl, ce rendez-vous [&hellip;]<\/p>\n","protected":false},"author":36,"featured_media":0,"template":"","meta":{"_acf_changed":false,"_tribe_events_status":"","_tribe_events_status_reason":"","_tribe_events_is_hybrid":"","_tribe_events_is_virtual":"","_tribe_events_virtual_video_source":"","_tribe_events_virtual_embed_video":"","_tribe_events_virtual_linked_button_text":"","_tribe_events_virtual_linked_button":"","_tribe_events_virtual_show_embed_at":"","_tribe_events_virtual_show_embed_to":[],"_tribe_events_virtual_show_on_event":"","_tribe_events_virtual_show_on_views":"","_tribe_events_virtual_url":"","footnotes":""},"tags":[],"tribe_events_cat":[23],"class_list":["post-7826","tribe_events","type-tribe_events","status-publish","hentry","tribe_events_cat-conferences-et-presentations","cat_conferences-et-presentations"],"acf":[],"_links":{"self":[{"href":"https:\/\/www.uqac.ca\/calendrier\/wp-json\/wp\/v2\/tribe_events\/7826","targetHints":{"allow":["GET"]}}],"collection":[{"href":"https:\/\/www.uqac.ca\/calendrier\/wp-json\/wp\/v2\/tribe_events"}],"about":[{"href":"https:\/\/www.uqac.ca\/calendrier\/wp-json\/wp\/v2\/types\/tribe_events"}],"author":[{"embeddable":true,"href":"https:\/\/www.uqac.ca\/calendrier\/wp-json\/wp\/v2\/users\/36"}],"version-history":[{"count":1,"href":"https:\/\/www.uqac.ca\/calendrier\/wp-json\/wp\/v2\/tribe_events\/7826\/revisions"}],"predecessor-version":[{"id":7829,"href":"https:\/\/www.uqac.ca\/calendrier\/wp-json\/wp\/v2\/tribe_events\/7826\/revisions\/7829"}],"wp:attachment":[{"href":"https:\/\/www.uqac.ca\/calendrier\/wp-json\/wp\/v2\/media?parent=7826"}],"wp:term":[{"taxonomy":"post_tag","embeddable":true,"href":"https:\/\/www.uqac.ca\/calendrier\/wp-json\/wp\/v2\/tags?post=7826"},{"taxonomy":"tribe_events_cat","embeddable":true,"href":"https:\/\/www.uqac.ca\/calendrier\/wp-json\/wp\/v2\/tribe_events_cat?post=7826"}],"curies":[{"name":"wp","href":"https:\/\/api.w.org\/{rel}","templated":true}]}}