{"id":7838,"date":"2025-11-17T11:14:33","date_gmt":"2025-11-17T16:14:33","guid":{"rendered":"https:\/\/www.uqac.ca\/calendrier\/?post_type=tribe_events&#038;p=7838"},"modified":"2025-11-17T11:16:08","modified_gmt":"2025-11-17T16:16:08","slug":"conference-grand-feu-de-1870-regards-historiques-et-artistiques-sur-un-evenement-fondateur","status":"publish","type":"tribe_events","link":"https:\/\/www.uqac.ca\/calendrier\/evenement\/conference-grand-feu-de-1870-regards-historiques-et-artistiques-sur-un-evenement-fondateur\/","title":{"rendered":"Conf\u00e9rence &#8211; Grand Feu de 1870 : Regards historiques et artistiques sur un \u00e9v\u00e9nement fondateur"},"content":{"rendered":"<p><strong>Conf\u00e9rence sur le Grand Feu de 1870 par <a href=\"https:\/\/portfolio.uqac.ca\/francoisolivierdorais\/\">Fran\u00e7ois-Olivier Dorais<\/a>, professeur d\u2019histoire \u00e0 l\u2019UQAC, suivie d\u2019une discussion avec les photographes Nicolas L\u00e9vesque et Sophie Gagnon-Bergeron<\/strong><\/p>\n<p>Une occasion de mieux comprendre cet \u00e9v\u00e9nement marquant pour le Saguenay\u2013Lac-Saint-Jean et son impact sur les g\u00e9n\u00e9rations qui ont suivies, jusqu\u2019\u00e0 aujourd\u2019hui. Comment est-ce que cet \u00e9v\u00e9nement pass\u00e9 peut orienter un questionnement sur le pr\u00e9sent? Comment peut-il servir de mat\u00e9riau pour un projet artistique?<\/p>\n<p>Cette activit\u00e9 s\u2019inscrit en parall\u00e8le de la pr\u00e9sentation de l\u2019exposition Grand Feu, pr\u00e9sent\u00e9e \u00e0 l\u2019Odyss\u00e9e des B\u00e2tisseurs jusqu\u2019en mai 2026 et r\u00e9alis\u00e9e par les artistes et photographes Nicolas L\u00e9vesque et Sophie Gagnon-Bergeron. L\u2019exposition sera ouverte gratuitement au public pour l\u2019occasion.<\/p>\n<p><strong><a href=\"https:\/\/www.facebook.com\/events\/1774153759878806\/\">Visiter la page Facebook de l&rsquo;\u00e9v\u00e9nement<\/a><\/strong><\/p>\n<p>&nbsp;<\/p>\n","protected":false},"excerpt":{"rendered":"<p>Conf\u00e9rence sur le Grand Feu de 1870 par Fran\u00e7ois-Olivier Dorais, professeur d\u2019histoire \u00e0 l\u2019UQAC, suivie d\u2019une discussion avec les photographes Nicolas L\u00e9vesque et Sophie Gagnon-Bergeron Une occasion de mieux comprendre [&hellip;]<\/p>\n","protected":false},"author":36,"featured_media":0,"template":"","meta":{"_acf_changed":false,"_tribe_events_status":"","_tribe_events_status_reason":"","_tribe_events_is_hybrid":"","_tribe_events_is_virtual":"","_tribe_events_virtual_video_source":"","_tribe_events_virtual_embed_video":"","_tribe_events_virtual_linked_button_text":"","_tribe_events_virtual_linked_button":"","_tribe_events_virtual_show_embed_at":"","_tribe_events_virtual_show_embed_to":[],"_tribe_events_virtual_show_on_event":"","_tribe_events_virtual_show_on_views":"","_tribe_events_virtual_url":"","footnotes":""},"tags":[],"tribe_events_cat":[],"class_list":["post-7838","tribe_events","type-tribe_events","status-publish","hentry"],"acf":[],"_links":{"self":[{"href":"https:\/\/www.uqac.ca\/calendrier\/wp-json\/wp\/v2\/tribe_events\/7838","targetHints":{"allow":["GET"]}}],"collection":[{"href":"https:\/\/www.uqac.ca\/calendrier\/wp-json\/wp\/v2\/tribe_events"}],"about":[{"href":"https:\/\/www.uqac.ca\/calendrier\/wp-json\/wp\/v2\/types\/tribe_events"}],"author":[{"embeddable":true,"href":"https:\/\/www.uqac.ca\/calendrier\/wp-json\/wp\/v2\/users\/36"}],"version-history":[{"count":3,"href":"https:\/\/www.uqac.ca\/calendrier\/wp-json\/wp\/v2\/tribe_events\/7838\/revisions"}],"predecessor-version":[{"id":7843,"href":"https:\/\/www.uqac.ca\/calendrier\/wp-json\/wp\/v2\/tribe_events\/7838\/revisions\/7843"}],"wp:attachment":[{"href":"https:\/\/www.uqac.ca\/calendrier\/wp-json\/wp\/v2\/media?parent=7838"}],"wp:term":[{"taxonomy":"post_tag","embeddable":true,"href":"https:\/\/www.uqac.ca\/calendrier\/wp-json\/wp\/v2\/tags?post=7838"},{"taxonomy":"tribe_events_cat","embeddable":true,"href":"https:\/\/www.uqac.ca\/calendrier\/wp-json\/wp\/v2\/tribe_events_cat?post=7838"}],"curies":[{"name":"wp","href":"https:\/\/api.w.org\/{rel}","templated":true}]}}