{"id":7880,"date":"2025-11-25T10:57:25","date_gmt":"2025-11-25T15:57:25","guid":{"rendered":"https:\/\/www.uqac.ca\/calendrier\/?post_type=tribe_events&#038;p=7880"},"modified":"2026-01-23T10:09:20","modified_gmt":"2026-01-23T15:09:20","slug":"rencontre-dinformation-baccalaureat-en-intervention-plein-air","status":"publish","type":"tribe_events","link":"https:\/\/www.uqac.ca\/calendrier\/evenement\/rencontre-dinformation-baccalaureat-en-intervention-plein-air\/","title":{"rendered":"Rencontre d&rsquo;information | Baccalaur\u00e9at en intervention plein air"},"content":{"rendered":"<p><img loading=\"lazy\" decoding=\"async\" class=\"alignnone wp-image-7882\" src=\"https:\/\/www.uqac.ca\/calendrier\/wp-content\/uploads\/2025\/11\/NUM_IntervPleinAirH25_Fbk-Lkdn-ImPartage1200x628-10-300x157.jpg\" alt=\"\" width=\"443\" height=\"232\" srcset=\"https:\/\/www.uqac.ca\/calendrier\/wp-content\/uploads\/2025\/11\/NUM_IntervPleinAirH25_Fbk-Lkdn-ImPartage1200x628-10-300x157.jpg 300w, https:\/\/www.uqac.ca\/calendrier\/wp-content\/uploads\/2025\/11\/NUM_IntervPleinAirH25_Fbk-Lkdn-ImPartage1200x628-10-1024x536.jpg 1024w, https:\/\/www.uqac.ca\/calendrier\/wp-content\/uploads\/2025\/11\/NUM_IntervPleinAirH25_Fbk-Lkdn-ImPartage1200x628-10-768x402.jpg 768w, https:\/\/www.uqac.ca\/calendrier\/wp-content\/uploads\/2025\/11\/NUM_IntervPleinAirH25_Fbk-Lkdn-ImPartage1200x628-10.jpg 1200w\" sizes=\"auto, (max-width: 443px) 100vw, 443px\" \/><\/p>\n<p>La nature et l&rsquo;aventure vous appellent? Apprenez comment en faire votre profession en devenant intervenant en plein air.<\/p>\n<p>Anim\u00e9e par Pascal Morin, coordonnateur du programme et charg\u00e9 de cours, cette rencontre fera le survol du profil du candidat, du processus de s\u00e9lection, du cheminement ainsi que des activit\u00e9s de stage.<\/p>\n<p>\ud835\udde2\ud835\uddef\ud835\ude01\ud835\uddf2\ud835\uddfb\ud835\uddf2\ud835\ude07 \ud835\uddfd\ud835\uddf9\ud835\ude02\ud835\ude00 \ud835\uddf1&rsquo;\ud835\uddf6\ud835\uddfb\ud835\uddf3\ud835\uddfc\ud835\uddff\ud835\uddfa\ud835\uddee\ud835\ude01\ud835\uddf6\ud835\uddfc\ud835\uddfb\ud835\ude00 \ud835\ude00\ud835\ude02\ud835\uddff \ud835\uddf9\ud835\uddf2 \ud835\uddfd\ud835\uddff\ud835\uddfc\ud835\uddf4\ud835\uddff\ud835\uddee\ud835\uddfa\ud835\uddfa\ud835\uddf2 \ud83d\udc49 <a href=\"https:\/\/www.uqac.ca\/programme\/7309-baccalaureat-en-intervention-plein-air\/\">https:\/\/www.uqac.ca\/programme\/7309-baccalaureat-en-intervention-plein-air\/<\/a><\/p>\n<p>&nbsp;<\/p>\n<p><a class=\"btn btn-black btn-icon mdi mdi-file-document\" href=\"https:\/\/can01.safelinks.protection.outlook.com\/?url=https%3A%2F%2Fuqac.zoom.us%2Fj%2F7584609523&amp;data=05%7C02%7Cvgfrias%40uqac.ca%7Cb053c53b6c6e4dc7a74c08de002cae2b%7Cc97978b1bd4c44b59bbb20215efdf611%7C0%7C0%7C638948389100585981%7CUnknown%7CTWFpbGZsb3d8eyJFbXB0eU1hcGkiOnRydWUsIlYiOiIwLjAuMDAwMCIsIlAiOiJXaW4zMiIsIkFOIjoiTWFpbCIsIldUIjoyfQ%3D%3D%7C0%7C%7C%7C&amp;sdata=zPnbI4E59XmEdX5w9eeCCz8W7tBHjvWHBSafE%2BcDIrw%3D&amp;reserved=0\" target=\"_blank\" rel=\"noopener\">Joindre la rencontre<\/a><\/p>\n","protected":false},"excerpt":{"rendered":"<p>La nature et l&rsquo;aventure vous appellent? Apprenez comment en faire votre profession en devenant intervenant en plein air. Anim\u00e9e par Pascal Morin, coordonnateur du programme et charg\u00e9 de cours, cette [&hellip;]<\/p>\n","protected":false},"author":1,"featured_media":0,"template":"","meta":{"_acf_changed":false,"_tribe_events_status":"","_tribe_events_status_reason":"","_tribe_events_is_hybrid":"","_tribe_events_is_virtual":"","_tribe_events_virtual_video_source":"","_tribe_events_virtual_embed_video":"","_tribe_events_virtual_linked_button_text":"","_tribe_events_virtual_linked_button":"","_tribe_events_virtual_show_embed_at":"","_tribe_events_virtual_show_embed_to":[],"_tribe_events_virtual_show_on_event":"","_tribe_events_virtual_show_on_views":"","_tribe_events_virtual_url":"","footnotes":""},"tags":[],"tribe_events_cat":[93],"class_list":["post-7880","tribe_events","type-tribe_events","status-publish","hentry","tribe_events_cat-activites-de-recrutement","cat_activites-de-recrutement"],"acf":[],"_links":{"self":[{"href":"https:\/\/www.uqac.ca\/calendrier\/wp-json\/wp\/v2\/tribe_events\/7880","targetHints":{"allow":["GET"]}}],"collection":[{"href":"https:\/\/www.uqac.ca\/calendrier\/wp-json\/wp\/v2\/tribe_events"}],"about":[{"href":"https:\/\/www.uqac.ca\/calendrier\/wp-json\/wp\/v2\/types\/tribe_events"}],"author":[{"embeddable":true,"href":"https:\/\/www.uqac.ca\/calendrier\/wp-json\/wp\/v2\/users\/1"}],"version-history":[{"count":5,"href":"https:\/\/www.uqac.ca\/calendrier\/wp-json\/wp\/v2\/tribe_events\/7880\/revisions"}],"predecessor-version":[{"id":8185,"href":"https:\/\/www.uqac.ca\/calendrier\/wp-json\/wp\/v2\/tribe_events\/7880\/revisions\/8185"}],"wp:attachment":[{"href":"https:\/\/www.uqac.ca\/calendrier\/wp-json\/wp\/v2\/media?parent=7880"}],"wp:term":[{"taxonomy":"post_tag","embeddable":true,"href":"https:\/\/www.uqac.ca\/calendrier\/wp-json\/wp\/v2\/tags?post=7880"},{"taxonomy":"tribe_events_cat","embeddable":true,"href":"https:\/\/www.uqac.ca\/calendrier\/wp-json\/wp\/v2\/tribe_events_cat?post=7880"}],"curies":[{"name":"wp","href":"https:\/\/api.w.org\/{rel}","templated":true}]}}