{"id":8194,"date":"2026-01-29T08:15:32","date_gmt":"2026-01-29T13:15:32","guid":{"rendered":"https:\/\/www.uqac.ca\/calendrier\/?post_type=tribe_events&#038;p=8194"},"modified":"2026-01-30T14:51:26","modified_gmt":"2026-01-30T19:51:26","slug":"finale-locale-du-concours-deloquence-delie-ta-langue-2","status":"publish","type":"tribe_events","link":"https:\/\/www.uqac.ca\/calendrier\/evenement\/finale-locale-du-concours-deloquence-delie-ta-langue-2\/","title":{"rendered":"Finale locale du concours d&rsquo;\u00e9loquence D\u00e9lie ta langue!"},"content":{"rendered":"<p><strong><img decoding=\"async\" src=\"https:\/\/www.uqac.ca\/calendrier\/wp-content\/uploads\/2024\/09\/NUM_DelieTaLangueA23_Fbk-Lkdn-ImPartage1200x628-300x157.jpg\" \/><\/strong><\/p>\n<h6>L&rsquo;UQAC pr\u00e9sente la finale locale du concours d&rsquo;\u00e9loquence D\u00e9lie ta langue!<\/h6>\n<p>Ce concours universitaire national prend la forme d\u2019une pr\u00e9sentation orale de style professionnel. Il met en valeur des expressions fran\u00e7aises choisies, analys\u00e9es et expliqu\u00e9es par les concurrents et concurrentes, qui doivent de plus faire un lien entre l\u2019expression choisie et un enjeu social.<\/p>\n<p><strong>Venez encourager les finalistes et voter pour le prix coup de coeur du public!<\/strong><\/p>\n<p>Finalistes :<\/p>\n<ul>\n<li>Oc\u00e9anne B\u00e9rub\u00e9, baccalaur\u00e9at en psychologie<\/li>\n<li>G\u00e9mino Ruffault-Ravenel, baccalaur\u00e9at en informatique<\/li>\n<li>R\u00e9mi Monet, baccalaur\u00e9at en administration<\/li>\n<li>\u00c9va Lalancette, baccalaur\u00e9at en enseignement secondaire &#8211; profil fran\u00e7ais<\/li>\n<li>Ihasintsoa Steevy Razakanaivo Rabe, baccalaur\u00e9at en administration<\/li>\n<\/ul>\n<p>Le gagnant ou la gagnante repr\u00e9sentera l&rsquo;UQAC \u00e0 la finale nationale le <strong>30 mars 2026<\/strong>, \u00e0 Montr\u00e9al.<\/p>\n<p>&nbsp;<\/p>\n","protected":false},"excerpt":{"rendered":"<p>L&rsquo;UQAC pr\u00e9sente la finale locale du concours d&rsquo;\u00e9loquence D\u00e9lie ta langue! Ce concours universitaire national prend la forme d\u2019une pr\u00e9sentation orale de style professionnel. Il met en valeur des expressions [&hellip;]<\/p>\n","protected":false},"author":36,"featured_media":0,"template":"","meta":{"_acf_changed":false,"_tribe_events_status":"","_tribe_events_status_reason":"","_tribe_events_is_hybrid":"","_tribe_events_is_virtual":"","_tribe_events_virtual_video_source":"","_tribe_events_virtual_embed_video":"","_tribe_events_virtual_linked_button_text":"","_tribe_events_virtual_linked_button":"","_tribe_events_virtual_show_embed_at":"","_tribe_events_virtual_show_embed_to":[],"_tribe_events_virtual_show_on_event":"","_tribe_events_virtual_show_on_views":"","_tribe_events_virtual_url":"","footnotes":""},"tags":[],"tribe_events_cat":[47],"class_list":["post-8194","tribe_events","type-tribe_events","status-publish","hentry","tribe_events_cat-concours-et-competitions","cat_concours-et-competitions"],"acf":[],"_links":{"self":[{"href":"https:\/\/www.uqac.ca\/calendrier\/wp-json\/wp\/v2\/tribe_events\/8194","targetHints":{"allow":["GET"]}}],"collection":[{"href":"https:\/\/www.uqac.ca\/calendrier\/wp-json\/wp\/v2\/tribe_events"}],"about":[{"href":"https:\/\/www.uqac.ca\/calendrier\/wp-json\/wp\/v2\/types\/tribe_events"}],"author":[{"embeddable":true,"href":"https:\/\/www.uqac.ca\/calendrier\/wp-json\/wp\/v2\/users\/36"}],"version-history":[{"count":15,"href":"https:\/\/www.uqac.ca\/calendrier\/wp-json\/wp\/v2\/tribe_events\/8194\/revisions"}],"predecessor-version":[{"id":8215,"href":"https:\/\/www.uqac.ca\/calendrier\/wp-json\/wp\/v2\/tribe_events\/8194\/revisions\/8215"}],"wp:attachment":[{"href":"https:\/\/www.uqac.ca\/calendrier\/wp-json\/wp\/v2\/media?parent=8194"}],"wp:term":[{"taxonomy":"post_tag","embeddable":true,"href":"https:\/\/www.uqac.ca\/calendrier\/wp-json\/wp\/v2\/tags?post=8194"},{"taxonomy":"tribe_events_cat","embeddable":true,"href":"https:\/\/www.uqac.ca\/calendrier\/wp-json\/wp\/v2\/tribe_events_cat?post=8194"}],"curies":[{"name":"wp","href":"https:\/\/api.w.org\/{rel}","templated":true}]}}