{"id":8508,"date":"2026-04-15T14:17:41","date_gmt":"2026-04-15T18:17:41","guid":{"rendered":"https:\/\/www.uqac.ca\/calendrier\/?post_type=tribe_events&#038;p=8508"},"modified":"2026-04-15T14:36:00","modified_gmt":"2026-04-15T18:36:00","slug":"presentation-de-films-documentaires-des-etudiants-et-etudiantes-en-arts-mediatiques","status":"publish","type":"tribe_events","link":"https:\/\/www.uqac.ca\/calendrier\/evenement\/presentation-de-films-documentaires-des-etudiants-et-etudiantes-en-arts-mediatiques\/","title":{"rendered":"Pr\u00e9sentation de films documentaires des \u00e9tudiantes et \u00e9tudiants en arts m\u00e9diatiques"},"content":{"rendered":"<p>Le cours <em>Atelier arts m\u00e9diatiques<\/em> initie les \u00e9tudiant(e)s aux principaux outils, techniques et langages propres aux arts m\u00e9diatiques contemporains. \u00c0 travers l\u2019exploration de l\u2019image fixe, de la vid\u00e9o et du son, il permet de d\u00e9velopper \u00e0 la fois une ma\u00eetrise technique des dispositifs de captation et de postproduction, ainsi qu\u2019une r\u00e9flexion critique sur leur potentiel artistique.<\/p>\n<p>Visitez la galerie L&rsquo;\u0152uvre de l&rsquo;Autre pour d\u00e9couvrir les \u0153uvres!<\/p>\n","protected":false},"excerpt":{"rendered":"<p>Le cours Atelier arts m\u00e9diatiques initie les \u00e9tudiant(e)s aux principaux outils, techniques et langages propres aux arts m\u00e9diatiques contemporains. \u00c0 travers l\u2019exploration de l\u2019image fixe, de la vid\u00e9o et du [&hellip;]<\/p>\n","protected":false},"author":7,"featured_media":0,"template":"","meta":{"_acf_changed":false,"_tribe_events_status":"","_tribe_events_status_reason":"","_tribe_events_is_hybrid":"","_tribe_events_is_virtual":"","_tribe_events_virtual_video_source":"","_tribe_events_virtual_embed_video":"","_tribe_events_virtual_linked_button_text":"","_tribe_events_virtual_linked_button":"","_tribe_events_virtual_show_embed_at":"","_tribe_events_virtual_show_embed_to":[],"_tribe_events_virtual_show_on_event":"","_tribe_events_virtual_show_on_views":"","_tribe_events_virtual_url":"","footnotes":""},"tags":[],"tribe_events_cat":[23,26],"class_list":["post-8508","tribe_events","type-tribe_events","status-publish","hentry","tribe_events_cat-conferences-et-presentations","tribe_events_cat-enseignement-rechercher-et-formation","cat_conferences-et-presentations","cat_enseignement-rechercher-et-formation"],"acf":[],"_links":{"self":[{"href":"https:\/\/www.uqac.ca\/calendrier\/wp-json\/wp\/v2\/tribe_events\/8508","targetHints":{"allow":["GET"]}}],"collection":[{"href":"https:\/\/www.uqac.ca\/calendrier\/wp-json\/wp\/v2\/tribe_events"}],"about":[{"href":"https:\/\/www.uqac.ca\/calendrier\/wp-json\/wp\/v2\/types\/tribe_events"}],"author":[{"embeddable":true,"href":"https:\/\/www.uqac.ca\/calendrier\/wp-json\/wp\/v2\/users\/7"}],"version-history":[{"count":7,"href":"https:\/\/www.uqac.ca\/calendrier\/wp-json\/wp\/v2\/tribe_events\/8508\/revisions"}],"predecessor-version":[{"id":8520,"href":"https:\/\/www.uqac.ca\/calendrier\/wp-json\/wp\/v2\/tribe_events\/8508\/revisions\/8520"}],"wp:attachment":[{"href":"https:\/\/www.uqac.ca\/calendrier\/wp-json\/wp\/v2\/media?parent=8508"}],"wp:term":[{"taxonomy":"post_tag","embeddable":true,"href":"https:\/\/www.uqac.ca\/calendrier\/wp-json\/wp\/v2\/tags?post=8508"},{"taxonomy":"tribe_events_cat","embeddable":true,"href":"https:\/\/www.uqac.ca\/calendrier\/wp-json\/wp\/v2\/tribe_events_cat?post=8508"}],"curies":[{"name":"wp","href":"https:\/\/api.w.org\/{rel}","templated":true}]}}