{"id":8522,"date":"2026-04-16T14:29:02","date_gmt":"2026-04-16T18:29:02","guid":{"rendered":"https:\/\/www.uqac.ca\/calendrier\/?post_type=tribe_events&#038;p=8522"},"modified":"2026-04-16T14:29:02","modified_gmt":"2026-04-16T18:29:02","slug":"exposition-des-etudiantes-et-etudiants-en-arts","status":"publish","type":"tribe_events","link":"https:\/\/www.uqac.ca\/calendrier\/evenement\/exposition-des-etudiantes-et-etudiants-en-arts\/","title":{"rendered":"Exposition des \u00e9tudiantes et \u00e9tudiants en arts"},"content":{"rendered":"<p>D\u00e9couvrez cette exposition, pr\u00e9sent\u00e9e exclusivement dans le cadre des F\u00eates de la reconnaissance, et regroupant des \u0153uvres choisies d\u2019\u00e9tudiantes et d\u2019\u00e9tudiants des cours<em>\u00a0Images grand format<\/em>s et\u00a0<em>Atelier arts m\u00e9diatiques<\/em>\u00a0de Catherine Tremblay;\u00a0<em>\u00c9clairage au th\u00e9\u00e2tre<\/em>\u00a0de Alexandre Nadeau ainsi que des cours de c\u00e9ramique de Yanick Potvin et sculptures et de dessins de Mathieu Valade.<\/p>\n<p>Par ces \u0153uvres s\u2019ouvre une fen\u00eatre sur le travail r\u00e9alis\u00e9 par les jeunes artistes en formations :<br \/>\nGuillaume Larochelle, Jade Bisson, Simone Maltais, Coralie Anfraix, Emmy Tremblay, Brooke Elizabeth, Naomie Lafontaine, Dorianne Tremblay.<\/p>\n<p>\u2013 Activit\u00e9 propos\u00e9e dans le cadre des <a href=\"https:\/\/www.uqac.ca\/reconnaissance\/\">F\u00eates de la reconnaissance 2026<\/a> \u2013<\/p>\n","protected":false},"excerpt":{"rendered":"<p>D\u00e9couvrez cette exposition, pr\u00e9sent\u00e9e exclusivement dans le cadre des F\u00eates de la reconnaissance, et regroupant des \u0153uvres choisies d\u2019\u00e9tudiantes et d\u2019\u00e9tudiants des cours\u00a0Images grand formats et\u00a0Atelier arts m\u00e9diatiques\u00a0de Catherine Tremblay;\u00a0\u00c9clairage [&hellip;]<\/p>\n","protected":false},"author":7,"featured_media":0,"template":"","meta":{"_acf_changed":false,"_tribe_events_status":"","_tribe_events_status_reason":"","_tribe_events_is_hybrid":"","_tribe_events_is_virtual":"","_tribe_events_virtual_video_source":"","_tribe_events_virtual_embed_video":"","_tribe_events_virtual_linked_button_text":"","_tribe_events_virtual_linked_button":"","_tribe_events_virtual_show_embed_at":"","_tribe_events_virtual_show_embed_to":[],"_tribe_events_virtual_show_on_event":"","_tribe_events_virtual_show_on_views":"","_tribe_events_virtual_url":"","footnotes":""},"tags":[],"tribe_events_cat":[17,26,24,35],"class_list":["post-8522","tribe_events","type-tribe_events","status-publish","hentry","tribe_events_cat-arts-et-performances","tribe_events_cat-enseignement-rechercher-et-formation","tribe_events_cat-evenements-institutionnels","tribe_events_cat-rencontres-et-evenements-festifs","cat_arts-et-performances","cat_enseignement-rechercher-et-formation","cat_evenements-institutionnels","cat_rencontres-et-evenements-festifs"],"acf":[],"_links":{"self":[{"href":"https:\/\/www.uqac.ca\/calendrier\/wp-json\/wp\/v2\/tribe_events\/8522","targetHints":{"allow":["GET"]}}],"collection":[{"href":"https:\/\/www.uqac.ca\/calendrier\/wp-json\/wp\/v2\/tribe_events"}],"about":[{"href":"https:\/\/www.uqac.ca\/calendrier\/wp-json\/wp\/v2\/types\/tribe_events"}],"author":[{"embeddable":true,"href":"https:\/\/www.uqac.ca\/calendrier\/wp-json\/wp\/v2\/users\/7"}],"version-history":[{"count":1,"href":"https:\/\/www.uqac.ca\/calendrier\/wp-json\/wp\/v2\/tribe_events\/8522\/revisions"}],"predecessor-version":[{"id":8523,"href":"https:\/\/www.uqac.ca\/calendrier\/wp-json\/wp\/v2\/tribe_events\/8522\/revisions\/8523"}],"wp:attachment":[{"href":"https:\/\/www.uqac.ca\/calendrier\/wp-json\/wp\/v2\/media?parent=8522"}],"wp:term":[{"taxonomy":"post_tag","embeddable":true,"href":"https:\/\/www.uqac.ca\/calendrier\/wp-json\/wp\/v2\/tags?post=8522"},{"taxonomy":"tribe_events_cat","embeddable":true,"href":"https:\/\/www.uqac.ca\/calendrier\/wp-json\/wp\/v2\/tribe_events_cat?post=8522"}],"curies":[{"name":"wp","href":"https:\/\/api.w.org\/{rel}","templated":true}]}}