{"id":8533,"date":"2026-04-20T16:23:25","date_gmt":"2026-04-20T20:23:25","guid":{"rendered":"https:\/\/www.uqac.ca\/calendrier\/?post_type=tribe_events&#038;p=8533"},"modified":"2026-04-20T16:23:25","modified_gmt":"2026-04-20T20:23:25","slug":"rencontre-discussion-avec-jean-francois-lepine-la-decennie-dangereuse","status":"publish","type":"tribe_events","link":"https:\/\/www.uqac.ca\/calendrier\/evenement\/rencontre-discussion-avec-jean-francois-lepine-la-decennie-dangereuse\/","title":{"rendered":"Rencontre-discussion avec Jean-Fran\u00e7ois L\u00e9pine | La d\u00e9cennie dangereuse"},"content":{"rendered":"<p><img loading=\"lazy\" decoding=\"async\" class=\"alignnone wp-image-8534\" src=\"https:\/\/www.uqac.ca\/calendrier\/wp-content\/uploads\/2026\/04\/NUM_Rencontre_JFLepineH26_Fbk-Lkdn-1200x628-1-300x157.jpg\" alt=\"\" width=\"450\" height=\"236\" srcset=\"https:\/\/www.uqac.ca\/calendrier\/wp-content\/uploads\/2026\/04\/NUM_Rencontre_JFLepineH26_Fbk-Lkdn-1200x628-1-300x157.jpg 300w, https:\/\/www.uqac.ca\/calendrier\/wp-content\/uploads\/2026\/04\/NUM_Rencontre_JFLepineH26_Fbk-Lkdn-1200x628-1-1024x536.jpg 1024w, https:\/\/www.uqac.ca\/calendrier\/wp-content\/uploads\/2026\/04\/NUM_Rencontre_JFLepineH26_Fbk-Lkdn-1200x628-1-768x402.jpg 768w, https:\/\/www.uqac.ca\/calendrier\/wp-content\/uploads\/2026\/04\/NUM_Rencontre_JFLepineH26_Fbk-Lkdn-1200x628-1.jpg 1200w\" sizes=\"auto, (max-width: 450px) 100vw, 450px\" \/><\/p>\n<p>C\u2019est avec plaisir que nous vous invitons \u00e0 un moment privil\u00e9gi\u00e9 avec Jean-Fran\u00e7ois L\u00e9pine, journaliste \u00e9m\u00e9rite et analyste international dans les m\u00e9dias, consultant en g\u00e9opolitique et chroniqueur international. L\u2019activit\u00e9 se d\u00e9roule en marge de la collation des grades du 2 mai 2026, o\u00f9 il recevra la plus haute distinction honorifique de notre universit\u00e9. Nous profiterons de sa pr\u00e9sence pour l\u2019entendre sur \u00ab la d\u00e9cennie dangereuse \u00bb, une br\u00e8ve conf\u00e9rence qui lui permet de dresser un portrait du contexte g\u00e9opolitique actuel. Par la suite, il \u00e9changera avec la communaut\u00e9 universitaire de l\u2019UQAC sur les questions d\u2019actualit\u00e9s.<\/p>\n<div class=\"x14z9mp xat24cr x1lziwak x1vvkbs xtlvy1s\">OUVERT \u00c0 TOUS ET TOUTES<\/div>\n","protected":false},"excerpt":{"rendered":"<p>C\u2019est avec plaisir que nous vous invitons \u00e0 un moment privil\u00e9gi\u00e9 avec Jean-Fran\u00e7ois L\u00e9pine, journaliste \u00e9m\u00e9rite et analyste international dans les m\u00e9dias, consultant en g\u00e9opolitique et chroniqueur international. L\u2019activit\u00e9 se [&hellip;]<\/p>\n","protected":false},"author":36,"featured_media":0,"template":"","meta":{"_acf_changed":false,"_tribe_events_status":"","_tribe_events_status_reason":"","_tribe_events_is_hybrid":"","_tribe_events_is_virtual":"","_tribe_events_virtual_video_source":"","_tribe_events_virtual_embed_video":"","_tribe_events_virtual_linked_button_text":"","_tribe_events_virtual_linked_button":"","_tribe_events_virtual_show_embed_at":"","_tribe_events_virtual_show_embed_to":[],"_tribe_events_virtual_show_on_event":"","_tribe_events_virtual_show_on_views":"","_tribe_events_virtual_url":"","footnotes":""},"tags":[],"tribe_events_cat":[23],"class_list":["post-8533","tribe_events","type-tribe_events","status-publish","hentry","tribe_events_cat-conferences-et-presentations","cat_conferences-et-presentations"],"acf":[],"_links":{"self":[{"href":"https:\/\/www.uqac.ca\/calendrier\/wp-json\/wp\/v2\/tribe_events\/8533","targetHints":{"allow":["GET"]}}],"collection":[{"href":"https:\/\/www.uqac.ca\/calendrier\/wp-json\/wp\/v2\/tribe_events"}],"about":[{"href":"https:\/\/www.uqac.ca\/calendrier\/wp-json\/wp\/v2\/types\/tribe_events"}],"author":[{"embeddable":true,"href":"https:\/\/www.uqac.ca\/calendrier\/wp-json\/wp\/v2\/users\/36"}],"version-history":[{"count":1,"href":"https:\/\/www.uqac.ca\/calendrier\/wp-json\/wp\/v2\/tribe_events\/8533\/revisions"}],"predecessor-version":[{"id":8535,"href":"https:\/\/www.uqac.ca\/calendrier\/wp-json\/wp\/v2\/tribe_events\/8533\/revisions\/8535"}],"wp:attachment":[{"href":"https:\/\/www.uqac.ca\/calendrier\/wp-json\/wp\/v2\/media?parent=8533"}],"wp:term":[{"taxonomy":"post_tag","embeddable":true,"href":"https:\/\/www.uqac.ca\/calendrier\/wp-json\/wp\/v2\/tags?post=8533"},{"taxonomy":"tribe_events_cat","embeddable":true,"href":"https:\/\/www.uqac.ca\/calendrier\/wp-json\/wp\/v2\/tribe_events_cat?post=8533"}],"curies":[{"name":"wp","href":"https:\/\/api.w.org\/{rel}","templated":true}]}}