{"id":404,"date":"2021-08-16T17:32:24","date_gmt":"2021-08-16T15:32:24","guid":{"rendered":"http:\/\/www.uqac.ca\/covideuil\/?page_id=404"},"modified":"2024-09-16T13:11:52","modified_gmt":"2024-09-16T18:11:52","slug":"faits-saillants","status":"publish","type":"page","link":"https:\/\/www.uqac.ca\/covideuil\/faits-saillants\/","title":{"rendered":"Faits saillants"},"content":{"rendered":"<div class=\"main-container\">\n<div class=\"fait-container\">\n<div class=\"fait-title\">\n<h3 class=\"fait-title-value\">Feuillet num\u00e9ro 1: <a href=\"https:\/\/www.uqac.ca\/covideuil\/wp-content\/uploads\/2021\/08\/Feuillet1_Covideuil.pdf\">Premi\u00e8res analyses descriptives du v\u00e9cu des restrictions sanitaires aux rites de fin de vie et fun\u00e9raires<\/a><\/h3>\n<\/div>\n<div class=\"fait-details\">\n<div class=\"image-container\"><a href=\"https:\/\/www.uqac.ca\/covideuil\/wp-content\/uploads\/2021\/08\/Feuillet1_Covideuil.pdf\"><br \/>\n<img decoding=\"async\" class=\"fait-image\" src=\"https:\/\/www.uqac.ca\/covideuil\/wp-content\/uploads\/2021\/08\/Capture-d\u2019e\u0301cran-2021-08-16-a\u0300-11.28.11-241x300.png\" alt=\"Feuillet de faits saillants num\u00e9ro 1\" \/><br \/>\n<\/a><\/div>\n<div class=\"details-container\">\n<div class=\"quote\">Pour citer:<br \/>\nCherblanc J, Bergeron-Leclerc C, Verdon C, Cadell, S, Simard C, Maltais D, Grenier J (2021). <em>Aper\u00e7u des rites fun\u00e9raires emp\u00each\u00e9s et cr\u00e9\u00e9s et des complications du deuil en temps de pand\u00e9mie de COVID-19<\/em><\/div>\n<\/div>\n<\/div>\n<\/div>\n<div class=\"fait-container\">\n<div class=\"fait-title\">\n<hr \/>\n<h3 class=\"fait-title-value\">Feuillet num\u00e9ro 2: <a href=\"https:\/\/www.uqac.ca\/covideuil\/wp-content\/uploads\/2022\/01\/Covideuil_No2.pdf\">Pratiques rituelles num\u00e9riques en temps de pand\u00e9mie: une analyse du v\u00e9cu du deuil de 955 personnes ayant perdu un proche de mars 2020 \u00e0 mai 2021 au Canada<\/a><\/h3>\n<\/div>\n<div class=\"fait-details\">\n<div class=\"image-container\"><a href=\"https:\/\/www.uqac.ca\/covideuil\/wp-content\/uploads\/2022\/01\/Covideuil_No2.pdf\"><br \/>\n<img loading=\"lazy\" decoding=\"async\" class=\"fait-image\" src=\"https:\/\/www.uqac.ca\/covideuil\/wp-content\/uploads\/2022\/01\/covideuil-feuillet-2.png\" alt=\"Feuillet de faits saillants num\u00e9ro 2\" width=\"263\" height=\"432\" \/><br \/>\n<\/a><\/div>\n<div class=\"details-container\">\n<div class=\"quote\">Pour citer:<br \/>\nCherblanc, J., Simard, C, Verdon, C., Gauthier, G., Bergeron-Leclerc, C., Maltais, D., Grenier, J., Cadell, S., Marinier, A. (2022). <em>Pratiques rituelles num\u00e9riques en temps de pand\u00e9mie: une analyse du v\u00e9cu du deuil de 955 personnes ayant perdu un proche de mars 2020 \u00e0 mai 2021 au Canada<\/em><\/div>\n<\/div>\n<div>\n<div class=\"fait-title\">\n<hr \/>\n<h3 class=\"fait-title-value\">Feuillet num\u00e9ro 3:\u00a0<a href=\"https:\/\/www.uqac.ca\/covideuil\/wp-content\/uploads\/2024\/09\/Faits-saillants-3-COVIDEUIL.pdf\">L&rsquo;aide m\u00e9dicale \u00e0 mourir a-t-elle prot\u00e9g\u00e9 la sant\u00e9 mentale des personnes endeuill\u00e9es pendant la pand\u00e9mie de COVID-19?<\/a><\/h3>\n<\/div>\n<div class=\"fait-details\">\n<p><a href=\"https:\/\/www.uqac.ca\/covideuil\/wp-content\/uploads\/2024\/09\/Faits-saillants-3-COVIDEUIL.pdf\"><img loading=\"lazy\" decoding=\"async\" class=\"alignnone wp-image-535 \" src=\"https:\/\/www.uqac.ca\/covideuil\/wp-content\/uploads\/2024\/09\/Faits-saillants-3-COVIDEUIL-180x300.jpg\" alt=\"\" width=\"260\" height=\"434\" srcset=\"https:\/\/www.uqac.ca\/covideuil\/wp-content\/uploads\/2024\/09\/Faits-saillants-3-COVIDEUIL-180x300.jpg 180w, https:\/\/www.uqac.ca\/covideuil\/wp-content\/uploads\/2024\/09\/Faits-saillants-3-COVIDEUIL-768x1278.jpg 768w, https:\/\/www.uqac.ca\/covideuil\/wp-content\/uploads\/2024\/09\/Faits-saillants-3-COVIDEUIL-615x1024.jpg 615w, https:\/\/www.uqac.ca\/covideuil\/wp-content\/uploads\/2024\/09\/Faits-saillants-3-COVIDEUIL.jpg 816w\" sizes=\"(max-width: 260px) 100vw, 260px\" \/><\/a><\/p>\n<div class=\"image-container\"><\/div>\n<div class=\"details-container\">\n<div class=\"quote\">\n<p>Pour citer:<br \/>\nCherblanc, J., C\u00f4t\u00e9, I., Cadell, S., Verdon, C., Grenier, J., Simard, C., Wright, D. K. &amp; Bergeron-Leclerc, C., Laguna-Munoz, I. (2023). <em>L\u2019aide m\u00e9dicale \u00e0 mourir a-t-elle prot\u00e9g\u00e9 la sant\u00e9 mentale des personnes endeuill\u00e9es pendant la pand\u00e9mie de COVID-19 ?<\/em> Covideuil.ca<\/p>\n<hr \/>\n<div class=\"fait-title\">\n<h3 class=\"fait-title-value\">Feuillet num\u00e9ro 4:\u00a0<a href=\"https:\/\/www.uqac.ca\/covideuil\/wp-content\/uploads\/2024\/09\/Faits-saillants-4-COVIDEUIL.pdf\">Quels \u00e9l\u00e9ments influencent le plus notre fa\u00e7on de traverser un deuil?\u00a0<\/a><\/h3>\n<\/div>\n<div class=\"fait-details\">\n<p><a href=\"https:\/\/www.uqac.ca\/covideuil\/wp-content\/uploads\/2024\/09\/Faits-saillants-4-COVIDEUIL.pdf\"><img loading=\"lazy\" decoding=\"async\" class=\"alignnone wp-image-539\" src=\"https:\/\/www.uqac.ca\/covideuil\/wp-content\/uploads\/2024\/09\/Faits-saillants-4-COVIDEUIL-180x300.jpg\" alt=\"\" width=\"248\" height=\"413\" srcset=\"https:\/\/www.uqac.ca\/covideuil\/wp-content\/uploads\/2024\/09\/Faits-saillants-4-COVIDEUIL-180x300.jpg 180w, https:\/\/www.uqac.ca\/covideuil\/wp-content\/uploads\/2024\/09\/Faits-saillants-4-COVIDEUIL-768x1278.jpg 768w, https:\/\/www.uqac.ca\/covideuil\/wp-content\/uploads\/2024\/09\/Faits-saillants-4-COVIDEUIL-615x1024.jpg 615w, https:\/\/www.uqac.ca\/covideuil\/wp-content\/uploads\/2024\/09\/Faits-saillants-4-COVIDEUIL.jpg 816w\" sizes=\"(max-width: 248px) 100vw, 248px\" \/><\/a><\/p>\n<div class=\"image-container\"><\/div>\n<div class=\"details-container\">\n<div class=\"quote\">\n<p>Pour citer:<br \/>\nCherblanc, J., Zech, E., Cadell, S., C\u00f4t\u00e9, I., Boever, C., Fern\u00e1ndez-Alc\u00e1ntara, M., Bergeron-Leclerc, C., Maltais, D., Gauthier, G., Verdon, C., Grenier, J., &amp; Simard, C., Laguna-Munoz, I. (2024). <em>Quels \u00e9l\u00e9ments inuencent le plus notre fa\u00e7on de traverser un deuil ? Est-ce que la satisfaction li\u00e9e aux rituels, le soutien social et les strat\u00e9gies d&rsquo;adaptation sont plus importants que les facteurs de risque traditionnels pour pr\u00e9dire les r\u00e9actions face \u00e0 la perte?<\/em> Covideuil.ca<\/p>\n<\/div>\n<\/div>\n<\/div>\n<\/div>\n<\/div>\n<\/div>\n<\/div>\n<\/div>\n<\/div>\n<\/div>\n","protected":false},"excerpt":{"rendered":"<p>Feuillet num\u00e9ro 1: Premi\u00e8res analyses descriptives du v\u00e9cu des restrictions sanitaires aux rites de fin de vie et fun\u00e9raires Pour citer: Cherblanc J, Bergeron-Leclerc C, Verdon C, Cadell, S, Simard C, Maltais D, Grenier J (2021). Aper\u00e7u des rites fun\u00e9raires emp\u00each\u00e9s et cr\u00e9\u00e9s et des complications du deuil en temps de pand\u00e9mie de COVID-19 Feuillet [&hellip;]<\/p>\n","protected":false},"author":3,"featured_media":0,"parent":0,"menu_order":0,"comment_status":"closed","ping_status":"closed","template":"","meta":{"footnotes":""},"class_list":["post-404","page","type-page","status-publish","hentry","entry"],"_links":{"self":[{"href":"https:\/\/www.uqac.ca\/covideuil\/wp-json\/wp\/v2\/pages\/404"}],"collection":[{"href":"https:\/\/www.uqac.ca\/covideuil\/wp-json\/wp\/v2\/pages"}],"about":[{"href":"https:\/\/www.uqac.ca\/covideuil\/wp-json\/wp\/v2\/types\/page"}],"author":[{"embeddable":true,"href":"https:\/\/www.uqac.ca\/covideuil\/wp-json\/wp\/v2\/users\/3"}],"replies":[{"embeddable":true,"href":"https:\/\/www.uqac.ca\/covideuil\/wp-json\/wp\/v2\/comments?post=404"}],"version-history":[{"count":17,"href":"https:\/\/www.uqac.ca\/covideuil\/wp-json\/wp\/v2\/pages\/404\/revisions"}],"predecessor-version":[{"id":543,"href":"https:\/\/www.uqac.ca\/covideuil\/wp-json\/wp\/v2\/pages\/404\/revisions\/543"}],"wp:attachment":[{"href":"https:\/\/www.uqac.ca\/covideuil\/wp-json\/wp\/v2\/media?parent=404"}],"curies":[{"name":"wp","href":"https:\/\/api.w.org\/{rel}","templated":true}]}}