{"id":234,"date":"2016-06-13T18:09:45","date_gmt":"2016-06-13T17:09:45","guid":{"rendered":"http:\/\/www.uqac.ca\/fouellet\/?page_id=234"},"modified":"2024-02-25T19:47:41","modified_gmt":"2024-02-25T18:47:41","slug":"sur-la-litterature-quebecoise","status":"publish","type":"page","link":"https:\/\/www.uqac.ca\/fouellet\/?page_id=234","title":{"rendered":"Sur la litt\u00e9rature qu\u00e9b\u00e9coise"},"content":{"rendered":"<p>\u00ab\u00a0Lib\u00e9ration et construction du sujet dans <em>La col\u00e8re du faucon<\/em> de Hans-J\u00fcrgen Greif\u00a0\u00bb, <em>\u00c9tudes litt\u00e9raires<\/em>, vol. 50, no 3, 2022, p. 137-147.\u00a0<a href=\"https:\/\/www.uqac.ca\/fouellet\/wp-content\/uploads\/2024\/02\/Col\u00e8re-du-faucon.pdf\"><strong><i class=\"fa fa-file-pdf-o \" ><\/i> PDF<\/strong><\/a><\/p>\n<p>\u00ab\u00a0L\u2019angle mort du regard\u00a0\u00bb, dans V. Lambert, Y. Laroche et C. Paradis (dir.), <em>La tombe ignor\u00e9e<\/em>. <em>Lectures d<\/em><em>\u2019<\/em><em>Eudore \u00c9vanturel,<\/em> Montr\u00e9al, Nota bene, 2019, p. 97-111.<\/p>\n<p>\u00ab Emmanuel Aquin, <em>D\u00e9sincarnations<\/em> et <em>R\u00e9incarnations<\/em> \u00bb,\u00a0dans A. Boivin (dir.),\u00a0<em>Dictionnaire des \u0153uvres litt\u00e9raires du Qu\u00e9bec.\u00a01991-1995<\/em>, tome 9, Montr\u00e9al, Fides, 2018, p. 237-239.<\/p>\n<p>\u00ab Victor-L\u00e9vy Beaulieu,\u00a0<em>Docteur Ferron\u00a0<\/em>\u00bb,\u00a0dans A. Boivin (dir.),\u00a0<em>Dictionnaire des \u0153uvres litt\u00e9raires du Qu\u00e9bec.\u00a01991-1995<\/em>,\u00a0tome 9, Montr\u00e9al, Fides, 2018, p. 256-257.<\/p>\n<p>\u00ab Pour en finir avec Octobre\u00a0\u00bb, <em>Voix et images<\/em>, no 121, automne 2015, p. 75-86.\u00a0<a href=\"https:\/\/www.uqac.ca\/fouellet\/wp-content\/uploads\/2017\/04\/Hamelin-Octobre-VI.pdf\"><strong><i class=\"fa fa-file-pdf-o \" ><\/i> PDF<\/strong><\/a><\/p>\n<p>\u00ab Mis\u00e8res et grandeurs de l\u2019\u00e9crivain national\u00a0\u00bb, <em>Les Cahiers de lecture de l\u2019Action Nationale<\/em>, vol. 8, no 1, automne 2013, p. 20-22\u00a0<a href=\"https:\/\/www.uqac.ca\/fouellet\/wp-content\/uploads\/2017\/04\/Act.-Nat.-Ferron-Vlb.pdf\"><strong><i class=\"fa fa-file-pdf-o \" ><\/i> PDF<\/strong><\/a><\/p>\n<p>\u00ab\u00a0Alexandre Chenevert, l\u2019\u00e9migrant\u00a0\u00bb, <em>Qu\u00e9bec fran\u00e7ais<\/em>, no 170, automne 2013, p. 28-30.\u00a0<a href=\"https:\/\/www.uqac.ca\/fouellet\/wp-content\/uploads\/2017\/04\/QF-2013.pdf\"><strong><i class=\"fa fa-file-pdf-o \" ><\/i> PDF<\/strong><\/a><\/p>\n<p>\u00ab\u00a0<em>Antiterre<\/em> et la \u201cpolitique\u201d du grand \u00e9crivain national. F\u00e9erie pour une autre fois\u00a0 \u00bb, <em>Cahiers Victor-L\u00e9vy Beaulieu<\/em>, no 3, 2013, p. 117-144.\u00a0<a href=\"https:\/\/www.uqac.ca\/fouellet\/wp-content\/uploads\/2023\/09\/vlb-3.pdf\"><strong><i class=\"fa fa-file-pdf-o \" ><\/i><\/strong><\/a><\/p>\n<p>\u00ab\u00a0Marcel Valois. Un r\u00eaveur proustien au Qu\u00e9bec\u00a0\u00bb, dans <em>Proust\u00a0: dialogues critiques<\/em>, en ligne (14 octobre 2013) sur le site Fabula\u00a0: <a href=\"http:\/\/www.fabula.org\/colloques\/document2168.php\">http:\/\/www.fabula.org\/colloques\/document2168.php<\/a><\/p>\n<p>\u00ab\u00a0Victor-L\u00e9vy Beaulieu et l\u2019\u00e9crivain de la plus haute autorit\u00e9. Du bon usage de Jacques Ferron\u00a0\u00bb, <em>Cahiers Victor-L\u00e9vy Beaulieu<\/em>, no 2, 2012, p. 133-168.\u00a0<a href=\"https:\/\/www.uqac.ca\/fouellet\/wp-content\/uploads\/2023\/09\/art.-vlb-2.pdf\"><strong><i class=\"fa fa-file-pdf-o \" ><\/i><\/strong><\/a><\/p>\n<p>\u00ab\u00a0Introduction\u00a0\u00bb, en collaboration avec Patrick Guay, dans Fran\u00e7ois Ouellet (dir.), <em>D\u00e9cliner l\u2019int\u00e9riorit\u00e9. Le roman psychologique des ann\u00e9es 1940-1950 au Qu\u00e9bec<\/em>, Qu\u00e9bec, Nota bene, 2011, p. 5-12.<\/p>\n<p>\u00ab\u00a0Robert Charbonneau, une esth\u00e9tique du secret\u00a0\u00bb, dans Fran\u00e7ois Ouellet (dir.), <em>D\u00e9cliner l\u2019int\u00e9riorit\u00e9. Le roman psychologique des ann\u00e9es 1940-1950 au Qu\u00e9bec<\/em>, Qu\u00e9bec, Nota bene, 2011, p. 125-156.<\/p>\n<p>\u00ab\u00a0Na\u00efm Kattan. <em>Le p\u00e8re. Essais\u00a0<\/em>\u00bb, dans A. Boivin (dir.),\u00a0<em>Dictionnaire des \u0153uvres litt\u00e9raires du Qu\u00e9bec.\u00a01986-1990<\/em>, tome 8 Montr\u00e9al, Fides, 2011, p. 673-674.<\/p>\n<p>\u00ab\u00a0Andr\u00e9 Vanasse<em>. Le p\u00e8re vaincu, la M\u00e9duse et les fils castr\u00e9s. Psychocritiques d\u2019oeuvres qu\u00e9b\u00e9coises contemporaines\u00a0<\/em>\u00bb, dans A. Boivin (dir.),\u00a0<em>Dictionnaire des \u0153uvres litt\u00e9raires du Qu\u00e9bec.\u00a01986-1990<\/em>, tome 8, Montr\u00e9al, Fides, 2011, p. 676-677.<\/p>\n<p>\u00ab\u00a0Christian Mistral. <em>Vamp<\/em>\u00a0\u00bb, dans A. Boivin (dir.),\u00a0<em>Dictionnaire des \u0153uvres litt\u00e9raires du Qu\u00e9bec.\u00a01986-1990<\/em>, tome 8, Montr\u00e9al, Fides, 2011, p. 937-938.<\/p>\n<p>\u00ab\u00a0Filiation et discours religieux dans le roman qu\u00e9b\u00e9cois contemporain. \u00c0 propos de <em>Parents et amis sont invit\u00e9s \u00e0 y assister<\/em> d\u2019Herv\u00e9 Bouchard\u00a0\u00bb, dans Zuzana Malinovska (dir.), <em>Cartographie du roman qu\u00e9b\u00e9cois contemporain<\/em>, Pr\u00e9sov, D\u00e9partement de langue et litt\u00e9rature de l\u2019Institut de philologie romane et de philologie classique de la Facult\u00e9 des Lettres de l\u2019Universit\u00e9 de Presov, 2010, p. 201-217.\u00a0<a href=\"https:\/\/www.uqac.ca\/fouellet\/wp-content\/uploads\/2018\/12\/Discours-religieux-HB-1.pdf\"><strong><i class=\"fa fa-file-pdf-o \" ><\/i> PDF<\/strong><\/a><\/p>\n<p>\u00ab\u00a0<em>Tayaout<\/em> ou la r\u00e9futation d\u2019<em>Agaguk<\/em>\u00a0\u00bb, <em>Canadian Literature<\/em>, no 206, autumn 2010, p. 48-59. <a href=\"\/fouellet\/wp-content\/uploads\/2016\/06\/Tayaout.pdf\"><strong> <i class=\"fa fa-file-pdf-o \" ><\/i> PDF<\/strong><\/a><\/p>\n<p>\u00ab\u00a0La qu\u00eate du missionnaire. Sur <em>Une mission difficile<\/em> de Gilles Marcotte\u00a0\u00bb, <em>TransCanadiana<\/em>, Revue de l\u2019Association polonaise d\u2019\u00e9tudes canadiennes, no 3, 2010, p. 163-200.\u00a0<a href=\"https:\/\/www.uqac.ca\/fouellet\/wp-content\/uploads\/2017\/08\/Marcotte-transcan.pdf\"><strong><i class=\"fa fa-file-pdf-o \" ><\/i> PDF<\/strong><\/a><\/p>\n<p>\u00ab\u00a0Prol\u00e9gom\u00e8nes \u00e0 l\u2019\u00e9tude du fragment biblique dans le roman qu\u00e9b\u00e9cois contemporain\u00a0\u00bb, dans Carlo Lavoie (dir.), <em>Lire du fragment\u00a0: analyses et proc\u00e9d\u00e9s litt\u00e9raires, <\/em>Qu\u00e9bec, Nota bene, 2008, p. 441-460.<\/p>\n<p>\u00ab\u00a0Wajdi Mouawad et l\u2019insoutenable violence du manque\u00a0\u00bb, dans Christiane K\u00e8gle (dir.), <em>Les r\u00e9cits de survivance. Modalit\u00e9s g\u00e9n\u00e9riques et structures d\u2019adaptation au r\u00e9el,<\/em> Qu\u00e9bec, Presses de l\u2019Universit\u00e9 Laval, 2007, p. 45-68.<\/p>\n<p>\u00ab\u00a0Au-del\u00e0 de la survivance. Filiation et refondation du sens chez Wajdi Mouawad\u00a0\u00bb, <em>L\u2019Annuaire th\u00e9\u00e2tral<\/em>, no 38, automne 2005, p. 158-172. <a href=\"\/fouellet\/wp-content\/uploads\/2016\/06\/Mouawad-AT.pdf\"><strong> <i class=\"fa fa-file-pdf-o \" ><\/i> PDF<\/strong><\/a><\/p>\n<p>\u00ab\u00a0\u00c9crire la ville-m\u00e8re\u00a0\u00bb, dans B. Gervais et C. Horvath (dir.)<em>, \u00c9crire la ville<\/em>, Figura, Centre de recherche sur le texte et l\u2019imaginaire, coll. \u00ab\u00a0Figura\u00a0\u00bb, no 14, 2005, p. 95-114.\u00a0<a href=\"https:\/\/www.uqac.ca\/fouellet\/wp-content\/uploads\/2017\/04\/Marcotte-Figura.pdf\"><strong><i class=\"fa fa-file-pdf-o \" ><\/i> PDF<\/strong><\/a><\/p>\n<p>\u00ab\u00a0La fatigue de Jacques Ferron est la n\u00f4tre\u00a0\u00bb, <em>Possibles<\/em>, vol. 29, nos 3-4, \u00e9t\u00e9-automne 2005, p. 110-126.<\/p>\n<p>\u00ab\u00a0Au nom du fils. <em>La Rivi\u00e8re-\u00e0-Mars<\/em> de Damase Potvin\u00a0\u00bb, <em>Quebec Studies<\/em>, no 36, automne 2003 \/ hiver 2004, p. 51-68. <a href=\"\/fouellet\/wp-content\/uploads\/2016\/06\/Damase.pdf\"><strong> <i class=\"fa fa-file-pdf-o \" ><\/i> PDF<\/strong><\/a><\/p>\n<p>\u00ab\u00a0Le fils de l\u2019autre. L\u2019intertexte christique et la figure du P\u00e8re dans <em>Incarnations<\/em> d\u2019Emmanuel Aquin\u00a0\u00bb, <em>\u00c9tudes francophones<\/em>, vol. 18, no 2, automne 2003, p. 135-147.\u00a0<a href=\"https:\/\/www.uqac.ca\/fouellet\/wp-content\/uploads\/2017\/02\/Aquin.pdf\"><strong><i class=\"fa fa-file-pdf-o \" ><\/i> PDF<\/strong><\/a><\/p>\n<p>\u00ab\u00a0Le nouveau roman qu\u00e9b\u00e9cois et la m\u00e9taphore christique\u00a0: fragments d\u2019un discours amoureux\u00a0\u00bb, <em>Laval th\u00e9ologique et philosophique<\/em>, vol. 59, no 3, octobre 2003, p. 451-461. <a href=\"\/fouellet\/wp-content\/uploads\/2016\/06\/Laval.pdf\"><strong> <i class=\"fa fa-file-pdf-o \" ><\/i> PDF<\/strong><\/a><\/p>\n<p>\u00ab\u00a0Bref panorama de la po\u00e9sie qu\u00e9b\u00e9coise depuis 1960\u00a0\u00bb, <em>Nouaison<\/em>, vol. 3,\u00a0 2000, p. 32-45.<\/p>\n<p>\u00ab\u00a0Les silences d\u2019<em>Ang\u00e9line de Montbrun<\/em>\u00a0\u00bb, <em>\u00c9tudes fran\u00e7aises<\/em>, vol. 36, n\u00b0 3, automne 2000, p. 185-205. <a href=\"\/fouellet\/wp-content\/uploads\/2016\/06\/Montbrun.pdf\"><strong> <i class=\"fa fa-file-pdf-o \" ><\/i> PDF<\/strong><\/a><\/p>\n<p>\u00ab\u00a0Gaston Miron\u00a0: l\u2019homme fractionn\u00e9\u00a0\u00bb, en collaboration avec H.-J. Greif, <em>Cahiers francophones d\u2019Europe Centre-Orientale<\/em>, no 9, 1998, p. 77-80.<\/p>\n<p>\u00ab Der zerst\u00fcckte Mensch : Gaston Miron \u00bb, avec H.-J. Greif,<em> Dokumente <\/em>(Bonn), n\u00b0 2, avril 1997, p. 152-154.<\/p>\n<p>\u00ab Portrait du h\u00e9ros en jeune saint-je. <em>La Rage<\/em> et <em>Cowboy<\/em> de Louis Hamelin \u00bb, dans L. Hotte (dir.), <em>La probl\u00e9matique de l\u2019identit\u00e9 dans la litt\u00e9rature francophone du Canada et d\u2019ailleurs,<\/em> Ottawa, Le Nordir, 1994, p. 21-28.<\/p>\n<p>\u00ab L\u2019inscription du litt\u00e9raire dans <em>Marie Calumet <\/em>\u00bb, en coll. avec L. Milot et F. Roy, <em>Voix et images<\/em>, n\u00b0 46, 1990 (automne), p. 80-94. <a href=\"\/fouellet\/wp-content\/uploads\/2016\/06\/Calumet_web.pdf\"><strong> <i class=\"fa fa-file-pdf-o \" ><\/i> PDF<\/strong><\/a><\/p>\n<p>Voir aussi la section \u00ab <a class=\"blue\" href=\"?page_id=330\">Magazine litt\u00e9raire <em>Nuit Blanche<\/em><\/a><em>\u00a0<\/em>\u00bb<\/p>\n<p><a class=\"btn btn-default read-more\" href=\"?page_id=25\">&lt; Retour<\/a><\/p>\n","protected":false},"excerpt":{"rendered":"<p>\u00ab\u00a0Lib\u00e9ration et construction du sujet dans La col\u00e8re du faucon de Hans-J\u00fcrgen Greif\u00a0\u00bb, \u00c9tudes litt\u00e9raires, vol. 50, no 3, 2022, p. 137-147.\u00a0 PDF \u00ab\u00a0L\u2019angle mort du regard\u00a0\u00bb, dans V. Lambert, Y. Laroche et C. Paradis (dir.), La tombe ignor\u00e9e. Lectures d\u2019Eudore \u00c9vanturel, Montr\u00e9al, Nota bene, 2019, p. 97-111. \u00ab Emmanuel Aquin, D\u00e9sincarnations et R\u00e9incarnations \u00bb,\u00a0dans [&hellip;]<\/p>\n","protected":false},"author":1,"featured_media":0,"parent":0,"menu_order":0,"comment_status":"closed","ping_status":"closed","template":"","meta":{"footnotes":""},"class_list":["post-234","page","type-page","status-publish","hentry"],"_links":{"self":[{"href":"https:\/\/www.uqac.ca\/fouellet\/index.php?rest_route=\/wp\/v2\/pages\/234"}],"collection":[{"href":"https:\/\/www.uqac.ca\/fouellet\/index.php?rest_route=\/wp\/v2\/pages"}],"about":[{"href":"https:\/\/www.uqac.ca\/fouellet\/index.php?rest_route=\/wp\/v2\/types\/page"}],"author":[{"embeddable":true,"href":"https:\/\/www.uqac.ca\/fouellet\/index.php?rest_route=\/wp\/v2\/users\/1"}],"replies":[{"embeddable":true,"href":"https:\/\/www.uqac.ca\/fouellet\/index.php?rest_route=%2Fwp%2Fv2%2Fcomments&post=234"}],"version-history":[{"count":48,"href":"https:\/\/www.uqac.ca\/fouellet\/index.php?rest_route=\/wp\/v2\/pages\/234\/revisions"}],"predecessor-version":[{"id":1283,"href":"https:\/\/www.uqac.ca\/fouellet\/index.php?rest_route=\/wp\/v2\/pages\/234\/revisions\/1283"}],"wp:attachment":[{"href":"https:\/\/www.uqac.ca\/fouellet\/index.php?rest_route=%2Fwp%2Fv2%2Fmedia&parent=234"}],"curies":[{"name":"wp","href":"https:\/\/api.w.org\/{rel}","templated":true}]}}