{"id":327,"date":"2016-06-13T18:59:48","date_gmt":"2016-06-13T17:59:48","guid":{"rendered":"http:\/\/www.uqac.ca\/fouellet\/?page_id=327"},"modified":"2024-03-13T03:26:56","modified_gmt":"2024-03-13T02:26:56","slug":"comptes-rendus","status":"publish","type":"page","link":"https:\/\/www.uqac.ca\/fouellet\/?page_id=327","title":{"rendered":"Comptes rendus"},"content":{"rendered":"<p>\u00ab\u00a0Voyagerie en France\u00a0\u00bb, <em>Cahiers Victor-L\u00e9vy Beaulieu<\/em>, PUM, no 8, 2023, p. 229-232.\u00a0<a href=\"https:\/\/www.uqac.ca\/fouellet\/wp-content\/uploads\/2024\/02\/Voyagerie-en-France.pdf\"><strong><i class=\"fa fa-file-pdf-o \" ><\/i> PDF<\/strong><\/a><\/p>\n<p>\u00ab Madeleine Vivan, <em>Une maison<\/em> et <em>Village noir<\/em> \u00bb,\u00a0<em>Aden. Paul Nizan et les ann\u00e9es 30<\/em>, no 19, 2022, p. 331-332.<\/p>\n<p>\u00ab <em>Agone<\/em>, \u201cAutre(s) litt\u00e9rature (s)\u201d, nos 63-64, 2019, 272 p. \u00bb,\u00a0<em>Aden. Paul Nizan et les ann\u00e9es 30<\/em>, no 19, 2022, p. 324-325.<\/p>\n<p>\u00ab\u00a0Georges David, <em>Cure-Bissac\u00a0<\/em>\u00bb, <em>Aden.\u00a0Paul Nizan et les ann\u00e9es trente<\/em>, nos 17-18, printemps 2021, p. 372-373.<\/p>\n<p>\u00ab\u00a0Jean Prugnot, <em>B\u00e9ton arm\u00e9\u00a0<\/em>\u00bb, <em>Aden. Paul Nizan et les ann\u00e9es trente<\/em>, nos 17-18, printemps 2021, p. 376-377.<\/p>\n<p>\u00ab\u00a0Alec Scouffi, <em>Au Poiss d\u2019Or<\/em>\u00bb, <em>Aden. Paul Nizan et les ann\u00e9es trente<\/em>, nos 17-18, printemps 2021, p. 377-378.<\/p>\n<p>\u00ab Jacques Ferron, Madeleine Ferron\u00a0et\u00a0Robert Cliche,\u00a0<em>Le monde a-t-il fait la culbute ?\u00a0Correspondance 3\u00a0\/ 1966-1985\u00a0<\/em>\u00bb,\u00a0<em>Francophonies d\u2019Am\u00e9rique<\/em>, no\u00a050, automne\u00a02020, p. 125-127.\u00a0<a href=\"https:\/\/www.uqac.ca\/fouellet\/wp-content\/uploads\/2024\/02\/Lettres-Ferron-Cliche-3.pdf\"><strong><i class=\"fa fa-file-pdf-o \" ><\/i> PDF<\/strong><\/a><\/p>\n<p>\u00ab Luc Dietrich, <em>Le bonheur des tristes<\/em> \u00bb,\u00a0<em>Aden. Paul Nizan et les ann\u00e9es trente<\/em>, no 16, 2018, p. 209-210.<\/p>\n<p>\u00ab Francis Jammes,\u00a0<em>Pipe, chien<\/em>\u00a0\u00bb,\u00a0<em>Aden. Paul Nizan et les ann\u00e9es trente<\/em>, no 16, 2018, p. 210-211.<\/p>\n<p>\u00ab Raymond Gu\u00e9rin,\u00a0<em>Zobain\u00a0<\/em>\u00bb,\u00a0<em>Aden. Paul Nizan et les ann\u00e9es trente<\/em>, no 15, octobre 2016, p. 254.<\/p>\n<p>\u00ab Pierre de R\u00e9gnier, <em>Chroniques d&rsquo;un Patachon\u00a0<\/em>\u00bb,\u00a0<em>Aden. Paul Nizan et les ann\u00e9es trente<\/em>, no 15, octobre 2016, p. 261-262.<\/p>\n<p>\u00ab\u00a0Jacques Ferron, Madeleine Ferron, Robert Cliche, <em>Le Qu\u00e9bec n\u2019est pas une \u00eele. Correspondance 2\u00a0\/ 1961-1965\u00a0<\/em>\u00bb, <em>Francophonies d\u2019Am\u00e9rique<\/em>, nos 40-41, automne 2015-hiver 2016, p. 283-285.\u00a0<a href=\"https:\/\/www.uqac.ca\/fouellet\/wp-content\/uploads\/2019\/07\/Fr.-dAm.-nos-40-41.pdf\"><strong><i class=\"fa fa-file-pdf-o \" ><\/i> PDF<\/strong><\/a><\/p>\n<p>\u00ab\u00a0Vittorio Frigerio, <em>La litt\u00e9rature de l\u2019anarchisme\u00a0<\/em>\u00bb, <em>Aden. Paul Nizan et les ann\u00e9es trente<\/em>, no 14, octobre 2015, p. 257-258.<\/p>\n<p>\u00ab Louis Hamelin,\u00a0<em>Fabrications : essai sur la fiction et l&rsquo;histoire\u00a0<\/em>\u00bb,\u00a0<em>Francophonies d\u2019Am\u00e9rique<\/em>, nos 38-39, hiver 2014-printemps 2015, p. 218-220.\u00a0<a href=\"https:\/\/www.uqac.ca\/fouellet\/wp-content\/uploads\/2018\/09\/CR-Hamelin-Fr.-dA.pdf\"><strong><i class=\"fa fa-file-pdf-o \" ><\/i> PDF<\/strong><\/a><\/p>\n<p>\u00ab\u00a0Victor Chklovski et Vsevolod Ivanov, <em>Gaz moutarde\u00a0<\/em>\u00bb, <em>Aden. Paul Nizan et les ann\u00e9es trente<\/em>, no 13, octobre 2014, p. 259-260.<\/p>\n<p>\u00ab\u00a0Marc St\u00e9phane, <em>Ceux du trimard<\/em>\u00a0\u00bb, <em>Aden. Paul Nizan et les ann\u00e9es trente<\/em>, no 13, octobre 2014, p. 267-268.<\/p>\n<p>\u00ab\u00a0La m\u00e9taphore du Qu\u00e9bec contemporain\u00a0\u00bb (<em>Victor-L\u00e9vy Beaulieu. L\u2019homme \u00e9criture<\/em> de Jacques Pelletier), <em>Les Cahiers de lecture de L\u2019Action Nationale<\/em>, vol. 8, no 2, printemps 2014, p. 8.\u00a0<a href=\"https:\/\/www.uqac.ca\/fouellet\/wp-content\/uploads\/2018\/01\/CLAN.pdf\"><strong><i class=\"fa fa-file-pdf-o \" ><\/i> PDF<\/strong><\/a><\/p>\n<p>\u00ab\u00a0Robert de Saint-Jean, <em>Pass\u00e9 pas mort<\/em> \u00bb, <em>Aden<\/em>. <em>Paul Nizan et les ann\u00e9es trente<\/em>, no 12, octobre 2013, p. 282-283.<\/p>\n<p>\u00ab\u00a0Jacques Ferron, Madeleine Ferron, Robert Cliche, <em>Une famille extraordinaire. Correspondance 1 \/ 1946-1960\u00a0<\/em>\u00bb, <em>Francophonies d\u2019Am\u00e9rique<\/em>, no 34, automne 2012, p. 204-206. <a href=\"\/fouellet\/wp-content\/uploads\/2016\/06\/Ferron-1.pdf\"><strong> <i class=\"fa fa-file-pdf-o \" ><\/i> PDF<\/strong><\/a><\/p>\n<p>\u00ab\u00a0Betty Bednarski et Ray Ellenwood (dir.), <em>Jacques Ferron hors Qu\u00e9bec\u00a0<\/em>\u00bb, <em>Francophonies d\u2019Am\u00e9rique<\/em>, no 33, printemps 2012, p. 143-145. <a href=\"\/fouellet\/wp-content\/uploads\/2016\/06\/Ellewood.pdf\"><strong> <i class=\"fa fa-file-pdf-o \" ><\/i> PDF<\/strong><\/a><\/p>\n<p>\u00ab\u00a0Victor-Laurent Tremblay, <em>\u00catre ou ne pas \u00eatre un homme. La masculinit\u00e9 dans le roman qu\u00e9b\u00e9cois\u00a0<\/em>\u00bb, <em>Recherches sociographiques<\/em>, vol. LIII, no 3, 2012, p. 705-706. <a href=\"\/fouellet\/wp-content\/uploads\/2016\/06\/Masculinit\u00e9.pdf\"><strong> <i class=\"fa fa-file-pdf-o \" ><\/i> PDF<\/strong><\/a><\/p>\n<p>\u00ab\u00a0Benjamin Cr\u00e9mieux, <em>Inqui\u00e9tude et reconstruction\u00a0<\/em>\u00bb, <em>Aden<\/em>, <em>Paul Nizan et les ann\u00e9es trente<\/em>, no 11, octobre 2012, p. 303-304.<\/p>\n<p>\u00ab\u00a0Maria Chiara Gnocchi, <em>Le parti pris des p\u00e9riph\u00e9ries\u00a0<\/em>\u00bb, <em>Aden<\/em>. <em>Paul Nizan et les ann\u00e9es trente<\/em>, no 11, octobre 2012, p. 280-281.<\/p>\n<p>\u00ab\u00a0Jean Pr\u00e9vost, <em>Ni peur ni haine<\/em> et <em>Trait\u00e9 du d\u00e9butant\u00a0<\/em>\u00bb, <em>Aden. Paul Nizan et les ann\u00e9es trente<\/em>, no 11, octobre 2012, p. 305-306.<\/p>\n<p>\u00ab Natacha Vas Deyres et Olivier Messac (dir.),\u00a0<em>R\u00e9gis Messac. L\u2019\u00e9crivain journaliste \u00e0 re-conna\u00eetre\u00a0<\/em>et <em>Quinzinzinzili. L\u2019univers messacquien<\/em>, no 15, automne 2011 \u00bb, <em>Aden. Paul Nizan et les ann\u00e9es trente<\/em>, no 11, octobre 2012, p. 291-293.<\/p>\n<p>\u00ab\u00a0Marcel Astruc, <em>Trois mois pay\u00e9s\u00a0<\/em>\u00bb, <em>Aden. Paul Nizan et les ann\u00e9es trente<\/em>, no 10, octobre 2011, p. 443-445.<\/p>\n<p>\u00ab\u00a0Henri Duvernois, <em>L\u2019homme qui s\u2019est retrouv\u00e9\u00a0<\/em>\u00bb, <em>Aden. Paul Nizan et les ann\u00e9es trente<\/em>, no 9, octobre 2010, p. 436-437. Repris dans la no 19\u00a0(2022, p. 327-328) de la m\u00eame revue.\u00a0<a href=\"https:\/\/www.uqac.ca\/fouellet\/wp-content\/uploads\/2024\/03\/ADEN-Duvernois.pdf\"><strong><i class=\"fa fa-file-pdf-o \" ><\/i> PDF<\/strong><\/a><\/p>\n<p>\u00ab\u00a0R\u00e9gis Messac,<em> Quinzinzinzili\u00a0<\/em>\u00bb, <em>Aden. Paul Nizan et les ann\u00e9es trente<\/em>, no 7, octobre 2008, p. 329-331.<\/p>\n<p>\u00ab Zola en 2007\u00a0ou\u00a0La fin de l\u2019Histoire \u00bb (<em>La bonbonni\u00e8re<\/em> de H.-J. Greif et G. Boivin), <em>Canadian Literature<\/em>, no 195, Winter 2007, p. 146-147. <a href=\"\/fouellet\/wp-content\/uploads\/2016\/06\/Greif.pdf\"><strong> <i class=\"fa fa-file-pdf-o \" ><\/i> PDF<\/strong><\/a><\/p>\n<p>\u00ab\u00a0Raymond Gu\u00e9rin, <em>Lettres \u00e0 D\u00e9janire\u00a0<\/em>\u00bb, <em>Aden. Paul Nizan et les ann\u00e9es trente<\/em>, no 6, octobre 2007, p. 453-454.<\/p>\n<p>\u00ab\u00a0Monique Boucher, <em>L\u2019enfance et l\u2019errance pour un appel \u00e0 l\u2019autre. Lecture mythanalytique du roman qu\u00e9b\u00e9cois contemporain (1960-1990)\u00a0<\/em>\u00bb, <em>University of Toronto Quarterly<\/em>, vol. 76, no 1, Winter 2007, p. 74-76.<\/p>\n<p>\u00ab\u00a0Le roman d\u2019un hidalgo\u00a0\u00bb (<em>La kermesse<\/em> de Daniel Poliquin), <em>Liaison<\/em> (Ottawa), no 134, hiver 2006-2007, p. 65. <a href=\"\/fouellet\/wp-content\/uploads\/2016\/06\/Hidalgo.pdf\"><strong> <i class=\"fa fa-file-pdf-o \" ><\/i> PDF<\/strong><\/a><\/p>\n<p>\u00ab\u00a0Raymond Gu\u00e9rin,<em> Lettres \u00e0 Sonia. 1939-1943<\/em>\u00a0\u00bb, <em>Aden. Paul Nizan et les ann\u00e9es trente<\/em>, no 5, octobre 2006, p. 543-544.<\/p>\n<p>\u00ab\u00a0Simone de Beauvoir et Jacques-Laurent Bost, <em>Correspondance crois\u00e9e. 1937-1940<\/em>\u00a0\u00bb, <em>Aden. Paul Nizan et les ann\u00e9es trente<\/em>, no 4, octobre 2005, p. 334-336.<\/p>\n<p>\u00ab\u00a0La suffisance de l\u2019\u00e9criture, l\u2019insuffisance du roman\u00a0\u00bb (<em>Un vendredi du mois d\u2019ao\u00fbt<\/em> d\u2019Antonio D\u2019Alfonso), <em>Liaison<\/em>, no 126, printemps 2005, p. 56. <a href=\"\/fouellet\/wp-content\/uploads\/2016\/06\/Alfonson.pdf\"><strong> <i class=\"fa fa-file-pdf-o \" ><\/i> PDF<\/strong><\/a><\/p>\n<p>\u00ab\u00a0Portrait de femmes\u00a0\u00bb (<em>Parall\u00e8les<\/em> de Marguerite Andersen), <em>Liaison<\/em>, no 124, automne 2004, p. 49. <a href=\"\/fouellet\/wp-content\/uploads\/2016\/06\/Portrait.pdf\"><strong> <i class=\"fa fa-file-pdf-o \" ><\/i> PDF<\/strong><\/a><\/p>\n<p>\u00ab Les signes s\u2019envolent \u00bb (<em>Rose des sables<\/em> de H\u00e9di Bouraoui), <em>Liaison<\/em>, n\u00b0 101, 21 mars 1999, p. 31. <a href=\"\/fouellet\/wp-content\/uploads\/2016\/06\/Bouaroui.pdf\"><strong> <i class=\"fa fa-file-pdf-o \" ><\/i> PDF<\/strong><\/a><\/p>\n<p>\u00ab Vers ce qu\u2019il y a d\u2019absolu \u00bb (<em>Les corps en sursis<\/em> de Stefan Psenak), <em>Liaison<\/em>, n\u00b0 100, 21 janvier 1999, p. 32. <a href=\"\/fouellet\/wp-content\/uploads\/2016\/06\/Psenak.pdf\"><strong> <i class=\"fa fa-file-pdf-o \" ><\/i> PDF<\/strong><\/a><\/p>\n<p>\u00ab\u00a0My(i)st\u00e8re en trois actes\u00a0\u00bb (<em>L\u2019homme de paille<\/em> de Daniel Poli\u00adquin), <em>Liaison<\/em>, n\u00b0 97, 15 mai 1998, p. 32-33. <a href=\"\/fouellet\/wp-content\/uploads\/2016\/06\/Myst\u00e8re.pdf\"><strong> <i class=\"fa fa-file-pdf-o \" ><\/i> PDF<\/strong><\/a><\/p>\n<p>\u00ab Un hymne \u00e0 la cr\u00e9ation \u00bb (<em>Jour buvard<\/em> suivi de <em>Choses fragiles<\/em> de Robbert Fortin), <em>Liaison<\/em>, n\u00b0 96, 15 mars 1998, p. 41. <a href=\"\/fouellet\/wp-content\/uploads\/2016\/06\/Fortin.pdf\"><strong> <i class=\"fa fa-file-pdf-o \" ><\/i> PDF<\/strong><\/a><\/p>\n<p>\u00ab La b\u00e9ance du quotidien \u00bb (<em>La fissure de la fiction<\/em> de Patrice Desbiens), <em>Liaison<\/em>, n\u00b0 94, 15 novem\u00adbre 1997, p. 27. <a href=\"\/fouellet\/wp-content\/uploads\/2016\/06\/B\u00e9ance.pdf\"><strong> <i class=\"fa fa-file-pdf-o \" ><\/i> PDF<\/strong><\/a><\/p>\n<p>\u00ab\u00a0J. Cotnam, Y. Frenette et A. Whitfield (dir),\u00a0<em> La francophonie ontarienne. Bilan et perspectives de recherche<\/em> \u00bb, <em>Pr\u00e9sence francophone<\/em>, no 50, 1997, p. 165-169.<\/p>\n<p>\u00ab\u00a0Gaston Tremblay, <em>Prendre la parole<\/em> \u00bb, <em>Francophonies d\u2019Am\u00e9rique<\/em>, no 7, 1997, p. 111-114. <a href=\"\/fouellet\/wp-content\/uploads\/2016\/06\/Tremblay_web.pdf\"><strong> <i class=\"fa fa-file-pdf-o \" ><\/i> PDF<\/strong><\/a><\/p>\n<p>\u00ab\u00a0Fran\u00e7ois Par\u00e9.\u00a0<em> Th\u00e9ories de la fragilit\u00e9<\/em> \u00bb, <em>Francophonies d\u2019Am\u00e9rique<\/em>, no 6, 1996, p. 131-134. <a href=\"\/fouellet\/wp-content\/uploads\/2016\/06\/Fragilit\u00e9_web.pdf\"><strong> <i class=\"fa fa-file-pdf-o \" ><\/i> PDF<\/strong><\/a><\/p>\n<p>\u00ab Betty Bednarski, <em>Autour de Ferron<\/em> \u00bb, <em>\u00c9tudes litt\u00e9raires<\/em>, vol. 25, n\u00b0 3, 1991 (hiver), p. 123-126. <a href=\"\/fouellet\/wp-content\/uploads\/2016\/06\/Bednarski.pdf\"><strong> <i class=\"fa fa-file-pdf-o \" ><\/i> PDF<\/strong><\/a><\/p>\n<p>Voir aussi la section \u00ab\u00a0<a class=\"blue\" href=\"?page_id=330\">Magazine litt\u00e9raire <em>Nuit Blanche<\/em><\/a>\u00a0\u00bb<\/p>\n<p><a class=\"btn btn-default read-more\" href=\"?page_id=25\">&lt; Retour<\/a><\/p>\n","protected":false},"excerpt":{"rendered":"<p>\u00ab\u00a0Voyagerie en France\u00a0\u00bb, Cahiers Victor-L\u00e9vy Beaulieu, PUM, no 8, 2023, p. 229-232.\u00a0 PDF \u00ab Madeleine Vivan, Une maison et Village noir \u00bb,\u00a0Aden. Paul Nizan et les ann\u00e9es 30, no 19, 2022, p. 331-332. \u00ab Agone, \u201cAutre(s) litt\u00e9rature (s)\u201d, nos 63-64, 2019, 272 p. \u00bb,\u00a0Aden. Paul Nizan et les ann\u00e9es 30, no 19, 2022, p. 324-325. [&hellip;]<\/p>\n","protected":false},"author":1,"featured_media":0,"parent":0,"menu_order":0,"comment_status":"closed","ping_status":"closed","template":"","meta":{"footnotes":""},"class_list":["post-327","page","type-page","status-publish","hentry"],"_links":{"self":[{"href":"https:\/\/www.uqac.ca\/fouellet\/index.php?rest_route=\/wp\/v2\/pages\/327"}],"collection":[{"href":"https:\/\/www.uqac.ca\/fouellet\/index.php?rest_route=\/wp\/v2\/pages"}],"about":[{"href":"https:\/\/www.uqac.ca\/fouellet\/index.php?rest_route=\/wp\/v2\/types\/page"}],"author":[{"embeddable":true,"href":"https:\/\/www.uqac.ca\/fouellet\/index.php?rest_route=\/wp\/v2\/users\/1"}],"replies":[{"embeddable":true,"href":"https:\/\/www.uqac.ca\/fouellet\/index.php?rest_route=%2Fwp%2Fv2%2Fcomments&post=327"}],"version-history":[{"count":26,"href":"https:\/\/www.uqac.ca\/fouellet\/index.php?rest_route=\/wp\/v2\/pages\/327\/revisions"}],"predecessor-version":[{"id":1302,"href":"https:\/\/www.uqac.ca\/fouellet\/index.php?rest_route=\/wp\/v2\/pages\/327\/revisions\/1302"}],"wp:attachment":[{"href":"https:\/\/www.uqac.ca\/fouellet\/index.php?rest_route=%2Fwp%2Fv2%2Fmedia&parent=327"}],"curies":[{"name":"wp","href":"https:\/\/api.w.org\/{rel}","templated":true}]}}