{"id":60,"date":"2012-12-18T20:07:47","date_gmt":"2012-12-19T01:07:47","guid":{"rendered":"http:\/\/www.uqac.ca\/genetic\/?page_id=60"},"modified":"2024-11-29T13:06:39","modified_gmt":"2024-11-29T18:06:39","slug":"second-etudiant","status":"publish","type":"page","link":"https:\/\/www.uqac.ca\/genetics\/second-etudiant\/?lang=fr","title":{"rendered":"\u00c9tudiants gradu\u00e9s"},"content":{"rendered":"<p><div id=\"wp-tabs-1\" class=\"wp-tabs  jqui-styles wpui-tabs-horizontal\" data-style=\"\"><\/p>\n<p><h3 class=\"wp-tab-title\">\u00a0Abdoul Oudouss Diakit\u00e9 <\/h3> <div class=\"wp-tab-content\"><div class=\"wp-tab-content-wrapper\"><\/p>\n<p><a href=\"https:\/\/www.uqac.ca\/genetics\/wp-content\/uploads\/2024\/11\/Capture-d\u2019\u00e9cran-2024-11-19-121135.png\"><img loading=\"lazy\" decoding=\"async\" class=\"alignleft  wp-image-1628\" src=\"https:\/\/www.uqac.ca\/genetics\/wp-content\/uploads\/2024\/11\/Capture-d\u2019\u00e9cran-2024-11-19-121135-226x300.png\" alt=\"Capture d\u2019\u00e9cran 2024-11-19 121135\" width=\"206\" height=\"270\" \/><\/a><\/p>\n<p><em>\u00c9tudiant \u00e0 la ma\u00eetrise<\/em><\/p>\n<h2>Formation acad\u00e9mique<\/h2>\n<p style=\"text-align: justify;\">Doctorant en Biologie (direction de recherche : Amadou Barry (INRS), Catherine Laprise (UQAC). INRS-Institut Armand Frappier, Canada, 2024-, sur les approches d&rsquo;intelligence artificielle utilisant les expectiles et les M-quantiles pour la m\u00e9decine de pr\u00e9cision et les traitements personnalis\u00e9s de l&rsquo;asthme;<br \/>\nMa\u00eetrise en Sciences exp\u00e9rimentales de la sant\u00e9 (bio-informatique) (INRS-Institut Armand Frappier, Canada, 2022-2023);<br \/>\nDipl\u00f4me d\u2019ing\u00e9nieur d\u2019\u00c9tat en Finance et Actuariat (Universit\u00e9 Cadi Ayyad, Maroc, 2020-2023).<\/p>\n<h2>Stages de formation<\/h2>\n<p>Stage en \u00e9tudes actuarielles, ARM CONSULTANTS, 2023.<\/p>\n<h2>B\u00e9n\u00e9volat<\/h2>\n<p>B\u00e9n\u00e9vole, Parlons Sciences, 2023<br \/>\nB\u00e9n\u00e9vole, The Africa I Know (TAIK), 2021-2022<\/p>\n<p><\/div><\/div><!-- end div.wp-tab-content --><\/p>\n<p><h3 class=\"wp-tab-title\">\u00a0Fatou Diankha <\/h3> <div class=\"wp-tab-content\"><div class=\"wp-tab-content-wrapper\"><\/p>\n<p><a href=\"https:\/\/www.uqac.ca\/genetics\/wp-content\/uploads\/2024\/11\/fatou.png\"><img loading=\"lazy\" decoding=\"async\" class=\"alignleft size-medium wp-image-1614\" src=\"https:\/\/www.uqac.ca\/genetics\/wp-content\/uploads\/2024\/11\/fatou-157x300.png\" alt=\"fatou\" width=\"157\" height=\"300\" \/><\/a><\/p>\n<p><em>\u00c9tudiante \u00e0 la ma\u00eetrise<\/em><\/p>\n<h2>Formation acad\u00e9mique<\/h2>\n<p>Candidate \u00e0 la ma\u00eetrise en Sant\u00e9 Durable (direction de recherche\u00a0: Catherine Laprise et\u00a0co-direction:\u00a0Simon Girard, UQAC, Saguenay, Canada, 2024-) sur les analyses g\u00e9n\u00e9tiques et g\u00e9n\u00e9alogiques\u00a0de l&rsquo;asthme;<br \/>\nB.Sc. en bio-informatique\u00a0(Universit\u00e9 Cheikh\u00a0Anta Diop de Dakar, S\u00e9n\u00e9gal, 2019-2023).<\/p>\n<h2>Stages de formation<\/h2>\n<p>Stage de recherche en\u00a0Anomalie chromosomique et\u00a0 Recherche de la mutation BRCA1 (\u00a0laboratoire de g\u00e9n\u00e9tique et biologie mol\u00e9culaire, UCAD,2023);<br \/>\nStage de recherche en cytologie et g\u00e9n\u00e9tique de la reproduction ( h\u00f4pital\u00a0 Aristide Dantec, S\u00e9n\u00e9gal, 2022).<\/p>\n<p><\/div><\/div><!-- end div.wp-tab-content --><\/p>\n<p><h3 class=\"wp-tab-title\">\u00a0Amira Aoussim <\/h3> <div class=\"wp-tab-content\"><div class=\"wp-tab-content-wrapper\"><\/p>\n<h1>Amira Aoussim<\/h1>\n<p><a href=\"http:\/\/www.uqac.ca\/genetics\/wp-content\/uploads\/2020\/04\/Amira-Aoussim.jpg\"><img loading=\"lazy\" decoding=\"async\" class=\"alignleft size-medium wp-image-1526\" src=\"http:\/\/www.uqac.ca\/genetics\/wp-content\/uploads\/2020\/04\/Amira-Aoussim-173x300.jpg\" alt=\"Amira Aoussim\" width=\"173\" height=\"300\" srcset=\"https:\/\/www.uqac.ca\/genetics\/wp-content\/uploads\/2020\/04\/Amira-Aoussim-173x300.jpg 173w, https:\/\/www.uqac.ca\/genetics\/wp-content\/uploads\/2020\/04\/Amira-Aoussim.jpg 331w\" sizes=\"(max-width: 173px) 100vw, 173px\" \/><\/a><\/p>\n<p><em>\u00c9tudiante \u00e0 la ma\u00eetrise<\/em><\/p>\n<h2>Formation acad\u00e9mique<\/h2>\n<p>Candidate \u00e0 la ma\u00eetrise en Sciences cliniques et biom\u00e9dicales (direction de recherche\u00a0: \u00c9lise Duchesne, co-direction par Catherine Laprise, UQAC, Saguenay, Canada, 2019-) sur l\u2019\u00e9tude prot\u00e9omique de cellules musculaires chez des individus atteints de dystrophie myotonique de type 1 (DM1);<br \/>\nB.Sc. en Sciences, technologies, sant\u00e9 avec mention chimie (Universit\u00e9 Jean Monnet Saint-\u00c9tienne, Saint-\u00c9tienne, France, 2016-2019).<\/p>\n<h2>\u00a0Stages de formation<\/h2>\n<p>Stage sur l\u2019\u00e9tude de la classification des prot\u00e9ines dont l&rsquo;expression a \u00e9t\u00e9 modul\u00e9e par l&rsquo;entra\u00eenement chez des patients atteints de DM1 (UQAC, Saguenay, Canada, 2019);<br \/>\nStage sur l\u2019\u00e9tude du potentiel antiprolif\u00e9ratif, antibact\u00e9rien et antifongique de <em>l&rsquo;epilobium angustifolium<\/em> et sur un compos\u00e9 avec un potentiel anticanc\u00e9reux et de la r\u00e9sistance d&rsquo;une souche canc\u00e9reuse contre un m\u00e9dicament anticanc\u00e9reux (Laboratoire LASEVE, UQAC, Saguenay, Canada, 2018-2019).<\/p>\n<p><\/div><\/div><!-- end div.wp-tab-content --><\/p>\n<p><h3 class=\"wp-tab-title\"> \u00c9mile B\u00e9langer <\/h3> <div class=\"wp-tab-content\"><div class=\"wp-tab-content-wrapper\"><\/p>\n<h1>\u00c9mile B\u00e9langer<\/h1>\n<p><a href=\"http:\/\/www.uqac.ca\/genetics\/wp-content\/uploads\/2021\/06\/\u00c9mile-Belanger.jpg\"><img loading=\"lazy\" decoding=\"async\" class=\"alignleft size-medium wp-image-1526\" src=\"http:\/\/www.uqac.ca\/genetics\/wp-content\/uploads\/2021\/06\/\u00c9mile-Belanger.jpg\" alt=\"\u00c9mile B\u00e9langer\" width=\"200\" height=\"300\" \/><\/a><\/p>\n<p><em>\u00c9tudiant \u00e0 la ma\u00eetrise<\/em><\/p>\n<h2>Formation acad\u00e9mique<\/h2>\n<p style=\"text-align: justify;\">Candidat \u00e0 la ma\u00eetrise en Sciences cliniques et biom\u00e9dicales (direction de recherche\u00a0: Catherine Laprise, UQAC, Saguenay, Canada, 2019) sur l\u2019analyse du profil d\u2019expression des microARN des lymphocytes T CD4+ et des \u00e9osinophiles dans l\u2019asthme et les traits associ\u00e9s;<br \/>\nB.Sc. en g\u00e9nie informatique (UQAC, Saguenay, Canada, 2016-2019).<\/p>\n<h2>Emplois pertinents<\/h2>\n<p>Auxiliaire d\u2019enseignement Dossier professionnel (6GEN480), UQAC 2019;<br \/>\nAuxiliaire d\u2019enseignement M\u00e9thode de gestion de projet informatique (6GEI505), UQAC, 2019;<br \/>\nAuxiliaire d\u2019enseignement Applications r\u00e9seaux et s\u00e9curit\u00e9 informatique (6GEI466), UQAC, 2020.<\/p>\n<h2>B\u00e9n\u00e9volats ou autre implication sociale pertinente<\/h2>\n<p>Tr\u00e9sorier du Comit\u00e9 \u00e9tudiant du Centre intersectoriel en sant\u00e9 durable (CISD), UQAC, 2019<br \/>\n<\/div><\/div><!-- end div.wp-tab-content --><\/p>\n<p><h3 class=\"wp-tab-title\"> William Bourumeau<\/h3> <div class=\"wp-tab-content\"><div class=\"wp-tab-content-wrapper\"><\/p>\n<h1>William Bourumeau<\/h1>\n<p><a href=\"http:\/\/www.uqac.ca\/genetics\/wp-content\/uploads\/2020\/03\/20190128_102105.jpg\"><img loading=\"lazy\" decoding=\"async\" class=\"alignleft size-medium wp-image-1488\" src=\"http:\/\/www.uqac.ca\/genetics\/wp-content\/uploads\/2020\/03\/20190128_102105-225x300.jpg\" alt=\"20190128_102105\" width=\"225\" height=\"300\" srcset=\"https:\/\/www.uqac.ca\/genetics\/wp-content\/uploads\/2020\/03\/20190128_102105-225x300.jpg 225w, https:\/\/www.uqac.ca\/genetics\/wp-content\/uploads\/2020\/03\/20190128_102105-768x1024.jpg 768w, https:\/\/www.uqac.ca\/genetics\/wp-content\/uploads\/2020\/03\/20190128_102105.jpg 806w\" sizes=\"(max-width: 225px) 100vw, 225px\" \/><\/a><\/p>\n<p><em>\u00c9tudiant \u00e0 la ma\u00eetrise<\/em><\/p>\n<h2>Formation acad\u00e9mique<\/h2>\n<p style=\"text-align: justify;\">Candidat \u00e0 la ma\u00eetrise en Sciences cliniques et biom\u00e9dicales (co-direction\u00a0: Catherine Laprise et Catherine Girard, UQAC, Saguenay, Canada, 2020-);<br \/>\nB.Sc en biologie et Dipl\u00f4me Universitaire d\u2019\u00c9tudes Technologies International (DUETI) (Universit\u00e9 Paris-Cr\u00e9teil (UPEC), Cr\u00e9teil, France, 2019-2020);<br \/>\nDipl\u00f4me Universitaire Technologique (DUT) option Analyse biologique et Biochimique (ABB) (UPEC, Cr\u00e9teil, France, 2016-2019).<\/p>\n<h2>Stages de formation<\/h2>\n<p style=\"text-align: justify;\">\u00c9tude de la phosphorylation du motif LLTPL K5 chez les individus atteints d\u2019\u00e9pidermolyse bulleuse simplex (Directrice de recherche\u00a0: Pre Catherine Laprise, UQAC, Qu\u00e9bec, Canada, 2019-);<br \/>\nStage de recherche sur l\u2019infection des cultures (\u00e9pis de ma\u00efs) au champignon <em>Fusarium verticilloides<\/em> et \u00e9valuation la concentration de prot\u00e9ine toxique et leurs toxicit\u00e9s (Institute of Biomedical and Microbial\u00a0Biotechnology (IBMB), Cape Town, Afrique du Sud, 2019).<\/p>\n<p><\/div><\/div><!-- end div.wp-tab-content --><\/p>\n<p><h3 class=\"wp-tab-title\"> Pierre-Alexandre Gagnon<\/h3> <div class=\"wp-tab-content\"><div class=\"wp-tab-content-wrapper\"><\/p>\n<h1>Pierre-Alexandre Gagnon<\/h1>\n<p><a href=\"http:\/\/www.uqac.ca\/genetics\/wp-content\/uploads\/2018\/06\/Pierre-Alexandre.jpg\"><img loading=\"lazy\" decoding=\"async\" class=\" size-medium wp-image-1375 alignnone\" src=\"http:\/\/www.uqac.ca\/genetics\/wp-content\/uploads\/2018\/06\/Pierre-Alexandre-191x300.jpg\" alt=\"Pierre-Alexandre\" width=\"191\" height=\"300\" srcset=\"https:\/\/www.uqac.ca\/genetics\/wp-content\/uploads\/2018\/06\/Pierre-Alexandre-191x300.jpg 191w, https:\/\/www.uqac.ca\/genetics\/wp-content\/uploads\/2018\/06\/Pierre-Alexandre-651x1024.jpg 651w\" sizes=\"(max-width: 191px) 100vw, 191px\" \/><\/a><br \/>\n<em>\u00c9tudiant \u00e0 la ma\u00eetrise<\/em><\/p>\n<h2 style=\"text-align: left;\">Formation acad\u00e9mique<\/h2>\n<p style=\"text-align: justify;\">Candidat \u00e0 la ma\u00eetrise en Sciences cliniques et biom\u00e9dicales (Co-direction\u00a0: Catherine Laprise, UQAC, Saguenay, Canada, 2020-) sur l\u2019\u00e9valuation des changements structuraux et voies biologiques modifi\u00e9es par la thermoplastie bronchique;<br \/>\nB.Sc. en biologie (UQAC, Saguenay, Canada, 2017-2020)<\/p>\n<h2 style=\"text-align: justify;\">Stage de formation<\/h2>\n<p style=\"text-align: justify;\">Stage sur l\u2019\u00e9tude de la m\u00e9thylation de certains loci dans l\u2019asthme et de la quantification de certaines prot\u00e9ines par technique ELISA (Directrice de recherche: Pre Catherine Laprise, UQAC, Saguenay, Canada, 2018-);<br \/>\nConstitution d\u2019un catalogue g\u00e9n\u00e9tique de Brettanomyces bruxellensis, une esp\u00e8ce de levure impliqu\u00e9e dans la d\u00e9t\u00e9rioration du vin (GMGM, Universit\u00e9 de Strasbourg, \u00e9t\u00e9 2019)<\/p>\n<p><\/div><\/div><!-- end div.wp-tab-content --><\/p>\n<p><h3 class=\"wp-tab-title\"> Marie-\u00c8ve Lavoie<\/h3> <div class=\"wp-tab-content\"><div class=\"wp-tab-content-wrapper\"><\/p>\n<h1>Marie-\u00c8ve Lavoie<\/h1>\n<p><a href=\"http:\/\/www.uqac.ca\/genetics\/wp-content\/uploads\/2018\/06\/Marie-eve.jpg\"><img loading=\"lazy\" decoding=\"async\" class=\" size-medium wp-image-1396 alignnone\" src=\"http:\/\/www.uqac.ca\/genetics\/wp-content\/uploads\/2018\/06\/Marie-eve-196x300.jpg\" alt=\"Marie-eve\" width=\"196\" height=\"300\" srcset=\"https:\/\/www.uqac.ca\/genetics\/wp-content\/uploads\/2018\/06\/Marie-eve-196x300.jpg 196w, https:\/\/www.uqac.ca\/genetics\/wp-content\/uploads\/2018\/06\/Marie-eve-670x1024.jpg 670w\" sizes=\"(max-width: 196px) 100vw, 196px\" \/><\/a><\/p>\n<p><em>\u00c9tudiante \u00e0 la ma\u00eetrise<\/em><\/p>\n<h2 style=\"text-align: left;\">Formation acad\u00e9mique<\/h2>\n<p>Candidate \u00e0 la ma\u00eetrise en Sciences cliniques et biom\u00e9dicales (Direction\u00a0: Catherine Laprise, UQAC, Saguenay, Canada, 2020-)<br \/>\nB.Sc. en biologie (UQAC, Saguenay, Canada, 2017-2020);<br \/>\nTechnique en inhaloth\u00e9rapie (C\u00e9gep de Chicoutimi, Saguenay, Canada, 1998-2002).<\/p>\n<h2 style=\"text-align: justify;\">Stage de formation<\/h2>\n<p>Stage sur l\u2019\u00e9volution de la condition respiratoire d\u2019un sous-groupe d\u2019individu de la cohorte d\u2019asthme du Saguenay\u2500Lac-Saint-Jean 20 ans apr\u00e8s le recrutement initial (Directrice de recherche: Pre Catherine Laprise, UQAC, Saguenay, Canada, 2018-)<\/p>\n<h2>Emplois pertinents<\/h2>\n<p>Auxiliaire d\u2019enseignement dans les travaux pratiques d\u2019histophysiologie avanc\u00e9e (1HSA305), UQAC, 2021<br \/>\n<\/div><\/div><!-- end div.wp-tab-content --><\/p>\n<p><h3 class=\"wp-tab-title\"> Mathieu Simard <\/h3> <div class=\"wp-tab-content\"><div class=\"wp-tab-content-wrapper\"><\/p>\n<h1>Mathieu Simard<\/h1>\n<p><a href=\"http:\/\/www.uqac.ca\/genetics\/wp-content\/uploads\/2018\/10\/Mathieu.jpg\"><img loading=\"lazy\" decoding=\"async\" class=\" size-medium wp-image-1414 alignnone\" src=\"http:\/\/www.uqac.ca\/genetics\/wp-content\/uploads\/2018\/10\/Mathieu-225x300.jpg\" alt=\"Mathieu\" width=\"225\" height=\"300\" srcset=\"https:\/\/www.uqac.ca\/genetics\/wp-content\/uploads\/2018\/10\/Mathieu-225x300.jpg 225w, https:\/\/www.uqac.ca\/genetics\/wp-content\/uploads\/2018\/10\/Mathieu-768x1024.jpg 768w\" sizes=\"(max-width: 225px) 100vw, 225px\" \/><\/a><br \/>\n<em>\u00c9tudiant au doctorat<\/em><\/p>\n<h2>Formation acad\u00e9mique<\/h2>\n<p style=\"text-align: justify;\">Candidat au doctorat;<br \/>\nMa\u00eetrise en Sciences cliniques et biom\u00e9dicales (co-direction\u00a0: Catherine Laprise et Simon Girard, UQAC, Saguenay, Canada, 2018-2020) sur l\u2019\u00e9tude bioinformatique de l\u2019\u00e9pig\u00e9n\u00e9tique de l\u2019asthme;<br \/>\nB.Sc. en chimie des produits naturels (UQAC, 2015-18).<\/p>\n<p><strong>Stage de formation<\/strong><\/p>\n<p style=\"text-align: justify;\">Stage sur la synth\u00e8se et l&rsquo;activation de furanoses pour des couplages avec des agents antibact\u00e9riens (Laboratoire LASEVE, UQAC, Saguenay, Canada, 2018);<br \/>\nStage sur l&rsquo;analyse des nitrites et nitrates dans les sols (UQAC, Saguenay, Canada, 2017).<\/p>\n<h2>Emplois pertinents<\/h2>\n<p>Auxiliaire d\u2019enseignement dans le laboratoire G\u00e9n\u00e9tique g\u00e9n\u00e9rale (1GNT102), UQAC, 2019-2020-2021;<br \/>\nAuxilliaire d\u2019enseignement dans le laboratoire Pharmacognosie (1CPM106), UQAC, 2020;<br \/>\nAuxilliaire d\u2019enseignement dans le laboratoire Chimie g\u00e9n\u00e9rale (1CHM141), UQAC, 2019.<\/p>\n<p><\/div><\/div><!-- end div.wp-tab-content --><\/p>\n<p><\/div><!-- end div.wp-tabs --><\/p>","protected":false},"excerpt":{"rendered":"","protected":false},"author":1,"featured_media":0,"parent":0,"menu_order":0,"comment_status":"closed","ping_status":"closed","template":"","meta":{"footnotes":""},"categories":[7],"_links":{"self":[{"href":"https:\/\/www.uqac.ca\/genetics\/wp-json\/wp\/v2\/pages\/60"}],"collection":[{"href":"https:\/\/www.uqac.ca\/genetics\/wp-json\/wp\/v2\/pages"}],"about":[{"href":"https:\/\/www.uqac.ca\/genetics\/wp-json\/wp\/v2\/types\/page"}],"author":[{"embeddable":true,"href":"https:\/\/www.uqac.ca\/genetics\/wp-json\/wp\/v2\/users\/1"}],"replies":[{"embeddable":true,"href":"https:\/\/www.uqac.ca\/genetics\/wp-json\/wp\/v2\/comments?post=60"}],"version-history":[{"count":108,"href":"https:\/\/www.uqac.ca\/genetics\/wp-json\/wp\/v2\/pages\/60\/revisions"}],"predecessor-version":[{"id":2186,"href":"https:\/\/www.uqac.ca\/genetics\/wp-json\/wp\/v2\/pages\/60\/revisions\/2186"}],"wp:attachment":[{"href":"https:\/\/www.uqac.ca\/genetics\/wp-json\/wp\/v2\/media?parent=60"}],"wp:term":[{"taxonomy":"category","embeddable":true,"href":"https:\/\/www.uqac.ca\/genetics\/wp-json\/wp\/v2\/categories?post=60"}],"curies":[{"name":"wp","href":"https:\/\/api.w.org\/{rel}","templated":true}]}}