{"id":586,"date":"2019-06-25T10:14:25","date_gmt":"2019-06-25T14:14:25","guid":{"rendered":"http:\/\/www.uqac.ca\/registraire\/?page_id=586"},"modified":"2026-02-09T11:20:49","modified_gmt":"2026-02-09T16:20:49","slug":"astuces","status":"publish","type":"page","link":"https:\/\/www.uqac.ca\/registraire\/admission\/astuces\/","title":{"rendered":"\u00c9tape 2  \u2022  Faire une demande d&rsquo;admission"},"content":{"rendered":"<p style=\"text-align: center;\">Les personnes candidates canadiennes, r\u00e9sidentes permanentes, d\u00e9tenant le statut de r\u00e9fugi\u00e9 au Canada et des Premi\u00e8res Nations peuvent d\u00e9poser une demande d\u2019admission jusqu\u2019\u00e0 la fin de la p\u00e9riode d\u2019inscription aux cours pour les trimestres d\u2019hiver, d\u2019\u00e9t\u00e9 et d\u2019automne 2026. Pour obtenir les dates pr\u00e9cises, veuillez consulter nos\u00a0<a href=\"https:\/\/www.uqac.ca\/registraire\/calendriers-universitaires\/\">calendriers universitaires<\/a>.<\/p>\n<p style=\"text-align: center;\">Les personnes candidates\u00a0<strong>internationales<\/strong>\u00a0peuvent d\u00e9poser une demande d\u2019admission :<\/p>\n<p style=\"text-align: center;\"><strong>Pour le trimestre d\u2019hiver 2026 : ADMISSIONS FERM\u00c9ES depuis le 1er ao\u00fbt 2025<\/strong><\/p>\n<p style=\"text-align: center;\"><strong>Pour le trimestre d\u2019\u00e9t\u00e9 2026 : ADMISSIONS FERM\u00c9ES depuis le 12 d\u00e9cembre 2025<\/strong><\/p>\n<p style=\"text-align: center;\"><strong>Pour le trimestre d\u2019automne 2026, du 2 septembre 2025 au 1er mars 2026<\/strong><\/p>\n<p>_____________________________________________________________________________________________________________________________________<\/p>\n<p style=\"text-align: center;\">\n","protected":false},"excerpt":{"rendered":"<p>Les personnes candidates canadiennes, r\u00e9sidentes permanentes, d\u00e9tenant le statut de r\u00e9fugi\u00e9 au Canada et des Premi\u00e8res Nations peuvent d\u00e9poser une demande d\u2019admission jusqu\u2019\u00e0 la fin de la p\u00e9riode d\u2019inscription aux cours pour les trimestres d\u2019hiver, d\u2019\u00e9t\u00e9 et d\u2019automne 2026. Pour obtenir les dates pr\u00e9cises, veuillez consulter nos\u00a0calendriers universitaires. Les personnes candidates\u00a0internationales\u00a0peuvent d\u00e9poser une demande d\u2019admission [&hellip;]<\/p>\n","protected":false},"author":8,"featured_media":0,"parent":71,"menu_order":2,"comment_status":"closed","ping_status":"closed","template":"","meta":{"_acf_changed":false,"footnotes":""},"domaine":[],"acf":[],"_links":{"self":[{"href":"https:\/\/www.uqac.ca\/registraire\/wp-json\/wp\/v2\/pages\/586"}],"collection":[{"href":"https:\/\/www.uqac.ca\/registraire\/wp-json\/wp\/v2\/pages"}],"about":[{"href":"https:\/\/www.uqac.ca\/registraire\/wp-json\/wp\/v2\/types\/page"}],"author":[{"embeddable":true,"href":"https:\/\/www.uqac.ca\/registraire\/wp-json\/wp\/v2\/users\/8"}],"replies":[{"embeddable":true,"href":"https:\/\/www.uqac.ca\/registraire\/wp-json\/wp\/v2\/comments?post=586"}],"version-history":[{"count":212,"href":"https:\/\/www.uqac.ca\/registraire\/wp-json\/wp\/v2\/pages\/586\/revisions"}],"predecessor-version":[{"id":35503,"href":"https:\/\/www.uqac.ca\/registraire\/wp-json\/wp\/v2\/pages\/586\/revisions\/35503"}],"up":[{"embeddable":true,"href":"https:\/\/www.uqac.ca\/registraire\/wp-json\/wp\/v2\/pages\/71"}],"wp:attachment":[{"href":"https:\/\/www.uqac.ca\/registraire\/wp-json\/wp\/v2\/media?parent=586"}],"wp:term":[{"taxonomy":"domaine","embeddable":true,"href":"https:\/\/www.uqac.ca\/registraire\/wp-json\/wp\/v2\/domaine?post=586"}],"curies":[{"name":"wp","href":"https:\/\/api.w.org\/{rel}","templated":true}]}}