{"version":"1.0","provider_name":"UQACtualit\u00e9s","provider_url":"https:\/\/www.uqac.ca\/uqactualites","title":"La formation colle \u00e0 la r\u00e9alit\u00e9 r\u00e9gionale - UQACtualit\u00e9s","type":"rich","width":600,"height":338,"html":"<blockquote class=\"wp-embedded-content\" data-secret=\"w6Knt4WLL1\"><a href=\"https:\/\/www.uqac.ca\/uqactualites\/2005\/02\/01\/la-formation-colle-a-la-realite-regionale\/\">La formation colle \u00e0 la r\u00e9alit\u00e9 r\u00e9gionale<\/a><\/blockquote><iframe sandbox=\"allow-scripts\" security=\"restricted\" src=\"https:\/\/www.uqac.ca\/uqactualites\/2005\/02\/01\/la-formation-colle-a-la-realite-regionale\/embed\/#?secret=w6Knt4WLL1\" width=\"600\" height=\"338\" title=\"&laquo; La formation colle \u00e0 la r\u00e9alit\u00e9 r\u00e9gionale &raquo; &#8212; UQACtualit\u00e9s\" data-secret=\"w6Knt4WLL1\" frameborder=\"0\" marginwidth=\"0\" marginheight=\"0\" scrolling=\"no\" class=\"wp-embedded-content\"><\/iframe><script type=\"text\/javascript\">\n\/* <![CDATA[ *\/\n\/*! This file is auto-generated *\/\n!function(d,l){\"use strict\";l.querySelector&&d.addEventListener&&\"undefined\"!=typeof URL&&(d.wp=d.wp||{},d.wp.receiveEmbedMessage||(d.wp.receiveEmbedMessage=function(e){var t=e.data;if((t||t.secret||t.message||t.value)&&!\/[^a-zA-Z0-9]\/.test(t.secret)){for(var s,r,n,a=l.querySelectorAll('iframe[data-secret=\"'+t.secret+'\"]'),o=l.querySelectorAll('blockquote[data-secret=\"'+t.secret+'\"]'),c=new RegExp(\"^https?:$\",\"i\"),i=0;i<o.length;i++)o[i].style.display=\"none\";for(i=0;i<a.length;i++)s=a[i],e.source===s.contentWindow&&(s.removeAttribute(\"style\"),\"height\"===t.message?(1e3<(r=parseInt(t.value,10))?r=1e3:~~r<200&&(r=200),s.height=r):\"link\"===t.message&&(r=new URL(s.getAttribute(\"src\")),n=new URL(t.value),c.test(n.protocol))&&n.host===r.host&&l.activeElement===s&&(d.top.location.href=t.value))}},d.addEventListener(\"message\",d.wp.receiveEmbedMessage,!1),l.addEventListener(\"DOMContentLoaded\",function(){for(var e,t,s=l.querySelectorAll(\"iframe.wp-embedded-content\"),r=0;r<s.length;r++)(t=(e=s[r]).getAttribute(\"data-secret\"))||(t=Math.random().toString(36).substring(2,12),e.src+=\"#?secret=\"+t,e.setAttribute(\"data-secret\",t)),e.contentWindow.postMessage({message:\"ready\",secret:t},\"*\")},!1)))}(window,document);\n\/* ]]> *\/\n<\/script>\n","description":"Au milieu du virage ambulatoire, de la reconfiguration du r\u00e9seau de la sant\u00e9 et des retraites massives, le milieu infirmier est en pleine restructuration. Ajout\u00e9 \u00e0 cela la nouvelle politique de sant\u00e9 publique annonc\u00e9e derni\u00e8rement par le gouvernement qu\u00e9b\u00e9cois et des efforts consid\u00e9rables devront \u00eatre pos\u00e9s de la part des actuels et futurs infirmiers du [&hellip;]","thumbnail_url":"http:\/\/www.uqac.ca\/wp-content\/uploads\/2012\/03\/0YYF6Jjz6lGwyLGt-300x225.jpg"}