{"version":"1.0","provider_name":"UQACtualit\u00e9s","provider_url":"https:\/\/www.uqac.ca\/uqactualites","title":"Gr\u00e2ce \u00e0 un financement de 625 000 $ - D\u00e9marrage d'un projet de recherche clinique novateur d\u00e9di\u00e9 aux personnes atteintes de maladies chroniques - UQACtualit\u00e9s","type":"rich","width":600,"height":338,"html":"<blockquote class=\"wp-embedded-content\" data-secret=\"mLRUL7AM7Y\"><a href=\"https:\/\/www.uqac.ca\/uqactualites\/2013\/03\/07\/demarrage-du-projet-v1sages\/\">Gr\u00e2ce \u00e0 un financement de 625 000 $ &#8211; D\u00e9marrage d&rsquo;un projet de recherche clinique novateur d\u00e9di\u00e9 aux personnes atteintes de maladies chroniques<\/a><\/blockquote><iframe sandbox=\"allow-scripts\" security=\"restricted\" src=\"https:\/\/www.uqac.ca\/uqactualites\/2013\/03\/07\/demarrage-du-projet-v1sages\/embed\/#?secret=mLRUL7AM7Y\" width=\"600\" height=\"338\" title=\"&laquo; Gr\u00e2ce \u00e0 un financement de 625 000 $ &#8211; D\u00e9marrage d&rsquo;un projet de recherche clinique novateur d\u00e9di\u00e9 aux personnes atteintes de maladies chroniques &raquo; &#8212; UQACtualit\u00e9s\" data-secret=\"mLRUL7AM7Y\" frameborder=\"0\" marginwidth=\"0\" marginheight=\"0\" scrolling=\"no\" class=\"wp-embedded-content\"><\/iframe><script type=\"text\/javascript\">\n\/* <![CDATA[ *\/\n\/*! This file is auto-generated *\/\n!function(d,l){\"use strict\";l.querySelector&&d.addEventListener&&\"undefined\"!=typeof URL&&(d.wp=d.wp||{},d.wp.receiveEmbedMessage||(d.wp.receiveEmbedMessage=function(e){var t=e.data;if((t||t.secret||t.message||t.value)&&!\/[^a-zA-Z0-9]\/.test(t.secret)){for(var s,r,n,a=l.querySelectorAll('iframe[data-secret=\"'+t.secret+'\"]'),o=l.querySelectorAll('blockquote[data-secret=\"'+t.secret+'\"]'),c=new RegExp(\"^https?:$\",\"i\"),i=0;i<o.length;i++)o[i].style.display=\"none\";for(i=0;i<a.length;i++)s=a[i],e.source===s.contentWindow&&(s.removeAttribute(\"style\"),\"height\"===t.message?(1e3<(r=parseInt(t.value,10))?r=1e3:~~r<200&&(r=200),s.height=r):\"link\"===t.message&&(r=new URL(s.getAttribute(\"src\")),n=new URL(t.value),c.test(n.protocol))&&n.host===r.host&&l.activeElement===s&&(d.top.location.href=t.value))}},d.addEventListener(\"message\",d.wp.receiveEmbedMessage,!1),l.addEventListener(\"DOMContentLoaded\",function(){for(var e,t,s=l.querySelectorAll(\"iframe.wp-embedded-content\"),r=0;r<s.length;r++)(t=(e=s[r]).getAttribute(\"data-secret\"))||(t=Math.random().toString(36).substring(2,12),e.src+=\"#?secret=\"+t,e.setAttribute(\"data-secret\",t)),e.contentWindow.postMessage({message:\"ready\",secret:t},\"*\")},!1)))}(window,document);\n\/* ]]> *\/\n<\/script>\n","thumbnail_url":"https:\/\/www.uqac.ca\/uqactualites\/wp-content\/uploads\/2013\/03\/En_tete_comm_CSSS_V1SAGE.jpg","thumbnail_width":620,"thumbnail_height":300,"description":"COMMUNIQU\u00c9 DE PRESSE Pour diffusion imm\u00e9diate Chicoutimi, le 7 mars 2013 \u2013 Le Centre de sant\u00e9 et de services sociaux (CSSS) de Chicoutimi est heureux d\u2019annoncer le d\u00e9marrage d\u2019un projet de recherche clinique r\u00e9gional visant \u00e0 mieux soutenir les personnes atteintes de maladies chroniques. R\u00e9alis\u00e9 en partenariat avec l\u2019Agence de la sant\u00e9 et des services [&hellip;]"}