{"version":"1.0","provider_name":"UQACtualit\u00e9s","provider_url":"https:\/\/www.uqac.ca\/uqactualites","title":"L\u2019UQAC souligne la Journ\u00e9e mondiale de l\u2019eau - UQACtualit\u00e9s","type":"rich","width":600,"height":338,"html":"<blockquote class=\"wp-embedded-content\" data-secret=\"0Pln8Fv6BF\"><a href=\"https:\/\/www.uqac.ca\/uqactualites\/2013\/03\/18\/luqac-souligne-la-journee-mondiale-de-leau-2\/\">L\u2019UQAC souligne la Journ\u00e9e mondiale de l\u2019eau<\/a><\/blockquote><iframe sandbox=\"allow-scripts\" security=\"restricted\" src=\"https:\/\/www.uqac.ca\/uqactualites\/2013\/03\/18\/luqac-souligne-la-journee-mondiale-de-leau-2\/embed\/#?secret=0Pln8Fv6BF\" width=\"600\" height=\"338\" title=\"&laquo; L\u2019UQAC souligne la Journ\u00e9e mondiale de l\u2019eau &raquo; &#8212; UQACtualit\u00e9s\" data-secret=\"0Pln8Fv6BF\" frameborder=\"0\" marginwidth=\"0\" marginheight=\"0\" scrolling=\"no\" class=\"wp-embedded-content\"><\/iframe><script type=\"text\/javascript\">\n\/* <![CDATA[ *\/\n\/*! This file is auto-generated *\/\n!function(d,l){\"use strict\";l.querySelector&&d.addEventListener&&\"undefined\"!=typeof URL&&(d.wp=d.wp||{},d.wp.receiveEmbedMessage||(d.wp.receiveEmbedMessage=function(e){var t=e.data;if((t||t.secret||t.message||t.value)&&!\/[^a-zA-Z0-9]\/.test(t.secret)){for(var s,r,n,a=l.querySelectorAll('iframe[data-secret=\"'+t.secret+'\"]'),o=l.querySelectorAll('blockquote[data-secret=\"'+t.secret+'\"]'),c=new RegExp(\"^https?:$\",\"i\"),i=0;i<o.length;i++)o[i].style.display=\"none\";for(i=0;i<a.length;i++)s=a[i],e.source===s.contentWindow&&(s.removeAttribute(\"style\"),\"height\"===t.message?(1e3<(r=parseInt(t.value,10))?r=1e3:~~r<200&&(r=200),s.height=r):\"link\"===t.message&&(r=new URL(s.getAttribute(\"src\")),n=new URL(t.value),c.test(n.protocol))&&n.host===r.host&&l.activeElement===s&&(d.top.location.href=t.value))}},d.addEventListener(\"message\",d.wp.receiveEmbedMessage,!1),l.addEventListener(\"DOMContentLoaded\",function(){for(var e,t,s=l.querySelectorAll(\"iframe.wp-embedded-content\"),r=0;r<s.length;r++)(t=(e=s[r]).getAttribute(\"data-secret\"))||(t=Math.random().toString(36).substring(2,12),e.src+=\"#?secret=\"+t,e.setAttribute(\"data-secret\",t)),e.contentWindow.postMessage({message:\"ready\",secret:t},\"*\")},!1)))}(window,document);\n\/* ]]> *\/\n<\/script>\n","thumbnail_url":"https:\/\/www.uqac.ca\/uqactualites\/wp-content\/uploads\/2012\/05\/communiqu-.jpg","thumbnail_width":620,"thumbnail_height":300,"description":"Saguenay, le 18 mars 2013 \u2014 Afin de souligner la Journ\u00e9e mondiale de l\u2019eau\u00a02013, l\u2019Universit\u00e9 du Qu\u00e9bec \u00e0 Chicoutimi proposera le 22 mars prochain une journ\u00e9e d\u2019activit\u00e9s, de concert avec plusieurs organismes r\u00e9gionaux. Sous le th\u00e8me\u00a0\u00ab\u00a0La coop\u00e9ration dans le domaine de l\u2019eau\u00a0\u00bb, une programmation compl\u00e8te sera propos\u00e9e afin de favoriser une r\u00e9flexion commune sur cette [&hellip;]"}