{"version":"1.0","provider_name":"UQACtualit\u00e9s","provider_url":"https:\/\/www.uqac.ca\/uqactualites","title":"Conf\u00e9rence du GRIR \u2013 Daniel Paill\u00e9 - UQACtualit\u00e9s","type":"rich","width":600,"height":338,"html":"<blockquote class=\"wp-embedded-content\" data-secret=\"c3grU1Fc0W\"><a href=\"https:\/\/www.uqac.ca\/uqactualites\/2013\/11\/05\/conference-du-grir-daniel-paille\/\">Conf\u00e9rence du GRIR \u2013 Daniel Paill\u00e9<\/a><\/blockquote><iframe sandbox=\"allow-scripts\" security=\"restricted\" src=\"https:\/\/www.uqac.ca\/uqactualites\/2013\/11\/05\/conference-du-grir-daniel-paille\/embed\/#?secret=c3grU1Fc0W\" width=\"600\" height=\"338\" title=\"&laquo; Conf\u00e9rence du GRIR \u2013 Daniel Paill\u00e9 &raquo; &#8212; UQACtualit\u00e9s\" data-secret=\"c3grU1Fc0W\" frameborder=\"0\" marginwidth=\"0\" marginheight=\"0\" scrolling=\"no\" class=\"wp-embedded-content\"><\/iframe><script type=\"text\/javascript\">\n\/* <![CDATA[ *\/\n\/*! This file is auto-generated *\/\n!function(d,l){\"use strict\";l.querySelector&&d.addEventListener&&\"undefined\"!=typeof URL&&(d.wp=d.wp||{},d.wp.receiveEmbedMessage||(d.wp.receiveEmbedMessage=function(e){var t=e.data;if((t||t.secret||t.message||t.value)&&!\/[^a-zA-Z0-9]\/.test(t.secret)){for(var s,r,n,a=l.querySelectorAll('iframe[data-secret=\"'+t.secret+'\"]'),o=l.querySelectorAll('blockquote[data-secret=\"'+t.secret+'\"]'),c=new RegExp(\"^https?:$\",\"i\"),i=0;i<o.length;i++)o[i].style.display=\"none\";for(i=0;i<a.length;i++)s=a[i],e.source===s.contentWindow&&(s.removeAttribute(\"style\"),\"height\"===t.message?(1e3<(r=parseInt(t.value,10))?r=1e3:~~r<200&&(r=200),s.height=r):\"link\"===t.message&&(r=new URL(s.getAttribute(\"src\")),n=new URL(t.value),c.test(n.protocol))&&n.host===r.host&&l.activeElement===s&&(d.top.location.href=t.value))}},d.addEventListener(\"message\",d.wp.receiveEmbedMessage,!1),l.addEventListener(\"DOMContentLoaded\",function(){for(var e,t,s=l.querySelectorAll(\"iframe.wp-embedded-content\"),r=0;r<s.length;r++)(t=(e=s[r]).getAttribute(\"data-secret\"))||(t=Math.random().toString(36).substring(2,12),e.src+=\"#?secret=\"+t,e.setAttribute(\"data-secret\",t)),e.contentWindow.postMessage({message:\"ready\",secret:t},\"*\")},!1)))}(window,document);\n\/* ]]> *\/\n<\/script>\n","thumbnail_url":"https:\/\/www.uqac.ca\/uqactualites\/wp-content\/uploads\/2012\/05\/avis-laCommunaut-.jpg","thumbnail_width":620,"thumbnail_height":300,"description":"Dans le cadre de sa programmation automne\u00a02013, le Groupe de recherche et d\u2019intervention r\u00e9gionales (GRIR) invite la communaut\u00e9 universitaire \u00e0 assister \u00e0 une conf\u00e9rence anim\u00e9e par Daniel Paill\u00e9, chef du Bloc qu\u00e9b\u00e9cois\u00a0: Jeudi 7 novembre 2013\u00a0 \u25aa\u00a0 13\u00a0h Local P3-1020 Entr\u00e9e libre. Bienvenue \u00e0 toutes et \u00e0 tous! Consultez en ligne la programmation automne 2013 [&hellip;]"}