{"version":"1.0","provider_name":"UQACtualit\u00e9s","provider_url":"https:\/\/www.uqac.ca\/uqactualites","title":"RAPPEL - Journ\u00e9e nationale de la p\u2019tite laine 2015 - UQACtualit\u00e9s","type":"rich","width":600,"height":338,"html":"<blockquote class=\"wp-embedded-content\" data-secret=\"RgRSTw235c\"><a href=\"https:\/\/www.uqac.ca\/uqactualites\/2015\/02\/04\/rappel-journee-nationale-de-la-ptite-laine-2015\/\">RAPPEL &#8211; Journ\u00e9e nationale de la p\u2019tite laine 2015<\/a><\/blockquote><iframe sandbox=\"allow-scripts\" security=\"restricted\" src=\"https:\/\/www.uqac.ca\/uqactualites\/2015\/02\/04\/rappel-journee-nationale-de-la-ptite-laine-2015\/embed\/#?secret=RgRSTw235c\" width=\"600\" height=\"338\" title=\"&laquo; RAPPEL &#8211; Journ\u00e9e nationale de la p\u2019tite laine 2015 &raquo; &#8212; UQACtualit\u00e9s\" data-secret=\"RgRSTw235c\" frameborder=\"0\" marginwidth=\"0\" marginheight=\"0\" scrolling=\"no\" class=\"wp-embedded-content\"><\/iframe><script type=\"text\/javascript\">\n\/* <![CDATA[ *\/\n\/*! This file is auto-generated *\/\n!function(d,l){\"use strict\";l.querySelector&&d.addEventListener&&\"undefined\"!=typeof URL&&(d.wp=d.wp||{},d.wp.receiveEmbedMessage||(d.wp.receiveEmbedMessage=function(e){var t=e.data;if((t||t.secret||t.message||t.value)&&!\/[^a-zA-Z0-9]\/.test(t.secret)){for(var s,r,n,a=l.querySelectorAll('iframe[data-secret=\"'+t.secret+'\"]'),o=l.querySelectorAll('blockquote[data-secret=\"'+t.secret+'\"]'),c=new RegExp(\"^https?:$\",\"i\"),i=0;i<o.length;i++)o[i].style.display=\"none\";for(i=0;i<a.length;i++)s=a[i],e.source===s.contentWindow&&(s.removeAttribute(\"style\"),\"height\"===t.message?(1e3<(r=parseInt(t.value,10))?r=1e3:~~r<200&&(r=200),s.height=r):\"link\"===t.message&&(r=new URL(s.getAttribute(\"src\")),n=new URL(t.value),c.test(n.protocol))&&n.host===r.host&&l.activeElement===s&&(d.top.location.href=t.value))}},d.addEventListener(\"message\",d.wp.receiveEmbedMessage,!1),l.addEventListener(\"DOMContentLoaded\",function(){for(var e,t,s=l.querySelectorAll(\"iframe.wp-embedded-content\"),r=0;r<s.length;r++)(t=(e=s[r]).getAttribute(\"data-secret\"))||(t=Math.random().toString(36).substring(2,12),e.src+=\"#?secret=\"+t,e.setAttribute(\"data-secret\",t)),e.contentWindow.postMessage({message:\"ready\",secret:t},\"*\")},!1)))}(window,document);\n\/* ]]> *\/\n<\/script>\n","thumbnail_url":"https:\/\/www.uqac.ca\/uqactualites\/wp-content\/uploads\/2012\/05\/avis-laCommunaut-.jpg","thumbnail_width":620,"thumbnail_height":300,"description":"L\u2019UQAC invite la communaut\u00e9 universitaire \u00e0 participer \u00e0 la Journ\u00e9e nationale de la p\u2019tite laine 2015 du Fonds mondial pour la nature (WWF) qui aura lieu demain, jeudi 5 f\u00e9vrier. En quoi consiste le d\u00e9fi de cette journ\u00e9e? Il suffit de g\u00e9n\u00e9rer des \u00e9conomies d\u2019\u00e9nergie en baissant le chauffage de son environnement de travail et [&hellip;]"}