{"version":"1.0","provider_name":"UQACtualit\u00e9s","provider_url":"https:\/\/www.uqac.ca\/uqactualites","title":"Prix de l\u2019enseignement : L\u2019UQAC souligne le travail de deux enseignants - UQACtualit\u00e9s","type":"rich","width":600,"height":338,"html":"<blockquote class=\"wp-embedded-content\" data-secret=\"BJzF8JUVFv\"><a href=\"https:\/\/www.uqac.ca\/uqactualites\/2015\/02\/20\/prix-de-lenseignement\/\">Prix de l\u2019enseignement : L\u2019UQAC souligne le travail de deux enseignants<\/a><\/blockquote><iframe sandbox=\"allow-scripts\" security=\"restricted\" src=\"https:\/\/www.uqac.ca\/uqactualites\/2015\/02\/20\/prix-de-lenseignement\/embed\/#?secret=BJzF8JUVFv\" width=\"600\" height=\"338\" title=\"&laquo; Prix de l\u2019enseignement : L\u2019UQAC souligne le travail de deux enseignants &raquo; &#8212; UQACtualit\u00e9s\" data-secret=\"BJzF8JUVFv\" frameborder=\"0\" marginwidth=\"0\" marginheight=\"0\" scrolling=\"no\" class=\"wp-embedded-content\"><\/iframe><script type=\"text\/javascript\">\n\/* <![CDATA[ *\/\n\/*! This file is auto-generated *\/\n!function(d,l){\"use strict\";l.querySelector&&d.addEventListener&&\"undefined\"!=typeof URL&&(d.wp=d.wp||{},d.wp.receiveEmbedMessage||(d.wp.receiveEmbedMessage=function(e){var t=e.data;if((t||t.secret||t.message||t.value)&&!\/[^a-zA-Z0-9]\/.test(t.secret)){for(var s,r,n,a=l.querySelectorAll('iframe[data-secret=\"'+t.secret+'\"]'),o=l.querySelectorAll('blockquote[data-secret=\"'+t.secret+'\"]'),c=new RegExp(\"^https?:$\",\"i\"),i=0;i<o.length;i++)o[i].style.display=\"none\";for(i=0;i<a.length;i++)s=a[i],e.source===s.contentWindow&&(s.removeAttribute(\"style\"),\"height\"===t.message?(1e3<(r=parseInt(t.value,10))?r=1e3:~~r<200&&(r=200),s.height=r):\"link\"===t.message&&(r=new URL(s.getAttribute(\"src\")),n=new URL(t.value),c.test(n.protocol))&&n.host===r.host&&l.activeElement===s&&(d.top.location.href=t.value))}},d.addEventListener(\"message\",d.wp.receiveEmbedMessage,!1),l.addEventListener(\"DOMContentLoaded\",function(){for(var e,t,s=l.querySelectorAll(\"iframe.wp-embedded-content\"),r=0;r<s.length;r++)(t=(e=s[r]).getAttribute(\"data-secret\"))||(t=Math.random().toString(36).substring(2,12),e.src+=\"#?secret=\"+t,e.setAttribute(\"data-secret\",t)),e.contentWindow.postMessage({message:\"ready\",secret:t},\"*\")},!1)))}(window,document);\n\/* ]]> *\/\n<\/script>\n","thumbnail_url":"https:\/\/www.uqac.ca\/uqactualites\/wp-content\/uploads\/2015\/02\/DSC_8008-2-scaled.jpg","thumbnail_width":2560,"thumbnail_height":1218,"description":"L\u2019UQAC a r\u00e9compens\u00e9 le travail de deux enseignants, M. Ian Segers, charg\u00e9 de cours au D\u00e9partement des sciences fondamentales et de M. Vincent Arnaud, professeur au D\u00e9partement des arts et lettres, en leur d\u00e9cernant le Prix de l\u2019enseignement lors de la c\u00e9r\u00e9monie de cl\u00f4ture des Journ\u00e9es de la valorisation de l\u2019enseignement, de la recherche et [&hellip;]"}