{"version":"1.0","provider_name":"UQACtualit\u00e9s","provider_url":"https:\/\/www.uqac.ca\/uqactualites","title":"Lancement de la cinqui\u00e8me \u00e9dition de Savoir affaires - UQACtualit\u00e9s","type":"rich","width":600,"height":338,"html":"<blockquote class=\"wp-embedded-content\" data-secret=\"BLW75LK7Ak\"><a href=\"https:\/\/www.uqac.ca\/uqactualites\/2016\/09\/27\/lancement-de-la-cinquieme-edition-de-savoir-affaires\/\">Lancement de la cinqui\u00e8me \u00e9dition de Savoir affaires<\/a><\/blockquote><iframe sandbox=\"allow-scripts\" security=\"restricted\" src=\"https:\/\/www.uqac.ca\/uqactualites\/2016\/09\/27\/lancement-de-la-cinquieme-edition-de-savoir-affaires\/embed\/#?secret=BLW75LK7Ak\" width=\"600\" height=\"338\" title=\"&laquo; Lancement de la cinqui\u00e8me \u00e9dition de Savoir affaires &raquo; &#8212; UQACtualit\u00e9s\" data-secret=\"BLW75LK7Ak\" frameborder=\"0\" marginwidth=\"0\" marginheight=\"0\" scrolling=\"no\" class=\"wp-embedded-content\"><\/iframe><script type=\"text\/javascript\">\n\/* <![CDATA[ *\/\n\/*! This file is auto-generated *\/\n!function(d,l){\"use strict\";l.querySelector&&d.addEventListener&&\"undefined\"!=typeof URL&&(d.wp=d.wp||{},d.wp.receiveEmbedMessage||(d.wp.receiveEmbedMessage=function(e){var t=e.data;if((t||t.secret||t.message||t.value)&&!\/[^a-zA-Z0-9]\/.test(t.secret)){for(var s,r,n,a=l.querySelectorAll('iframe[data-secret=\"'+t.secret+'\"]'),o=l.querySelectorAll('blockquote[data-secret=\"'+t.secret+'\"]'),c=new RegExp(\"^https?:$\",\"i\"),i=0;i<o.length;i++)o[i].style.display=\"none\";for(i=0;i<a.length;i++)s=a[i],e.source===s.contentWindow&&(s.removeAttribute(\"style\"),\"height\"===t.message?(1e3<(r=parseInt(t.value,10))?r=1e3:~~r<200&&(r=200),s.height=r):\"link\"===t.message&&(r=new URL(s.getAttribute(\"src\")),n=new URL(t.value),c.test(n.protocol))&&n.host===r.host&&l.activeElement===s&&(d.top.location.href=t.value))}},d.addEventListener(\"message\",d.wp.receiveEmbedMessage,!1),l.addEventListener(\"DOMContentLoaded\",function(){for(var e,t,s=l.querySelectorAll(\"iframe.wp-embedded-content\"),r=0;r<s.length;r++)(t=(e=s[r]).getAttribute(\"data-secret\"))||(t=Math.random().toString(36).substring(2,12),e.src+=\"#?secret=\"+t,e.setAttribute(\"data-secret\",t)),e.contentWindow.postMessage({message:\"ready\",secret:t},\"*\")},!1)))}(window,document);\n\/* ]]> *\/\n<\/script>\n","thumbnail_url":"https:\/\/www.uqac.ca\/uqactualites\/wp-content\/uploads\/2016\/09\/photo_conf\u00e9rencedepresse_UQACtu.jpg","thumbnail_width":2119,"thumbnail_height":1009,"description":"M.\u00a0R\u00e9jean Porlier, maire de la Ville de Sept-\u00celes, M. Martin Gauthier, recteur de l\u2019Universit\u00e9 du Qu\u00e9bec \u00e0 Chicoutimi, M. Luc Gagnon, conseiller au d\u00e9veloppement des affaires et des infrastructures strat\u00e9giques pour la Soci\u00e9t\u00e9 du Plan Nord, et M.\u00a0Sylvain Larivi\u00e8re, directeur g\u00e9n\u00e9ral et commissaire industriel \u00e0 D\u00e9veloppement \u00e9conomique Sept-\u00celes, ont annonc\u00e9 la venue prochaine de l\u2019initiative [&hellip;]"}