{"version":"1.0","provider_name":"UQACtualit\u00e9s","provider_url":"https:\/\/www.uqac.ca\/uqactualites","title":"La pers\u00e9v\u00e9rance des \u00e9tudiants c\u00e9l\u00e9br\u00e9e \u00e0 l\u2019UQAC - UQACtualit\u00e9s","type":"rich","width":600,"height":338,"html":"<blockquote class=\"wp-embedded-content\" data-secret=\"qTqf2OdLMO\"><a href=\"https:\/\/www.uqac.ca\/uqactualites\/2017\/02\/15\/la-perseverance-des-etudiants-celebree-a-luqac\/\">La pers\u00e9v\u00e9rance des \u00e9tudiants c\u00e9l\u00e9br\u00e9e \u00e0 l\u2019UQAC<\/a><\/blockquote><iframe sandbox=\"allow-scripts\" security=\"restricted\" src=\"https:\/\/www.uqac.ca\/uqactualites\/2017\/02\/15\/la-perseverance-des-etudiants-celebree-a-luqac\/embed\/#?secret=qTqf2OdLMO\" width=\"600\" height=\"338\" title=\"&laquo; La pers\u00e9v\u00e9rance des \u00e9tudiants c\u00e9l\u00e9br\u00e9e \u00e0 l\u2019UQAC &raquo; &#8212; UQACtualit\u00e9s\" data-secret=\"qTqf2OdLMO\" frameborder=\"0\" marginwidth=\"0\" marginheight=\"0\" scrolling=\"no\" class=\"wp-embedded-content\"><\/iframe><script type=\"text\/javascript\">\n\/* <![CDATA[ *\/\n\/*! This file is auto-generated *\/\n!function(d,l){\"use strict\";l.querySelector&&d.addEventListener&&\"undefined\"!=typeof URL&&(d.wp=d.wp||{},d.wp.receiveEmbedMessage||(d.wp.receiveEmbedMessage=function(e){var t=e.data;if((t||t.secret||t.message||t.value)&&!\/[^a-zA-Z0-9]\/.test(t.secret)){for(var s,r,n,a=l.querySelectorAll('iframe[data-secret=\"'+t.secret+'\"]'),o=l.querySelectorAll('blockquote[data-secret=\"'+t.secret+'\"]'),c=new RegExp(\"^https?:$\",\"i\"),i=0;i<o.length;i++)o[i].style.display=\"none\";for(i=0;i<a.length;i++)s=a[i],e.source===s.contentWindow&&(s.removeAttribute(\"style\"),\"height\"===t.message?(1e3<(r=parseInt(t.value,10))?r=1e3:~~r<200&&(r=200),s.height=r):\"link\"===t.message&&(r=new URL(s.getAttribute(\"src\")),n=new URL(t.value),c.test(n.protocol))&&n.host===r.host&&l.activeElement===s&&(d.top.location.href=t.value))}},d.addEventListener(\"message\",d.wp.receiveEmbedMessage,!1),l.addEventListener(\"DOMContentLoaded\",function(){for(var e,t,s=l.querySelectorAll(\"iframe.wp-embedded-content\"),r=0;r<s.length;r++)(t=(e=s[r]).getAttribute(\"data-secret\"))||(t=Math.random().toString(36).substring(2,12),e.src+=\"#?secret=\"+t,e.setAttribute(\"data-secret\",t)),e.contentWindow.postMessage({message:\"ready\",secret:t},\"*\")},!1)))}(window,document);\n\/* ]]> *\/\n<\/script>\n","thumbnail_url":"https:\/\/www.uqac.ca\/uqactualites\/wp-content\/uploads\/2017\/02\/JPS2017-Web-Denis-Blackburn.jpg","thumbnail_width":620,"thumbnail_height":300,"description":"Des \u00e9quipes multidisciplinaires form\u00e9es de membres du personnel de soutien, de professionnels, de charg\u00e9s de cours et de professeurs de l\u2019UQAC \u00e9taient post\u00e9es aux entr\u00e9es de diff\u00e9rents pavillons ce matin afin d\u2019accueillir en grand les \u00e9tudiants \u00e0 leur arriv\u00e9e. C\u2019est dans le cadre des Journ\u00e9es de la pers\u00e9v\u00e9rance scolaire qu\u2019a \u00e9t\u00e9 mis de l\u2019avant cet [&hellip;]"}