{"version":"1.0","provider_name":"UQACtualit\u00e9s","provider_url":"https:\/\/www.uqac.ca\/uqactualites","title":"Jean-Paul Qu\u00e9innec r\u00e9compens\u00e9 pour le meilleur article savant de langue fran\u00e7aise en th\u00e9\u00e2tre au Canada - UQACtualit\u00e9s","type":"rich","width":600,"height":338,"html":"<blockquote class=\"wp-embedded-content\" data-secret=\"4WEFc9MzWG\"><a href=\"https:\/\/www.uqac.ca\/uqactualites\/2019\/04\/24\/jean-paul-queinnec-prix-jean-cleo-godin\/\">Jean-Paul Qu\u00e9innec r\u00e9compens\u00e9 pour le meilleur article savant de langue fran\u00e7aise en th\u00e9\u00e2tre au Canada<\/a><\/blockquote><iframe sandbox=\"allow-scripts\" security=\"restricted\" src=\"https:\/\/www.uqac.ca\/uqactualites\/2019\/04\/24\/jean-paul-queinnec-prix-jean-cleo-godin\/embed\/#?secret=4WEFc9MzWG\" width=\"600\" height=\"338\" title=\"&laquo; Jean-Paul Qu\u00e9innec r\u00e9compens\u00e9 pour le meilleur article savant de langue fran\u00e7aise en th\u00e9\u00e2tre au Canada &raquo; &#8212; UQACtualit\u00e9s\" data-secret=\"4WEFc9MzWG\" frameborder=\"0\" marginwidth=\"0\" marginheight=\"0\" scrolling=\"no\" class=\"wp-embedded-content\"><\/iframe><script type=\"text\/javascript\">\n\/* <![CDATA[ *\/\n\/*! This file is auto-generated *\/\n!function(d,l){\"use strict\";l.querySelector&&d.addEventListener&&\"undefined\"!=typeof URL&&(d.wp=d.wp||{},d.wp.receiveEmbedMessage||(d.wp.receiveEmbedMessage=function(e){var t=e.data;if((t||t.secret||t.message||t.value)&&!\/[^a-zA-Z0-9]\/.test(t.secret)){for(var s,r,n,a=l.querySelectorAll('iframe[data-secret=\"'+t.secret+'\"]'),o=l.querySelectorAll('blockquote[data-secret=\"'+t.secret+'\"]'),c=new RegExp(\"^https?:$\",\"i\"),i=0;i<o.length;i++)o[i].style.display=\"none\";for(i=0;i<a.length;i++)s=a[i],e.source===s.contentWindow&&(s.removeAttribute(\"style\"),\"height\"===t.message?(1e3<(r=parseInt(t.value,10))?r=1e3:~~r<200&&(r=200),s.height=r):\"link\"===t.message&&(r=new URL(s.getAttribute(\"src\")),n=new URL(t.value),c.test(n.protocol))&&n.host===r.host&&l.activeElement===s&&(d.top.location.href=t.value))}},d.addEventListener(\"message\",d.wp.receiveEmbedMessage,!1),l.addEventListener(\"DOMContentLoaded\",function(){for(var e,t,s=l.querySelectorAll(\"iframe.wp-embedded-content\"),r=0;r<s.length;r++)(t=(e=s[r]).getAttribute(\"data-secret\"))||(t=Math.random().toString(36).substring(2,12),e.src+=\"#?secret=\"+t,e.setAttribute(\"data-secret\",t)),e.contentWindow.postMessage({message:\"ready\",secret:t},\"*\")},!1)))}(window,document);\n\/* ]]> *\/\n<\/script>\n","thumbnail_url":"https:\/\/www.uqac.ca\/uqactualites\/wp-content\/uploads\/2019\/04\/Jean-Paul_Queinnec-scaled.jpg","thumbnail_width":2560,"thumbnail_height":1707,"description":"Jean-Paul Qu\u00e9innec, professeur au D\u00e9partement des arts et lettres de l\u2019UQAC et titulaire de la Chaire de recherche du Canada en\u00a0dramaturgie\u00a0sonore au th\u00e9\u00e2tre, s\u2019est vu d\u00e9cerner le prix Jean Cl\u00e9o Godin pour l\u2019ann\u00e9e\u00a02018 pour son article\u00a0\u00ab\u00a0De l\u2019informe \u00e0 la dramaturgie sonore au th\u00e9\u00e2tre\u00a0: le devenir ouvertement d\u00e9class\u00e9 et enjou\u00e9 d\u2019une sc\u00e8ne sans bord\u00a0\u00bb,\u00a0paru dans L\u2019Annuaire [&hellip;]"}