{"version":"1.0","provider_name":"UQACtualit\u00e9s","provider_url":"https:\/\/www.uqac.ca\/uqactualites","title":"L\u2019UQAC remet un doctorat honorifique \u00e0 Fabienne Larouche et \u00e0 Philippe Couillard - UQACtualit\u00e9s","type":"rich","width":600,"height":338,"html":"<blockquote class=\"wp-embedded-content\" data-secret=\"WpQoAOIbFa\"><a href=\"https:\/\/www.uqac.ca\/uqactualites\/2022\/04\/29\/dhc-2022\/\">L\u2019UQAC remet un doctorat honorifique \u00e0 Fabienne Larouche et \u00e0 Philippe Couillard<\/a><\/blockquote><iframe sandbox=\"allow-scripts\" security=\"restricted\" src=\"https:\/\/www.uqac.ca\/uqactualites\/2022\/04\/29\/dhc-2022\/embed\/#?secret=WpQoAOIbFa\" width=\"600\" height=\"338\" title=\"&laquo; L\u2019UQAC remet un doctorat honorifique \u00e0 Fabienne Larouche et \u00e0 Philippe Couillard &raquo; &#8212; UQACtualit\u00e9s\" data-secret=\"WpQoAOIbFa\" frameborder=\"0\" marginwidth=\"0\" marginheight=\"0\" scrolling=\"no\" class=\"wp-embedded-content\"><\/iframe><script type=\"text\/javascript\">\n\/* <![CDATA[ *\/\n\/*! This file is auto-generated *\/\n!function(d,l){\"use strict\";l.querySelector&&d.addEventListener&&\"undefined\"!=typeof URL&&(d.wp=d.wp||{},d.wp.receiveEmbedMessage||(d.wp.receiveEmbedMessage=function(e){var t=e.data;if((t||t.secret||t.message||t.value)&&!\/[^a-zA-Z0-9]\/.test(t.secret)){for(var s,r,n,a=l.querySelectorAll('iframe[data-secret=\"'+t.secret+'\"]'),o=l.querySelectorAll('blockquote[data-secret=\"'+t.secret+'\"]'),c=new RegExp(\"^https?:$\",\"i\"),i=0;i<o.length;i++)o[i].style.display=\"none\";for(i=0;i<a.length;i++)s=a[i],e.source===s.contentWindow&&(s.removeAttribute(\"style\"),\"height\"===t.message?(1e3<(r=parseInt(t.value,10))?r=1e3:~~r<200&&(r=200),s.height=r):\"link\"===t.message&&(r=new URL(s.getAttribute(\"src\")),n=new URL(t.value),c.test(n.protocol))&&n.host===r.host&&l.activeElement===s&&(d.top.location.href=t.value))}},d.addEventListener(\"message\",d.wp.receiveEmbedMessage,!1),l.addEventListener(\"DOMContentLoaded\",function(){for(var e,t,s=l.querySelectorAll(\"iframe.wp-embedded-content\"),r=0;r<s.length;r++)(t=(e=s[r]).getAttribute(\"data-secret\"))||(t=Math.random().toString(36).substring(2,12),e.src+=\"#?secret=\"+t,e.setAttribute(\"data-secret\",t)),e.contentWindow.postMessage({message:\"ready\",secret:t},\"*\")},!1)))}(window,document);\n\/* ]]> *\/\n<\/script>\n","thumbnail_url":"https:\/\/www.uqac.ca\/uqactualites\/wp-content\/uploads\/2022\/04\/D8EAC3FD-F278-496C-BB52-8A513C1101F1.jpeg","thumbnail_width":1671,"thumbnail_height":1071,"description":"La fin du trimestre d\u2019hiver 2022 est marqu\u00e9e par les honneurs et la r\u00e9ussite \u00e0 l\u2019UQAC, alors que l\u2019institution d\u00e9cernait ce soir la plus haute distinction attribu\u00e9e par l\u2019Universit\u00e9 \u00e0 Fabienne Larouche et Philippe Couillard, deux personnalit\u00e9s dont le parcours et la contribution \u00e0 la soci\u00e9t\u00e9 s\u2019av\u00e8rent remarquables. \u00c0 l\u2019occasion d\u2019une c\u00e9r\u00e9monie officielle tenue ce [&hellip;]"}