{"version":"1.0","provider_name":"UQACtualit\u00e9s","provider_url":"https:\/\/www.uqac.ca\/uqactualites","title":"Un \u00e9tudiant-chercheur s'illustre au colloque RUNED 2022 - UQACtualit\u00e9s","type":"rich","width":600,"height":338,"html":"<blockquote class=\"wp-embedded-content\" data-secret=\"bVtpVddkzb\"><a href=\"https:\/\/www.uqac.ca\/uqactualites\/2022\/05\/27\/un-etudiant-chercheur-sillustre-au-colloque-runed-2022\/\">Un \u00e9tudiant-chercheur s&rsquo;illustre au colloque RUNED 2022<\/a><\/blockquote><iframe sandbox=\"allow-scripts\" security=\"restricted\" src=\"https:\/\/www.uqac.ca\/uqactualites\/2022\/05\/27\/un-etudiant-chercheur-sillustre-au-colloque-runed-2022\/embed\/#?secret=bVtpVddkzb\" width=\"600\" height=\"338\" title=\"&laquo; Un \u00e9tudiant-chercheur s&rsquo;illustre au colloque RUNED 2022 &raquo; &#8212; UQACtualit\u00e9s\" data-secret=\"bVtpVddkzb\" frameborder=\"0\" marginwidth=\"0\" marginheight=\"0\" scrolling=\"no\" class=\"wp-embedded-content\"><\/iframe><script type=\"text\/javascript\">\n\/* <![CDATA[ *\/\n\/*! This file is auto-generated *\/\n!function(d,l){\"use strict\";l.querySelector&&d.addEventListener&&\"undefined\"!=typeof URL&&(d.wp=d.wp||{},d.wp.receiveEmbedMessage||(d.wp.receiveEmbedMessage=function(e){var t=e.data;if((t||t.secret||t.message||t.value)&&!\/[^a-zA-Z0-9]\/.test(t.secret)){for(var s,r,n,a=l.querySelectorAll('iframe[data-secret=\"'+t.secret+'\"]'),o=l.querySelectorAll('blockquote[data-secret=\"'+t.secret+'\"]'),c=new RegExp(\"^https?:$\",\"i\"),i=0;i<o.length;i++)o[i].style.display=\"none\";for(i=0;i<a.length;i++)s=a[i],e.source===s.contentWindow&&(s.removeAttribute(\"style\"),\"height\"===t.message?(1e3<(r=parseInt(t.value,10))?r=1e3:~~r<200&&(r=200),s.height=r):\"link\"===t.message&&(r=new URL(s.getAttribute(\"src\")),n=new URL(t.value),c.test(n.protocol))&&n.host===r.host&&l.activeElement===s&&(d.top.location.href=t.value))}},d.addEventListener(\"message\",d.wp.receiveEmbedMessage,!1),l.addEventListener(\"DOMContentLoaded\",function(){for(var e,t,s=l.querySelectorAll(\"iframe.wp-embedded-content\"),r=0;r<s.length;r++)(t=(e=s[r]).getAttribute(\"data-secret\"))||(t=Math.random().toString(36).substring(2,12),e.src+=\"#?secret=\"+t,e.setAttribute(\"data-secret\",t)),e.contentWindow.postMessage({message:\"ready\",secret:t},\"*\")},!1)))}(window,document);\n\/* ]]> *\/\n<\/script>\n","thumbnail_url":"https:\/\/www.uqac.ca\/uqactualites\/wp-content\/uploads\/2022\/05\/PascalGauthier_staillo_E22_05-scaled.jpg","thumbnail_width":2560,"thumbnail_height":1707,"description":"Les 3 et 4 mai derniers avait lieu la troisi\u00e8me \u00e9dition du colloque RUNED 22, propos\u00e9 cette ann\u00e9e sous le th\u00e8me \u00ab Perspectives critiques sur le num\u00e9rique en \u00e9ducation et formation \u00bb. \u00c9tudiant \u00e0 la ma\u00eetrise en travail social de l&rsquo;UQAC, Pascal Gauthier s&rsquo;est joint aux chercheuses et chercheurs participants r\u00e9unis \u00e0 l&rsquo;UQAM afin de [&hellip;]"}