{"version":"1.0","provider_name":"UQACtualit\u00e9s","provider_url":"https:\/\/www.uqac.ca\/uqactualites","title":"Plaidoyer sur l'importance de l'information r\u00e9gionale - UQACtualit\u00e9s","type":"rich","width":600,"height":338,"html":"<blockquote class=\"wp-embedded-content\" data-secret=\"eWX5G5IPRt\"><a href=\"https:\/\/www.uqac.ca\/uqactualites\/2023\/12\/18\/plaidoyer-sur-limportance-de-linformation-regionale\/\">Plaidoyer sur l&rsquo;importance de l&rsquo;information r\u00e9gionale<\/a><\/blockquote><iframe sandbox=\"allow-scripts\" security=\"restricted\" src=\"https:\/\/www.uqac.ca\/uqactualites\/2023\/12\/18\/plaidoyer-sur-limportance-de-linformation-regionale\/embed\/#?secret=eWX5G5IPRt\" width=\"600\" height=\"338\" title=\"&laquo; Plaidoyer sur l&rsquo;importance de l&rsquo;information r\u00e9gionale &raquo; &#8212; UQACtualit\u00e9s\" data-secret=\"eWX5G5IPRt\" frameborder=\"0\" marginwidth=\"0\" marginheight=\"0\" scrolling=\"no\" class=\"wp-embedded-content\"><\/iframe><script type=\"text\/javascript\">\n\/* <![CDATA[ *\/\n\/*! This file is auto-generated *\/\n!function(d,l){\"use strict\";l.querySelector&&d.addEventListener&&\"undefined\"!=typeof URL&&(d.wp=d.wp||{},d.wp.receiveEmbedMessage||(d.wp.receiveEmbedMessage=function(e){var t=e.data;if((t||t.secret||t.message||t.value)&&!\/[^a-zA-Z0-9]\/.test(t.secret)){for(var s,r,n,a=l.querySelectorAll('iframe[data-secret=\"'+t.secret+'\"]'),o=l.querySelectorAll('blockquote[data-secret=\"'+t.secret+'\"]'),c=new RegExp(\"^https?:$\",\"i\"),i=0;i<o.length;i++)o[i].style.display=\"none\";for(i=0;i<a.length;i++)s=a[i],e.source===s.contentWindow&&(s.removeAttribute(\"style\"),\"height\"===t.message?(1e3<(r=parseInt(t.value,10))?r=1e3:~~r<200&&(r=200),s.height=r):\"link\"===t.message&&(r=new URL(s.getAttribute(\"src\")),n=new URL(t.value),c.test(n.protocol))&&n.host===r.host&&l.activeElement===s&&(d.top.location.href=t.value))}},d.addEventListener(\"message\",d.wp.receiveEmbedMessage,!1),l.addEventListener(\"DOMContentLoaded\",function(){for(var e,t,s=l.querySelectorAll(\"iframe.wp-embedded-content\"),r=0;r<s.length;r++)(t=(e=s[r]).getAttribute(\"data-secret\"))||(t=Math.random().toString(36).substring(2,12),e.src+=\"#?secret=\"+t,e.setAttribute(\"data-secret\",t)),e.contentWindow.postMessage({message:\"ready\",secret:t},\"*\")},!1)))}(window,document);\n\/* ]]> *\/\n<\/script>\n","thumbnail_url":"https:\/\/www.uqac.ca\/uqactualites\/wp-content\/uploads\/2023\/12\/Campus\u00a9UQACHiver_CanopeeH21_78-scaled.jpg","thumbnail_width":2560,"thumbnail_height":1918,"description":"La crise des m\u00e9dias \u00e0 laquelle nous sommes expos\u00e9s depuis quelques ann\u00e9es a des impacts consid\u00e9rables sur l\u2019accessibilit\u00e9 \u00e0 l\u2019information. \u00c0 l\u2019UQAC, nous sommes pr\u00e9occup\u00e9s par les bouleversements qui traversent nos m\u00e9dias pr\u00e9sentement. Je vous partage ce texte sign\u00e9 par mes coll\u00e8gues de la direction et moi, qui s\u2019inscrit dans la foul\u00e9e de la mobilisation [&hellip;]"}