{"version":"1.0","provider_name":"UQACtualit\u00e9s","provider_url":"https:\/\/www.uqac.ca\/uqactualites","title":"Les Inuk se racontent en balado - UQACtualit\u00e9s","type":"rich","width":600,"height":338,"html":"<blockquote class=\"wp-embedded-content\" data-secret=\"wnAB5iJvlQ\"><a href=\"https:\/\/www.uqac.ca\/uqactualites\/2025\/04\/16\/les-inuk-se-racontent-en-balado\/\">Les Inuk se racontent en balado<\/a><\/blockquote><iframe sandbox=\"allow-scripts\" security=\"restricted\" src=\"https:\/\/www.uqac.ca\/uqactualites\/2025\/04\/16\/les-inuk-se-racontent-en-balado\/embed\/#?secret=wnAB5iJvlQ\" width=\"600\" height=\"338\" title=\"&laquo; Les Inuk se racontent en balado &raquo; &#8212; UQACtualit\u00e9s\" data-secret=\"wnAB5iJvlQ\" frameborder=\"0\" marginwidth=\"0\" marginheight=\"0\" scrolling=\"no\" class=\"wp-embedded-content\"><\/iframe><script type=\"text\/javascript\">\n\/* <![CDATA[ *\/\n\/*! This file is auto-generated *\/\n!function(d,l){\"use strict\";l.querySelector&&d.addEventListener&&\"undefined\"!=typeof URL&&(d.wp=d.wp||{},d.wp.receiveEmbedMessage||(d.wp.receiveEmbedMessage=function(e){var t=e.data;if((t||t.secret||t.message||t.value)&&!\/[^a-zA-Z0-9]\/.test(t.secret)){for(var s,r,n,a=l.querySelectorAll('iframe[data-secret=\"'+t.secret+'\"]'),o=l.querySelectorAll('blockquote[data-secret=\"'+t.secret+'\"]'),c=new RegExp(\"^https?:$\",\"i\"),i=0;i<o.length;i++)o[i].style.display=\"none\";for(i=0;i<a.length;i++)s=a[i],e.source===s.contentWindow&&(s.removeAttribute(\"style\"),\"height\"===t.message?(1e3<(r=parseInt(t.value,10))?r=1e3:~~r<200&&(r=200),s.height=r):\"link\"===t.message&&(r=new URL(s.getAttribute(\"src\")),n=new URL(t.value),c.test(n.protocol))&&n.host===r.host&&l.activeElement===s&&(d.top.location.href=t.value))}},d.addEventListener(\"message\",d.wp.receiveEmbedMessage,!1),l.addEventListener(\"DOMContentLoaded\",function(){for(var e,t,s=l.querySelectorAll(\"iframe.wp-embedded-content\"),r=0;r<s.length;r++)(t=(e=s[r]).getAttribute(\"data-secret\"))||(t=Math.random().toString(36).substring(2,12),e.src+=\"#?secret=\"+t,e.setAttribute(\"data-secret\",t)),e.contentWindow.postMessage({message:\"ready\",secret:t},\"*\")},!1)))}(window,document);\n\/* ]]> *\/\n<\/script>\n","thumbnail_url":"https:\/\/www.uqac.ca\/uqactualites\/wp-content\/uploads\/2025\/04\/podcast-inuk-mduhaime-h25-3.jpg","thumbnail_width":1920,"thumbnail_height":737,"description":"Dans le cadre des F\u00eates de la reconnaissance 2025, la communaut\u00e9 universitaire s\u2019est r\u00e9unie le mardi 15 avril au centre social de l\u2019UQAC pour assister \u00e0 l\u2019enregistrement d\u2019un \u00e9pisode sp\u00e9cial du balado Ma vie de campus, enti\u00e8rement d\u00e9di\u00e9 au sport universitaire et aux \u00e9tudiantes et \u00e9tudiants athl\u00e8tes qui l&rsquo;incarnent. Anim\u00e9 par Fr\u00e9d\u00e9ric Tremblay, journaliste et [&hellip;]"}