{"version":"1.0","provider_name":"UQACtualit\u00e9s","provider_url":"https:\/\/www.uqac.ca\/uqactualites","title":"D\u00e9c\u00e8s de l'ancien recteur de l'UQAC Michel Belley - UQACtualit\u00e9s","type":"rich","width":600,"height":338,"html":"<blockquote class=\"wp-embedded-content\" data-secret=\"wuG1IxfIDk\"><a href=\"https:\/\/www.uqac.ca\/uqactualites\/2025\/11\/26\/deces-de-lancien-recteur-de-luqac-michel-belley\/\">D\u00e9c\u00e8s de l&rsquo;ancien recteur de l&rsquo;UQAC Michel Belley<\/a><\/blockquote><iframe sandbox=\"allow-scripts\" security=\"restricted\" src=\"https:\/\/www.uqac.ca\/uqactualites\/2025\/11\/26\/deces-de-lancien-recteur-de-luqac-michel-belley\/embed\/#?secret=wuG1IxfIDk\" width=\"600\" height=\"338\" title=\"&laquo; D\u00e9c\u00e8s de l&rsquo;ancien recteur de l&rsquo;UQAC Michel Belley &raquo; &#8212; UQACtualit\u00e9s\" data-secret=\"wuG1IxfIDk\" frameborder=\"0\" marginwidth=\"0\" marginheight=\"0\" scrolling=\"no\" class=\"wp-embedded-content\"><\/iframe><script type=\"text\/javascript\">\n\/* <![CDATA[ *\/\n\/*! This file is auto-generated *\/\n!function(d,l){\"use strict\";l.querySelector&&d.addEventListener&&\"undefined\"!=typeof URL&&(d.wp=d.wp||{},d.wp.receiveEmbedMessage||(d.wp.receiveEmbedMessage=function(e){var t=e.data;if((t||t.secret||t.message||t.value)&&!\/[^a-zA-Z0-9]\/.test(t.secret)){for(var s,r,n,a=l.querySelectorAll('iframe[data-secret=\"'+t.secret+'\"]'),o=l.querySelectorAll('blockquote[data-secret=\"'+t.secret+'\"]'),c=new RegExp(\"^https?:$\",\"i\"),i=0;i<o.length;i++)o[i].style.display=\"none\";for(i=0;i<a.length;i++)s=a[i],e.source===s.contentWindow&&(s.removeAttribute(\"style\"),\"height\"===t.message?(1e3<(r=parseInt(t.value,10))?r=1e3:~~r<200&&(r=200),s.height=r):\"link\"===t.message&&(r=new URL(s.getAttribute(\"src\")),n=new URL(t.value),c.test(n.protocol))&&n.host===r.host&&l.activeElement===s&&(d.top.location.href=t.value))}},d.addEventListener(\"message\",d.wp.receiveEmbedMessage,!1),l.addEventListener(\"DOMContentLoaded\",function(){for(var e,t,s=l.querySelectorAll(\"iframe.wp-embedded-content\"),r=0;r<s.length;r++)(t=(e=s[r]).getAttribute(\"data-secret\"))||(t=Math.random().toString(36).substring(2,12),e.src+=\"#?secret=\"+t,e.setAttribute(\"data-secret\",t)),e.contentWindow.postMessage({message:\"ready\",secret:t},\"*\")},!1)))}(window,document);\n\/* ]]> *\/\n<\/script>\n","thumbnail_url":"https:\/\/www.uqac.ca\/uqactualites\/wp-content\/uploads\/2025\/11\/A-la-une-UQACtualite-7.png","thumbnail_width":1920,"thumbnail_height":1080,"description":"C\u2019est avec une profonde tristesse que nous vous faisons part du d\u00e9c\u00e8s de Michel Belley, survenu le 22 novembre dernier. R\u00e9el b\u00e2tisseur et ambassadeur pour l\u2019Universit\u00e9 du Qu\u00e9bec \u00e0 Chicoutimi, Michel Belley a \u00e9t\u00e9 le premier dipl\u00f4m\u00e9 du r\u00e9seau de l\u2019Universit\u00e9 du Qu\u00e9bec \u00e0 assumer le poste de recteur d\u2019une institution du m\u00eame r\u00e9seau. De [&hellip;]"}